{"id":627,"date":"2014-06-03T17:21:32","date_gmt":"2014-06-03T21:21:32","guid":{"rendered":"http:\/\/gobierno.udd.cl\/estudio-rrii\/?page_id=627"},"modified":"2014-06-03T17:21:32","modified_gmt":"2014-06-03T21:21:32","slug":"la-diplomacia-publica-de-china-en-america-latina-lecciones-para-chile","status":"publish","type":"page","link":"https:\/\/gobierno.udd.cl\/estudio-rrii\/la-diplomacia-publica-de-china-en-america-latina-lecciones-para-chile\/","title":{"rendered":"La Diplomacia P\u00fablica de China en Am\u00e9rica Latina: lecciones para Chile"},"content":{"rendered":"<p style=\"text-align: justify;\">Este libro se enmarca en el ascenso de China como potencia global y en las consecuencias para Am\u00e9rica Latina buscando ser un aporte a la comprensi\u00f3n mutua en el marco de los estudios de pol\u00edtica exterior de la relaci\u00f3n sino-latinoamericana. El \u00e9nfasis del an\u00e1lisis est\u00e1 en el tema de diplomacia p\u00fablica, en cuanto es un concepto relativamente nuevo en Relaciones Internacionales y tambi\u00e9n en la pol\u00edtica exterior de China. La diplomacia p\u00fablica se ha transformado crecientemente en un \u00e1rea impor\u00actante, ya que las naciones otorgan una gran importancia a la identidad, imagen y opini\u00f3n p\u00fablica mundial. Con ello se destaca la necesidad de establecer aportes disciplinarios bajo \u00f3pticas procedentes de otras regio\u00acnes, por lo que el estudio de China como referente no occidental ser\u00e1 \u00fatil para establecer una reinterpretaci\u00f3n y operacionalizaci\u00f3n en torno a las din\u00e1micas de la diplomacia p\u00fablica y el soft power, conceptos original\u00acmente anglosajones. Lo anterior sin perder de vista la relevancia para Am\u00e9rica Latina, y para Chile en particular, del aprendizaje sobre estos nuevos instrumentos de la pol\u00edtica exterior.<\/p>\n<p style=\"text-align: justify;\">\nEn sus once cap\u00edtulos argumenta tres ideas principales que gu\u00edan a sus autores: primero, se analiza el contenido pol\u00edtico, cultural y econ\u00f3mico que otorga China al concepto de diplomacia p\u00fablica en cuanto asume su rol de potencia global; segundo, se explica desde cu\u00e1ndo y c\u00f3mo China incorpora la diplomacia p\u00fablica en sus relaciones con Am\u00e9rica Latina; y tercero, se explora c\u00f3mo los pa\u00edses latinoamericanos entienden a China a trav\u00e9s de esta diplomacia p\u00fablica. Esta investigaci\u00f3n convoca los trabajos de autores chinos y chilenos, del Instituto de Relaciones Internacionales Contempor\u00e1neas de China (CICIR) y del Centro de Estudios de Rela\u00acciones Internacionales (CERI) de la Universidad del Desarrollo respecti\u00acvamente, construyendo una mirada compartida desde ambas posiciones sobre la importancia y desaf\u00edos que enfrenta la diplomacia p\u00fablica de China en Am\u00e9rica Latina.<\/p>\n","protected":false},"excerpt":{"rendered":"<p>Este libro se enmarca en el ascenso de China como potencia global y en las consecuencias para Am\u00e9rica Latina buscando ser un aporte a la comprensi\u00f3n mutua en el marco de los estudios de pol\u00edtica exterior de la relaci\u00f3n sino-latinoamericana. El \u00e9nfasis del an\u00e1lisis est\u00e1 en el tema de diplomacia p\u00fablica, en cuanto es un [&hellip;]<\/p>\n","protected":false},"author":22,"featured_media":0,"parent":0,"menu_order":0,"comment_status":"open","ping_status":"open","template":"","meta":{"footnotes":""},"class_list":["post-627","page","type-page","status-publish","hentry"],"_links":{"self":[{"href":"https:\/\/gobierno.udd.cl\/estudio-rrii\/wp-json\/wp\/v2\/pages\/627","targetHints":{"allow":["GET"]}}],"collection":[{"href":"https:\/\/gobierno.udd.cl\/estudio-rrii\/wp-json\/wp\/v2\/pages"}],"about":[{"href":"https:\/\/gobierno.udd.cl\/estudio-rrii\/wp-json\/wp\/v2\/types\/page"}],"author":[{"embeddable":true,"href":"https:\/\/gobierno.udd.cl\/estudio-rrii\/wp-json\/wp\/v2\/users\/22"}],"replies":[{"embeddable":true,"href":"https:\/\/gobierno.udd.cl\/estudio-rrii\/wp-json\/wp\/v2\/comments?post=627"}],"version-history":[{"count":1,"href":"https:\/\/gobierno.udd.cl\/estudio-rrii\/wp-json\/wp\/v2\/pages\/627\/revisions"}],"predecessor-version":[{"id":628,"href":"https:\/\/gobierno.udd.cl\/estudio-rrii\/wp-json\/wp\/v2\/pages\/627\/revisions\/628"}],"wp:attachment":[{"href":"https:\/\/gobierno.udd.cl\/estudio-rrii\/wp-json\/wp\/v2\/media?parent=627"}],"curies":[{"name":"wp","href":"https:\/\/api.w.org\/{rel}","templated":true}]}}