{"id":140,"date":"2011-07-22T15:29:44","date_gmt":"2011-07-22T19:29:44","guid":{"rendered":"http:\/\/gobierno.udd.cl\/estudio-rrii\/"},"modified":"2014-06-17T11:38:37","modified_gmt":"2014-06-17T15:38:37","slug":"1-2-2visita-de-director-del-instituto-de-america-latina-de-la-academia-de-china-de-ciencias-sociales","status":"publish","type":"page","link":"https:\/\/gobierno.udd.cl\/estudio-rrii\/1-2-2visita-de-director-del-instituto-de-america-latina-de-la-academia-de-china-de-ciencias-sociales\/","title":{"rendered":"1.2.2\tVisita de director del Instituto de Am\u00e9rica Latina de la Academia de China de Ciencias Sociales"},"content":{"rendered":"<p>En junio de 2011, contamos con la visita del Director de Instituto de Am\u00e9rica Latina (ILAS) de la Academia de China de Ciencias Sociales (CASS), el se\u00f1or Wu Baiyi, con quienes nuestro Centro de Estudios de Relaciones Internacionales dar\u00e1 inicio trabajos de investigaci\u00f3n en conjunto por medio de la preparaci\u00f3n una nueva versi\u00f3n del libro \u201cUrbanization in Latina America: Experiences and Lessons, escrito originalmente el chino.<\/p>\n","protected":false},"excerpt":{"rendered":"<p>En junio de 2011, contamos con la visita del Director de Instituto de Am\u00e9rica Latina (ILAS) de la Academia de China de Ciencias Sociales (CASS), el se\u00f1or Wu Baiyi, con quienes nuestro Centro de Estudios de Relaciones Internacionales dar\u00e1 inicio trabajos de investigaci\u00f3n en conjunto por medio de la preparaci\u00f3n una nueva versi\u00f3n del libro [&hellip;]<\/p>\n","protected":false},"author":1,"featured_media":0,"parent":0,"menu_order":1,"comment_status":"open","ping_status":"closed","template":"","meta":{"footnotes":""},"class_list":["post-140","page","type-page","status-publish","hentry"],"_links":{"self":[{"href":"https:\/\/gobierno.udd.cl\/estudio-rrii\/wp-json\/wp\/v2\/pages\/140","targetHints":{"allow":["GET"]}}],"collection":[{"href":"https:\/\/gobierno.udd.cl\/estudio-rrii\/wp-json\/wp\/v2\/pages"}],"about":[{"href":"https:\/\/gobierno.udd.cl\/estudio-rrii\/wp-json\/wp\/v2\/types\/page"}],"author":[{"embeddable":true,"href":"https:\/\/gobierno.udd.cl\/estudio-rrii\/wp-json\/wp\/v2\/users\/1"}],"replies":[{"embeddable":true,"href":"https:\/\/gobierno.udd.cl\/estudio-rrii\/wp-json\/wp\/v2\/comments?post=140"}],"version-history":[{"count":5,"href":"https:\/\/gobierno.udd.cl\/estudio-rrii\/wp-json\/wp\/v2\/pages\/140\/revisions"}],"predecessor-version":[{"id":681,"href":"https:\/\/gobierno.udd.cl\/estudio-rrii\/wp-json\/wp\/v2\/pages\/140\/revisions\/681"}],"wp:attachment":[{"href":"https:\/\/gobierno.udd.cl\/estudio-rrii\/wp-json\/wp\/v2\/media?parent=140"}],"curies":[{"name":"wp","href":"https:\/\/api.w.org\/{rel}","templated":true}]}}