{"version":"1.0","provider_name":"Centro de Estudios de Relaciones Internacionales (CERI)","provider_url":"https:\/\/gobierno.udd.cl\/estudio-rrii","author_name":"reelchile","author_url":"https:\/\/gobierno.udd.cl\/estudio-rrii\/noticias\/author\/reelchile\/","title":"APEC, Latinoam\u00e9rica y Corrupci\u00f3n - Centro de Estudios de Relaciones Internacionales (CERI)","type":"rich","width":600,"height":338,"html":"<blockquote class=\"wp-embedded-content\" data-secret=\"9O8TxsDbLf\"><a href=\"https:\/\/gobierno.udd.cl\/estudio-rrii\/noticias\/2017\/11\/10\/apec-latinoamerica-y-corrupcion\/\">APEC, Latinoam\u00e9rica y Corrupci\u00f3n<\/a><\/blockquote><iframe sandbox=\"allow-scripts\" security=\"restricted\" src=\"https:\/\/gobierno.udd.cl\/estudio-rrii\/noticias\/2017\/11\/10\/apec-latinoamerica-y-corrupcion\/embed\/#?secret=9O8TxsDbLf\" width=\"600\" height=\"338\" title=\"\u00abAPEC, Latinoam\u00e9rica y Corrupci\u00f3n\u00bb \u2014 Centro de Estudios de Relaciones Internacionales (CERI)\" data-secret=\"9O8TxsDbLf\" frameborder=\"0\" marginwidth=\"0\" marginheight=\"0\" scrolling=\"no\" class=\"wp-embedded-content\"><\/iframe><script type=\"text\/javascript\">\n\/* <![CDATA[ *\/\n\/*! This file is auto-generated *\/\n!function(d,l){\"use strict\";l.querySelector&&d.addEventListener&&\"undefined\"!=typeof URL&&(d.wp=d.wp||{},d.wp.receiveEmbedMessage||(d.wp.receiveEmbedMessage=function(e){var t=e.data;if((t||t.secret||t.message||t.value)&&!\/[^a-zA-Z0-9]\/.test(t.secret)){for(var s,r,n,a=l.querySelectorAll('iframe[data-secret=\"'+t.secret+'\"]'),o=l.querySelectorAll('blockquote[data-secret=\"'+t.secret+'\"]'),c=new RegExp(\"^https?:$\",\"i\"),i=0;i<o.length;i++)o[i].style.display=\"none\";for(i=0;i<a.length;i++)s=a[i],e.source===s.contentWindow&&(s.removeAttribute(\"style\"),\"height\"===t.message?(1e3<(r=parseInt(t.value,10))?r=1e3:~~r<200&&(r=200),s.height=r):\"link\"===t.message&&(r=new URL(s.getAttribute(\"src\")),n=new URL(t.value),c.test(n.protocol))&&n.host===r.host&&l.activeElement===s&&(d.top.location.href=t.value))}},d.addEventListener(\"message\",d.wp.receiveEmbedMessage,!1),l.addEventListener(\"DOMContentLoaded\",function(){for(var e,t,s=l.querySelectorAll(\"iframe.wp-embedded-content\"),r=0;r<s.length;r++)(t=(e=s[r]).getAttribute(\"data-secret\"))||(t=Math.random().toString(36).substring(2,12),e.src+=\"#?secret=\"+t,e.setAttribute(\"data-secret\",t)),e.contentWindow.postMessage({message:\"ready\",secret:t},\"*\")},!1)))}(window,document);\n\/\/# sourceURL=https:\/\/gobierno.udd.cl\/estudio-rrii\/wp-includes\/js\/wp-embed.min.js\n\/* ]]> *\/\n<\/script>\n","thumbnail_url":"https:\/\/gobierno.udd.cl\/estudio-rrii\/files\/2017\/11\/Foto-Art\u00edculo-2.jpg","thumbnail_width":1600,"thumbnail_height":1067,"description":"En el a\u00f1o 2019 Chile ser\u00e1 anfitri\u00f3n, por segunda vez en su historia, del Foro de Cooperaci\u00f3n Econ\u00f3mica de Asia Pac\u00edfico o APEC.\u00a0 Este foro, de naturaleza no vinculante y que fue creado durante el a\u00f1o 1989, tiene como principal misi\u00f3n incentivar el crecimiento econ\u00f3mico y la liberalizaci\u00f3n del comercio y mercados en los pa\u00edses [&hellip;]"}