{"id":791,"date":"2017-12-13T20:31:00","date_gmt":"2017-12-13T20:31:00","guid":{"rendered":"http:\/\/dccs.udd.cl\/?post_type=person&amp;p=791"},"modified":"2017-12-13T20:31:00","modified_gmt":"2017-12-13T20:31:00","slug":"jorge-valera-2","status":"publish","type":"person","link":"https:\/\/gobierno.udd.cl\/doctorate\/persona\/jorge-valera-2\/","featured_media":792,"template":"","people_tax":[721],"people_areas":[],"people_levels":[],"class_list":["post-791","person","type-person","status-publish","has-post-thumbnail","hentry","people_tax-faculty"],"yoast_head":"<!-- This site is optimized with the Yoast SEO plugin v26.9 - https:\/\/yoast.com\/product\/yoast-seo-wordpress\/ -->\n<title>Jorge Varela - Doctoral Program in Social Complexity Sciences<\/title>\n<meta name=\"robots\" content=\"index, follow, max-snippet:-1, max-image-preview:large, max-video-preview:-1\" \/>\n<link rel=\"canonical\" href=\"https:\/\/gobierno.udd.cl\/doctorate\/persona\/jorge-valera-2\/\" \/>\n<meta property=\"og:locale\" content=\"en_US\" \/>\n<meta property=\"og:type\" content=\"article\" \/>\n<meta property=\"og:title\" content=\"Jorge Varela - Doctoral Program in Social Complexity Sciences\" \/>\n<meta property=\"og:url\" content=\"https:\/\/gobierno.udd.cl\/doctorate\/persona\/jorge-valera-2\/\" \/>\n<meta property=\"og:site_name\" content=\"Doctoral Program in Social Complexity Sciences\" \/>\n<meta property=\"og:image\" content=\"https:\/\/gobierno.udd.cl\/doctorate\/files\/2017\/12\/varela.jpg\" \/>\n\t<meta property=\"og:image:width\" content=\"288\" \/>\n\t<meta property=\"og:image:height\" content=\"288\" \/>\n\t<meta property=\"og:image:type\" content=\"image\/jpeg\" \/>\n<meta name=\"twitter:card\" content=\"summary_large_image\" \/>\n<script type=\"application\/ld+json\" class=\"yoast-schema-graph\">{\"@context\":\"https:\/\/schema.org\",\"@graph\":[{\"@type\":\"WebPage\",\"@id\":\"https:\/\/gobierno.udd.cl\/doctorate\/persona\/jorge-valera-2\/\",\"url\":\"https:\/\/gobierno.udd.cl\/doctorate\/persona\/jorge-valera-2\/\",\"name\":\"Jorge Varela - Doctoral Program in Social Complexity Sciences\",\"isPartOf\":{\"@id\":\"https:\/\/gobierno.udd.cl\/doctorate\/#website\"},\"primaryImageOfPage\":{\"@id\":\"https:\/\/gobierno.udd.cl\/doctorate\/persona\/jorge-valera-2\/#primaryimage\"},\"image\":{\"@id\":\"https:\/\/gobierno.udd.cl\/doctorate\/persona\/jorge-valera-2\/#primaryimage\"},\"thumbnailUrl\":\"https:\/\/gobierno.udd.cl\/doctorate\/files\/2017\/12\/varela.jpg\",\"datePublished\":\"2017-12-13T20:31:00+00:00\",\"breadcrumb\":{\"@id\":\"https:\/\/gobierno.udd.cl\/doctorate\/persona\/jorge-valera-2\/#breadcrumb\"},\"inLanguage\":\"en-US\",\"potentialAction\":[{\"@type\":\"ReadAction\",\"target\":[\"https:\/\/gobierno.udd.cl\/doctorate\/persona\/jorge-valera-2\/\"]}]},{\"@type\":\"ImageObject\",\"inLanguage\":\"en-US\",\"@id\":\"https:\/\/gobierno.udd.cl\/doctorate\/persona\/jorge-valera-2\/#primaryimage\",\"url\":\"https:\/\/gobierno.udd.cl\/doctorate\/files\/2017\/12\/varela.jpg\",\"contentUrl\":\"https:\/\/gobierno.udd.cl\/doctorate\/files\/2017\/12\/varela.jpg\",\"width\":288,\"height\":288},{\"@type\":\"BreadcrumbList\",\"@id\":\"https:\/\/gobierno.udd.cl\/doctorate\/persona\/jorge-valera-2\/#breadcrumb\",\"itemListElement\":[{\"@type\":\"ListItem\",\"position\":1,\"name\":\"Portada\",\"item\":\"https:\/\/gobierno.udd.cl\/doctorate\/\"},{\"@type\":\"ListItem\",\"position\":2,\"name\":\"Personas\",\"item\":\"https:\/\/gobierno.udd.cl\/doctorate\/persona\/\"},{\"@type\":\"ListItem\",\"position\":3,\"name\":\"Jorge Varela\"}]},{\"@type\":\"WebSite\",\"@id\":\"https:\/\/gobierno.udd.cl\/doctorate\/#website\",\"url\":\"https:\/\/gobierno.udd.cl\/doctorate\/\",\"name\":\"Doctoral Program in Social Complexity Sciences\",\"description\":\"\",\"inLanguage\":\"en-US\"}]}<\/script>\n<!-- \/ Yoast SEO plugin. -->","yoast_head_json":{"title":"Jorge Varela - Doctoral Program in Social Complexity Sciences","robots":{"index":"index","follow":"follow","max-snippet":"max-snippet:-1","max-image-preview":"max-image-preview:large","max-video-preview":"max-video-preview:-1"},"canonical":"https:\/\/gobierno.udd.cl\/doctorate\/persona\/jorge-valera-2\/","og_locale":"en_US","og_type":"article","og_title":"Jorge Varela - Doctoral Program in Social Complexity Sciences","og_url":"https:\/\/gobierno.udd.cl\/doctorate\/persona\/jorge-valera-2\/","og_site_name":"Doctoral Program in Social Complexity Sciences","og_image":[{"width":288,"height":288,"url":"https:\/\/gobierno.udd.cl\/doctorate\/files\/2017\/12\/varela.jpg","type":"image\/jpeg"}],"twitter_card":"summary_large_image","schema":{"@context":"https:\/\/schema.org","@graph":[{"@type":"WebPage","@id":"https:\/\/gobierno.udd.cl\/doctorate\/persona\/jorge-valera-2\/","url":"https:\/\/gobierno.udd.cl\/doctorate\/persona\/jorge-valera-2\/","name":"Jorge Varela - Doctoral Program in Social Complexity Sciences","isPartOf":{"@id":"https:\/\/gobierno.udd.cl\/doctorate\/#website"},"primaryImageOfPage":{"@id":"https:\/\/gobierno.udd.cl\/doctorate\/persona\/jorge-valera-2\/#primaryimage"},"image":{"@id":"https:\/\/gobierno.udd.cl\/doctorate\/persona\/jorge-valera-2\/#primaryimage"},"thumbnailUrl":"https:\/\/gobierno.udd.cl\/doctorate\/files\/2017\/12\/varela.jpg","datePublished":"2017-12-13T20:31:00+00:00","breadcrumb":{"@id":"https:\/\/gobierno.udd.cl\/doctorate\/persona\/jorge-valera-2\/#breadcrumb"},"inLanguage":"en-US","potentialAction":[{"@type":"ReadAction","target":["https:\/\/gobierno.udd.cl\/doctorate\/persona\/jorge-valera-2\/"]}]},{"@type":"ImageObject","inLanguage":"en-US","@id":"https:\/\/gobierno.udd.cl\/doctorate\/persona\/jorge-valera-2\/#primaryimage","url":"https:\/\/gobierno.udd.cl\/doctorate\/files\/2017\/12\/varela.jpg","contentUrl":"https:\/\/gobierno.udd.cl\/doctorate\/files\/2017\/12\/varela.jpg","width":288,"height":288},{"@type":"BreadcrumbList","@id":"https:\/\/gobierno.udd.cl\/doctorate\/persona\/jorge-valera-2\/#breadcrumb","itemListElement":[{"@type":"ListItem","position":1,"name":"Portada","item":"https:\/\/gobierno.udd.cl\/doctorate\/"},{"@type":"ListItem","position":2,"name":"Personas","item":"https:\/\/gobierno.udd.cl\/doctorate\/persona\/"},{"@type":"ListItem","position":3,"name":"Jorge Varela"}]},{"@type":"WebSite","@id":"https:\/\/gobierno.udd.cl\/doctorate\/#website","url":"https:\/\/gobierno.udd.cl\/doctorate\/","name":"Doctoral Program in Social Complexity Sciences","description":"","inLanguage":"en-US"}]}},"label":"Jorge  Varela","title":{"rendered":"Jorge  Varela"},"role":"Ph.D. in Education and Psychology from the University of Michigan - DCCS Faculty Member","thumbnail_url":"https:\/\/gobierno.udd.cl\/doctorate\/files\/2017\/12\/varela.jpg","email":"","tel_job":"","content":{"rendered":"<div class=\"person-modal person-modal--scl\">\n\t<header class=\"person-modal__header\">\n\t\t<div class=\"person-modal__bg\"><\/div>\n\t\t<div class=\"modal-container\">\n\t\t\t\t\t\t<div class=\"person-modal__media\">\n\t\t\t\t<img width=\"288\" height=\"288\" src=\"https:\/\/gobierno.udd.cl\/doctorate\/files\/2017\/12\/varela-62x62.jpg\" class=\"person-modal__image wp-post-image lazyload\" alt=\"\" decoding=\"async\" loading=\"lazy\" sizes=\"auto, (max-width: 288px) 100vw, 288px\" data-src=\"https:\/\/gobierno.udd.cl\/doctorate\/files\/2017\/12\/varela.jpg\" data-srcset=\"https:\/\/gobierno.udd.cl\/doctorate\/files\/2017\/12\/varela.jpg 288w, https:\/\/gobierno.udd.cl\/doctorate\/files\/2017\/12\/varela-150x150.jpg 150w, https:\/\/gobierno.udd.cl\/doctorate\/files\/2017\/12\/varela-62x62.jpg 62w, https:\/\/gobierno.udd.cl\/doctorate\/files\/2017\/12\/varela-250x250.jpg 250w, https:\/\/gobierno.udd.cl\/doctorate\/files\/2017\/12\/varela-126x126.jpg 126w\" \/>\t\t\t<\/div>\n\t\t\t\t\t\t<div class=\"person-modal__data\">\n\t\t\t\t<h1 class=\"person-modal__name\">Jorge  Varela<\/h1>\n\t\t\t\t\t\t\t<span class=\"person-modal__description\">Ph.D. in Education and Psychology from the University of Michigan - DCCS Faculty Member<\/span>\n\t\t\t\t\t\t\t\t\t\t\t\t\t\t\t<\/div>\n\t\t<\/div>\n\t<\/header>\n\t<div class=\"modal-container\">\n\t\t\t<div class=\"person-modal__content text\">\n\t\t\t\t\t<p>DCCS Faculty Member<br \/>\nDirector Centro de Estudios en Bienestar y Convivencia Social (CEBCS), Psychology Faculty, Universidad del Desarrollo<\/p>\n<p>Ph.D. in Education and Psychology from the University of Michigan, USA.<br \/>\nMaster in Educational Psychology, Pontificia Universidad Cat\u00f3lica de Chile.<br \/>\nPsichologyst, Pontificia Universidad Cat\u00f3lica de Chile.<\/p>\n\t\t\t\t\t\t\t\t\t\t<h3><span>RESEARCH LINES<\/span><\/h3>\n<p><strong>Foundations of Social Cognition and Social Behavior<\/strong><\/p>\n<p><strong>Research Interest:<\/strong><br \/>\nEducation, welfare and school coexistence, bullying.<\/p>\n<p><strong>Contact:<\/strong><br \/>\njovarela@udd.cl<br \/>\nPhone: 56 (2) 2327 3130<br \/>\nAddress: Av. Plaza 680, Las Condes, Santiago.<\/p>\n<h3><span>PRODUCTS<\/span><\/h3>\n<table border=\"1\" width=\"531\" cellspacing=\"1\" cellpadding=\"1\">\n<tbody>\n<tr>\n<td>\n<h2>PAPERS<\/h2>\n<table border=\"1\" cellspacing=\"1\" cellpadding=\"1\">\n<tbody>\n<tr>\n<td>\n<ul>\n<li>Lecannelier, Felipe; Varela, Jorge; Rodriguez, Jorge; Hoffmann, Marianela; Flores, Fernanda; Ascanio, Lorena.; Fecha: 2011; Nombre: A self administered survey to assess bullying in schools; Nombre revista\/ Libro: REVISTA M\u00c9DICA DE CHILE; Editorial: SOC MEDICA SANTIAGO, BERNARDA MORIN 488 PROVIDENCIA, CASILLA 168 CORREO 55, SANTIAGO 9, 00000, CHILE; ISSN: \u00a00034-9887; DOI: ; Factor de Impacto a\u00f1o de publicaci\u00f3n: 0,519; Cuartil de la categor\u00eda: Q4<\/li>\n<li>Alfaro, Jaime; Guzm\u00e1n, Javier; Reyes, Fernando; Garc\u00eda, Catalina; Varela, Jorge; Sirlop\u00fa, David; Fecha: 2016; Nombre: Psychometric Properties of the Spanish Version of thePersonal Wellbeing Index-School Children (PWI-SC) in Chilean School Children; Nombre revista\/ Libro: CHILD INDICATORS RESEARCH; Editorial: SPRINGER, VAN GODEWIJCKSTRAAT 30, 3311 GZ DORDRECHT, NETHERLANDS; ISSN: 1874-897X; DOI: 10.1007\/s12187-015-9342-2; Factor de Impacto a\u00f1o de publicaci\u00f3n: 1,194; Cuartil de la categor\u00eda: Q2<\/li>\n<li>Stoddard, Sarah A; Varela, Jorge J.; Zimmerman, Marc A.; Fecha: 2015; Nombre: Future Expectations, Attitude Toward Violence, and Bullying Perpetration During Early Adolescence A Mediation Evaluation; Nombre revista\/ Libro: NURSING RESEARCH; Editorial: LIPPINCOTT WILLIAMS &amp; WILKINS, TWO COMMERCE SQ, 2001 MARKET ST, PHILADELPHIA, PA 19103 USA; ISSN: \u00a00029-6562; DOI: 10.1097\/NNR.0000000000000127; Factor de Impacto a\u00f1o de publicaci\u00f3n: 1,929; Cuartil de la categor\u00eda: Q1, Q1<\/li>\n<li>Varela, Jorge; Zimmerman, Marc A.; Ryan, Allison M. &amp; Stoddard, Sarah A.; Fecha: 2017; Nombre: Cyberbullying Among Chilean Students and the Protective Effects of Positive School Communities; Nombre revista\/ Libro: JOURNAL OF SCHOOL VIOLENCE; DOI: 10.1080\/15388220.2017.1358640;<\/li>\n<li>Varela, Jorge; Fecha: 2011; Nombre: Effectiveness of Prevention Strategies for School Violence: The Experience of the Program Recoleta en Buena; Nombre revista\/ Libro: PSYKHE; Editorial: Pontificia Universidad Cat\u00f3lica de Chile, Santiago; ISSN: 0718-2228; DOI: 10.4067\/S0718-22282011000200006<\/li>\n<li>Alfaro, Jaime; Guzm\u00e1n, Javier; Reyes, Fernando; Garc\u00eda, Catalina; Varela, Jorge; Sirlop\u00fa, David; Fecha: 2016; Nombre: Overall Life Satisfaction and School Satisfaction in Chilean Students; Nombre revista\/ Libro: PSYKHE; Editorial: Pontificia Universidad Cat\u00f3lica de Chile; ISSN: \u00a00718-2228;<br \/>\nDOI: 10.7764\/psykhe.25.2.842;<\/li>\n<\/ul>\n<\/td>\n<td bgcolor=\"#551A8B\"><\/td>\n<\/tr>\n<\/tbody>\n<\/table>\n<\/td>\n<\/tr>\n<tr>\n<td>\n<h2>PROJECTS<\/h2>\n<table border=\"1\" cellspacing=\"1\" cellpadding=\"1\">\n<tbody>\n<tr>\n<td>\n<ul>\n<li>El clima escolar como un factor protector de conductas de violencia: identificando \u00a0aspectos claves para escuelas resilientes. Fondecyt Iniciaci\u00f3n 2017. Conicyt, 2018-2020.<\/li>\n<li>Estudio longitudinal de factores individuales y escolares predictores de la trayectoria del Bienestar Subjetivo durante la adolescencia. Fondecyt Regular 2018. Conicyt 2018-2020<\/li>\n<li>Encuesta Internacional sobre el Bienestar Infantil. IscWeb. 2017-2019<\/li>\n<li>Estudio evaluaci\u00f3n implementaci\u00f3n Ley Violencia Escolar en Chile: Percepci\u00f3n de actores del sistema a 5 a\u00f1os de su implementaci\u00f3n. C\u00e1mara Diputados de Chile. 2017.<\/li>\n<li>Plataforma de juegos digitales para la medici\u00f3n de las disposiciones a la cooperaci\u00f3n para la convivencia escolar. Fondef IDEA Conicyt. 2016-2017<\/li>\n<li>Clima escolar como factor protector de conductas de violencia en la escuela: un enfoque de resiliencia. \u00a0Fondo Interno UDD. 2016.<\/li>\n<li>Violencia en el pololeo: construcci\u00f3n de un instrumento multidimensional.<\/li>\n<li>Fondo Interno UDD. Co \u2013 investigador (2015). Fondo Interno UDD. Propuesta de un modelo explicativo del bienestar en adolescentes. 2016.<\/li>\n<li>Fondo Interno UDD. Validaci\u00f3n cuestionario violencia escolar. 2016.<\/li>\n<li>Sistematizaci\u00f3n de Buenas Pr\u00e1cticas y Lecciones Aprendidas en Prevenci\u00f3n de la Violencia Escolar. Banco Interamericano de Desarrollo (BID) en el proyecto: Formaci\u00f3n de la Pol\u00edtica de Seguridad Ciudadana. \u00a02009.<\/li>\n<li>Estudio sobre modelos de intervenci\u00f3n y administraci\u00f3n de centros privativos de libertad en la Reforma Penal Adolescente. Ministerio de Justicia. 2008.<\/li>\n<\/ul>\n<\/td>\n<td bgcolor=\"#551A8B\"><\/td>\n<\/tr>\n<\/tbody>\n<\/table>\n<\/td>\n<\/tr>\n<\/tbody>\n<\/table>\n\t\t<\/div>\n\t<\/div>\n<\/div>\n"},"identifier":"631757eb743719215bb543e3ff5195e56367b179","has_credential":[],"given_name":"Jorge ","family_name":"Varela","name":"Jorge  Varela","job_title":"Ph.D. in Education and Psychology from the University of Michigan - DCCS Faculty Member","telephone":"","note":"DCCS Faculty Member\nDirector Centro de Estudios en Bienestar y Convivencia Social (CEBCS), Psychology Faculty, Universidad del Desarrollo\n\nPh.D. in Education and Psychology from the University of Michigan, USA.\nMaster in Educational Psychology, Pontificia Universidad Cat\u00f3lica de Chile.\nPsichologyst, Pontificia Universidad Cat\u00f3lica de Chile.\n\n","im":"","_self_schedule":null,"_links":{"self":[{"href":"https:\/\/gobierno.udd.cl\/doctorate\/wp-json\/wp\/v2\/people\/791","targetHints":{"allow":["GET"]}}],"collection":[{"href":"https:\/\/gobierno.udd.cl\/doctorate\/wp-json\/wp\/v2\/people"}],"about":[{"href":"https:\/\/gobierno.udd.cl\/doctorate\/wp-json\/wp\/v2\/types\/person"}],"wp:featuredmedia":[{"embeddable":true,"href":"https:\/\/gobierno.udd.cl\/doctorate\/wp-json\/wp\/v2\/media\/792"}],"wp:attachment":[{"href":"https:\/\/gobierno.udd.cl\/doctorate\/wp-json\/wp\/v2\/media?parent=791"}],"wp:term":[{"taxonomy":"people_tax","embeddable":true,"href":"https:\/\/gobierno.udd.cl\/doctorate\/wp-json\/wp\/v2\/people_tax?post=791"},{"taxonomy":"people_areas","embeddable":true,"href":"https:\/\/gobierno.udd.cl\/doctorate\/wp-json\/wp\/v2\/people_areas?post=791"},{"taxonomy":"people_levels","embeddable":true,"href":"https:\/\/gobierno.udd.cl\/doctorate\/wp-json\/wp\/v2\/people_levels?post=791"}],"curies":[{"name":"wp","href":"https:\/\/api.w.org\/{rel}","templated":true}]}}