{"id":678,"date":"2017-12-01T17:28:29","date_gmt":"2017-12-01T17:28:29","guid":{"rendered":"http:\/\/dccs.udd.cl\/?post_type=person&amp;p=678"},"modified":"2017-12-01T17:28:29","modified_gmt":"2017-12-01T17:28:29","slug":"eduardo-mendez-hidalgo","status":"publish","type":"person","link":"https:\/\/gobierno.udd.cl\/doctorate\/persona\/eduardo-mendez-hidalgo\/","featured_media":679,"template":"","people_tax":[719],"people_areas":[],"people_levels":[],"class_list":["post-678","person","type-person","status-publish","has-post-thumbnail","hentry","people_tax-estudiantes","people_list-estudiantes"],"yoast_head":"<!-- This site is optimized with the Yoast SEO plugin v26.9 - https:\/\/yoast.com\/product\/yoast-seo-wordpress\/ -->\n<title>Eduardo M\u00e9ndez Hidalgo - Doctoral Program in Social Complexity Sciences<\/title>\n<meta name=\"robots\" content=\"index, follow, max-snippet:-1, max-image-preview:large, max-video-preview:-1\" \/>\n<link rel=\"canonical\" href=\"https:\/\/gobierno.udd.cl\/doctorate\/persona\/eduardo-mendez-hidalgo\/\" \/>\n<meta property=\"og:locale\" content=\"en_US\" \/>\n<meta property=\"og:type\" content=\"article\" \/>\n<meta property=\"og:title\" content=\"Eduardo M\u00e9ndez Hidalgo - Doctoral Program in Social Complexity Sciences\" \/>\n<meta property=\"og:url\" content=\"https:\/\/gobierno.udd.cl\/doctorate\/persona\/eduardo-mendez-hidalgo\/\" \/>\n<meta property=\"og:site_name\" content=\"Doctoral Program in Social Complexity Sciences\" \/>\n<meta name=\"twitter:card\" content=\"summary_large_image\" \/>\n<script type=\"application\/ld+json\" class=\"yoast-schema-graph\">{\"@context\":\"https:\/\/schema.org\",\"@graph\":[{\"@type\":\"WebPage\",\"@id\":\"https:\/\/gobierno.udd.cl\/doctorate\/persona\/eduardo-mendez-hidalgo\/\",\"url\":\"https:\/\/gobierno.udd.cl\/doctorate\/persona\/eduardo-mendez-hidalgo\/\",\"name\":\"Eduardo M\u00e9ndez Hidalgo - Doctoral Program in Social Complexity Sciences\",\"isPartOf\":{\"@id\":\"https:\/\/gobierno.udd.cl\/doctorate\/#website\"},\"primaryImageOfPage\":{\"@id\":\"https:\/\/gobierno.udd.cl\/doctorate\/persona\/eduardo-mendez-hidalgo\/#primaryimage\"},\"image\":{\"@id\":\"https:\/\/gobierno.udd.cl\/doctorate\/persona\/eduardo-mendez-hidalgo\/#primaryimage\"},\"thumbnailUrl\":\"https:\/\/gobierno.udd.cl\/doctorate\/files\/2017\/12\/eduardo-mendez.jpg\",\"datePublished\":\"2017-12-01T17:28:29+00:00\",\"breadcrumb\":{\"@id\":\"https:\/\/gobierno.udd.cl\/doctorate\/persona\/eduardo-mendez-hidalgo\/#breadcrumb\"},\"inLanguage\":\"en-US\",\"potentialAction\":[{\"@type\":\"ReadAction\",\"target\":[\"https:\/\/gobierno.udd.cl\/doctorate\/persona\/eduardo-mendez-hidalgo\/\"]}]},{\"@type\":\"ImageObject\",\"inLanguage\":\"en-US\",\"@id\":\"https:\/\/gobierno.udd.cl\/doctorate\/persona\/eduardo-mendez-hidalgo\/#primaryimage\",\"url\":\"https:\/\/gobierno.udd.cl\/doctorate\/files\/2017\/12\/eduardo-mendez.jpg\",\"contentUrl\":\"https:\/\/gobierno.udd.cl\/doctorate\/files\/2017\/12\/eduardo-mendez.jpg\",\"width\":125,\"height\":125},{\"@type\":\"BreadcrumbList\",\"@id\":\"https:\/\/gobierno.udd.cl\/doctorate\/persona\/eduardo-mendez-hidalgo\/#breadcrumb\",\"itemListElement\":[{\"@type\":\"ListItem\",\"position\":1,\"name\":\"Portada\",\"item\":\"https:\/\/gobierno.udd.cl\/doctorate\/\"},{\"@type\":\"ListItem\",\"position\":2,\"name\":\"Personas\",\"item\":\"https:\/\/gobierno.udd.cl\/doctorate\/persona\/\"},{\"@type\":\"ListItem\",\"position\":3,\"name\":\"Eduardo M\u00e9ndez Hidalgo\"}]},{\"@type\":\"WebSite\",\"@id\":\"https:\/\/gobierno.udd.cl\/doctorate\/#website\",\"url\":\"https:\/\/gobierno.udd.cl\/doctorate\/\",\"name\":\"Doctoral Program in Social Complexity Sciences\",\"description\":\"\",\"inLanguage\":\"en-US\"}]}<\/script>\n<!-- \/ Yoast SEO plugin. -->","yoast_head_json":{"title":"Eduardo M\u00e9ndez Hidalgo - Doctoral Program in Social Complexity Sciences","robots":{"index":"index","follow":"follow","max-snippet":"max-snippet:-1","max-image-preview":"max-image-preview:large","max-video-preview":"max-video-preview:-1"},"canonical":"https:\/\/gobierno.udd.cl\/doctorate\/persona\/eduardo-mendez-hidalgo\/","og_locale":"en_US","og_type":"article","og_title":"Eduardo M\u00e9ndez Hidalgo - Doctoral Program in Social Complexity Sciences","og_url":"https:\/\/gobierno.udd.cl\/doctorate\/persona\/eduardo-mendez-hidalgo\/","og_site_name":"Doctoral Program in Social Complexity Sciences","twitter_card":"summary_large_image","schema":{"@context":"https:\/\/schema.org","@graph":[{"@type":"WebPage","@id":"https:\/\/gobierno.udd.cl\/doctorate\/persona\/eduardo-mendez-hidalgo\/","url":"https:\/\/gobierno.udd.cl\/doctorate\/persona\/eduardo-mendez-hidalgo\/","name":"Eduardo M\u00e9ndez Hidalgo - Doctoral Program in Social Complexity Sciences","isPartOf":{"@id":"https:\/\/gobierno.udd.cl\/doctorate\/#website"},"primaryImageOfPage":{"@id":"https:\/\/gobierno.udd.cl\/doctorate\/persona\/eduardo-mendez-hidalgo\/#primaryimage"},"image":{"@id":"https:\/\/gobierno.udd.cl\/doctorate\/persona\/eduardo-mendez-hidalgo\/#primaryimage"},"thumbnailUrl":"https:\/\/gobierno.udd.cl\/doctorate\/files\/2017\/12\/eduardo-mendez.jpg","datePublished":"2017-12-01T17:28:29+00:00","breadcrumb":{"@id":"https:\/\/gobierno.udd.cl\/doctorate\/persona\/eduardo-mendez-hidalgo\/#breadcrumb"},"inLanguage":"en-US","potentialAction":[{"@type":"ReadAction","target":["https:\/\/gobierno.udd.cl\/doctorate\/persona\/eduardo-mendez-hidalgo\/"]}]},{"@type":"ImageObject","inLanguage":"en-US","@id":"https:\/\/gobierno.udd.cl\/doctorate\/persona\/eduardo-mendez-hidalgo\/#primaryimage","url":"https:\/\/gobierno.udd.cl\/doctorate\/files\/2017\/12\/eduardo-mendez.jpg","contentUrl":"https:\/\/gobierno.udd.cl\/doctorate\/files\/2017\/12\/eduardo-mendez.jpg","width":125,"height":125},{"@type":"BreadcrumbList","@id":"https:\/\/gobierno.udd.cl\/doctorate\/persona\/eduardo-mendez-hidalgo\/#breadcrumb","itemListElement":[{"@type":"ListItem","position":1,"name":"Portada","item":"https:\/\/gobierno.udd.cl\/doctorate\/"},{"@type":"ListItem","position":2,"name":"Personas","item":"https:\/\/gobierno.udd.cl\/doctorate\/persona\/"},{"@type":"ListItem","position":3,"name":"Eduardo M\u00e9ndez Hidalgo"}]},{"@type":"WebSite","@id":"https:\/\/gobierno.udd.cl\/doctorate\/#website","url":"https:\/\/gobierno.udd.cl\/doctorate\/","name":"Doctoral Program in Social Complexity Sciences","description":"","inLanguage":"en-US"}]}},"label":"Eduardo M\u00e9ndez Hidalgo","title":{"rendered":"Eduardo M\u00e9ndez Hidalgo"},"role":"GENERACI\u00d3N 2017 - Mag\u00edster en Ciencia Pol\u00edtica, Pontificia Universidad Cat\u00f3lica de Chile","thumbnail_url":"https:\/\/gobierno.udd.cl\/doctorate\/files\/2017\/12\/eduardo-mendez.jpg","email":"","tel_job":"","content":{"rendered":"<div class=\"person-modal person-modal--scl\">\n\t<header class=\"person-modal__header\">\n\t\t<div class=\"person-modal__bg\"><\/div>\n\t\t<div class=\"modal-container\">\n\t\t\t\t\t\t<div class=\"person-modal__media\">\n\t\t\t\t<img width=\"125\" height=\"125\" src=\"https:\/\/gobierno.udd.cl\/doctorate\/files\/2017\/12\/eduardo-mendez-62x62.jpg\" class=\"person-modal__image wp-post-image lazyload\" alt=\"\" decoding=\"async\" loading=\"lazy\" sizes=\"auto, (max-width: 125px) 100vw, 125px\" data-src=\"https:\/\/gobierno.udd.cl\/doctorate\/files\/2017\/12\/eduardo-mendez.jpg\" data-srcset=\"https:\/\/gobierno.udd.cl\/doctorate\/files\/2017\/12\/eduardo-mendez.jpg 125w, https:\/\/gobierno.udd.cl\/doctorate\/files\/2017\/12\/eduardo-mendez-62x62.jpg 62w\" \/>\t\t\t<\/div>\n\t\t\t\t\t\t<div class=\"person-modal__data\">\n\t\t\t\t<h1 class=\"person-modal__name\">Eduardo M\u00e9ndez Hidalgo<\/h1>\n\t\t\t\t\t\t\t<span class=\"person-modal__description\">GENERACI\u00d3N 2017 - Mag\u00edster en Ciencia Pol\u00edtica, Pontificia Universidad Cat\u00f3lica de Chile<\/span>\n\t\t\t\t\t\t\t\t\t\t\t\t\t\t\t<\/div>\n\t\t<\/div>\n\t<\/header>\n\t<div class=\"modal-container\">\n\t\t\t<div class=\"person-modal__content text\">\n\t\t\t\t\t<p>Mag\u00edster en Ciencia Pol\u00edtica, Pontificia Universidad Cat\u00f3lica de Chile.<br \/>\nSoci\u00f3logo, Universidad de Chile.<\/p>\n\t\t\t\t\t\t\t\t\t\t<p><strong>\u00c1reas de Investigaci\u00f3n:<\/strong><br \/>\nPrehistoria y Antig\u00fcedad, Redes y Din\u00e1micas Sociales, Campa\u00f1as Pol\u00edticas.<\/p>\n<p><strong>Informaci\u00f3n de Contacto:<\/strong><br \/>\nMail: emendezh@udd.cl<br \/>\nTel\u00e9fono: 56 (2) 2327 9701<br \/>\nDirecci\u00f3n: Av. Las Condes 12461, Las Condes, Santiago de Chile.<\/p>\n<h3><span>PRODUCTOS<\/span><\/h3>\n<table border=\"1\" width=\"532\" cellspacing=\"1\" cellpadding=\"1\">\n<tbody>\n<tr>\n<td>\n<h2>CONFERENCIAS<\/h2>\n<table border=\"1\" cellspacing=\"1\" cellpadding=\"1\">\n<tbody>\n<tr>\n<td>\n<ul>\n<li>II Encuentro Chileno de Estudios Sociales de la Ciencia y Tecnolog\u00eda. Temuco, Chile \u201cConvergencia tecnol\u00f3gica y vida cotidiana. Transformaci\u00f3n en las vivencias de espacios y tiempos a partir de los usos y apropiaciones de los smartphones\u201d.<\/li>\n<li>VIII Congreso Chileno de Sociolog\u00eda, La Serena, Chile. \u201cTecnolog\u00eda y vida cotidiana, transformaciones del tiempo y espacialidades\u201d (technology and daily life. Transformations in time and space experiences)\u201d<\/li>\n<li>Asociaci\u00f3n Latinoamericana de Sociolog\u00eda (ALAS XXIX), Santiago, Chile. \u201cTechnological convergence and daily life: Transformations in space and time experiences in relation to the uses and appropriations of smartphones\u201d.<\/li>\n<li>VII Congreso Chileno de Sociolog\u00eda. Puc\u00f3n, Chile. \u201cContrapropaganda: La movilizaci\u00f3n en redes sociales, y la conquista de la opini\u00f3n p\u00fablica\u201d<\/li>\n<\/ul>\n<\/td>\n<td bgcolor=\"#551A8B\"><\/td>\n<\/tr>\n<\/tbody>\n<\/table>\n<\/td>\n<\/tr>\n<\/tbody>\n<\/table>\n\t\t<\/div>\n\t<\/div>\n<\/div>\n"},"identifier":"5622b3db150a4bccbf9f451e007224a4e5491f68","has_credential":[],"given_name":"Eduardo","family_name":"M\u00e9ndez Hidalgo","name":"Eduardo M\u00e9ndez Hidalgo","job_title":"GENERACI\u00d3N 2017 - Mag\u00edster en Ciencia Pol\u00edtica, Pontificia Universidad Cat\u00f3lica de Chile","telephone":"","note":"Mag\u00edster en Ciencia Pol\u00edtica, Pontificia Universidad Cat\u00f3lica de Chile.\nSoci\u00f3logo, Universidad de Chile.","im":"","_self_schedule":null,"_links":{"self":[{"href":"https:\/\/gobierno.udd.cl\/doctorate\/wp-json\/wp\/v2\/people\/678","targetHints":{"allow":["GET"]}}],"collection":[{"href":"https:\/\/gobierno.udd.cl\/doctorate\/wp-json\/wp\/v2\/people"}],"about":[{"href":"https:\/\/gobierno.udd.cl\/doctorate\/wp-json\/wp\/v2\/types\/person"}],"wp:featuredmedia":[{"embeddable":true,"href":"https:\/\/gobierno.udd.cl\/doctorate\/wp-json\/wp\/v2\/media\/679"}],"wp:attachment":[{"href":"https:\/\/gobierno.udd.cl\/doctorate\/wp-json\/wp\/v2\/media?parent=678"}],"wp:term":[{"taxonomy":"people_tax","embeddable":true,"href":"https:\/\/gobierno.udd.cl\/doctorate\/wp-json\/wp\/v2\/people_tax?post=678"},{"taxonomy":"people_areas","embeddable":true,"href":"https:\/\/gobierno.udd.cl\/doctorate\/wp-json\/wp\/v2\/people_areas?post=678"},{"taxonomy":"people_levels","embeddable":true,"href":"https:\/\/gobierno.udd.cl\/doctorate\/wp-json\/wp\/v2\/people_levels?post=678"}],"curies":[{"name":"wp","href":"https:\/\/api.w.org\/{rel}","templated":true}]}}