{"id":569,"date":"2017-11-23T19:23:10","date_gmt":"2017-11-23T19:23:10","guid":{"rendered":"http:\/\/dccs.udd.cl\/?post_type=person&amp;p=569"},"modified":"2017-11-23T19:23:10","modified_gmt":"2017-11-23T19:23:10","slug":"victor-landaeta-torres-2","status":"publish","type":"person","link":"https:\/\/gobierno.udd.cl\/doctorate\/persona\/victor-landaeta-torres-2\/","featured_media":568,"template":"","people_tax":[710],"people_areas":[],"people_levels":[],"class_list":["post-569","person","type-person","status-publish","has-post-thumbnail","hentry","people_tax-alumni"],"yoast_head":"<!-- This site is optimized with the Yoast SEO plugin v26.9 - https:\/\/yoast.com\/product\/yoast-seo-wordpress\/ -->\n<title>V\u00edctor Landaeta Torres - Doctoral Program in Social Complexity Sciences<\/title>\n<meta name=\"robots\" content=\"index, follow, max-snippet:-1, max-image-preview:large, max-video-preview:-1\" \/>\n<link rel=\"canonical\" href=\"https:\/\/gobierno.udd.cl\/doctorate\/persona\/victor-landaeta-torres-2\/\" \/>\n<meta property=\"og:locale\" content=\"en_US\" \/>\n<meta property=\"og:type\" content=\"article\" \/>\n<meta property=\"og:title\" content=\"V\u00edctor Landaeta Torres - Doctoral Program in Social Complexity Sciences\" \/>\n<meta property=\"og:url\" content=\"https:\/\/gobierno.udd.cl\/doctorate\/persona\/victor-landaeta-torres-2\/\" \/>\n<meta property=\"og:site_name\" content=\"Doctoral Program in Social Complexity Sciences\" \/>\n<meta name=\"twitter:card\" content=\"summary_large_image\" \/>\n<script type=\"application\/ld+json\" class=\"yoast-schema-graph\">{\"@context\":\"https:\/\/schema.org\",\"@graph\":[{\"@type\":\"WebPage\",\"@id\":\"https:\/\/gobierno.udd.cl\/doctorate\/persona\/victor-landaeta-torres-2\/\",\"url\":\"https:\/\/gobierno.udd.cl\/doctorate\/persona\/victor-landaeta-torres-2\/\",\"name\":\"V\u00edctor Landaeta Torres - Doctoral Program in Social Complexity Sciences\",\"isPartOf\":{\"@id\":\"https:\/\/gobierno.udd.cl\/doctorate\/#website\"},\"primaryImageOfPage\":{\"@id\":\"https:\/\/gobierno.udd.cl\/doctorate\/persona\/victor-landaeta-torres-2\/#primaryimage\"},\"image\":{\"@id\":\"https:\/\/gobierno.udd.cl\/doctorate\/persona\/victor-landaeta-torres-2\/#primaryimage\"},\"thumbnailUrl\":\"https:\/\/gobierno.udd.cl\/doctorate\/files\/2017\/11\/victor-landaeta.jpg\",\"datePublished\":\"2017-11-23T19:23:10+00:00\",\"breadcrumb\":{\"@id\":\"https:\/\/gobierno.udd.cl\/doctorate\/persona\/victor-landaeta-torres-2\/#breadcrumb\"},\"inLanguage\":\"en-US\",\"potentialAction\":[{\"@type\":\"ReadAction\",\"target\":[\"https:\/\/gobierno.udd.cl\/doctorate\/persona\/victor-landaeta-torres-2\/\"]}]},{\"@type\":\"ImageObject\",\"inLanguage\":\"en-US\",\"@id\":\"https:\/\/gobierno.udd.cl\/doctorate\/persona\/victor-landaeta-torres-2\/#primaryimage\",\"url\":\"https:\/\/gobierno.udd.cl\/doctorate\/files\/2017\/11\/victor-landaeta.jpg\",\"contentUrl\":\"https:\/\/gobierno.udd.cl\/doctorate\/files\/2017\/11\/victor-landaeta.jpg\",\"width\":125,\"height\":125},{\"@type\":\"BreadcrumbList\",\"@id\":\"https:\/\/gobierno.udd.cl\/doctorate\/persona\/victor-landaeta-torres-2\/#breadcrumb\",\"itemListElement\":[{\"@type\":\"ListItem\",\"position\":1,\"name\":\"Portada\",\"item\":\"https:\/\/gobierno.udd.cl\/doctorate\/\"},{\"@type\":\"ListItem\",\"position\":2,\"name\":\"Personas\",\"item\":\"https:\/\/gobierno.udd.cl\/doctorate\/persona\/\"},{\"@type\":\"ListItem\",\"position\":3,\"name\":\"V\u00edctor Landaeta Torres\"}]},{\"@type\":\"WebSite\",\"@id\":\"https:\/\/gobierno.udd.cl\/doctorate\/#website\",\"url\":\"https:\/\/gobierno.udd.cl\/doctorate\/\",\"name\":\"Doctoral Program in Social Complexity Sciences\",\"description\":\"\",\"inLanguage\":\"en-US\"}]}<\/script>\n<!-- \/ Yoast SEO plugin. -->","yoast_head_json":{"title":"V\u00edctor Landaeta Torres - Doctoral Program in Social Complexity Sciences","robots":{"index":"index","follow":"follow","max-snippet":"max-snippet:-1","max-image-preview":"max-image-preview:large","max-video-preview":"max-video-preview:-1"},"canonical":"https:\/\/gobierno.udd.cl\/doctorate\/persona\/victor-landaeta-torres-2\/","og_locale":"en_US","og_type":"article","og_title":"V\u00edctor Landaeta Torres - Doctoral Program in Social Complexity Sciences","og_url":"https:\/\/gobierno.udd.cl\/doctorate\/persona\/victor-landaeta-torres-2\/","og_site_name":"Doctoral Program in Social Complexity Sciences","twitter_card":"summary_large_image","schema":{"@context":"https:\/\/schema.org","@graph":[{"@type":"WebPage","@id":"https:\/\/gobierno.udd.cl\/doctorate\/persona\/victor-landaeta-torres-2\/","url":"https:\/\/gobierno.udd.cl\/doctorate\/persona\/victor-landaeta-torres-2\/","name":"V\u00edctor Landaeta Torres - Doctoral Program in Social Complexity Sciences","isPartOf":{"@id":"https:\/\/gobierno.udd.cl\/doctorate\/#website"},"primaryImageOfPage":{"@id":"https:\/\/gobierno.udd.cl\/doctorate\/persona\/victor-landaeta-torres-2\/#primaryimage"},"image":{"@id":"https:\/\/gobierno.udd.cl\/doctorate\/persona\/victor-landaeta-torres-2\/#primaryimage"},"thumbnailUrl":"https:\/\/gobierno.udd.cl\/doctorate\/files\/2017\/11\/victor-landaeta.jpg","datePublished":"2017-11-23T19:23:10+00:00","breadcrumb":{"@id":"https:\/\/gobierno.udd.cl\/doctorate\/persona\/victor-landaeta-torres-2\/#breadcrumb"},"inLanguage":"en-US","potentialAction":[{"@type":"ReadAction","target":["https:\/\/gobierno.udd.cl\/doctorate\/persona\/victor-landaeta-torres-2\/"]}]},{"@type":"ImageObject","inLanguage":"en-US","@id":"https:\/\/gobierno.udd.cl\/doctorate\/persona\/victor-landaeta-torres-2\/#primaryimage","url":"https:\/\/gobierno.udd.cl\/doctorate\/files\/2017\/11\/victor-landaeta.jpg","contentUrl":"https:\/\/gobierno.udd.cl\/doctorate\/files\/2017\/11\/victor-landaeta.jpg","width":125,"height":125},{"@type":"BreadcrumbList","@id":"https:\/\/gobierno.udd.cl\/doctorate\/persona\/victor-landaeta-torres-2\/#breadcrumb","itemListElement":[{"@type":"ListItem","position":1,"name":"Portada","item":"https:\/\/gobierno.udd.cl\/doctorate\/"},{"@type":"ListItem","position":2,"name":"Personas","item":"https:\/\/gobierno.udd.cl\/doctorate\/persona\/"},{"@type":"ListItem","position":3,"name":"V\u00edctor Landaeta Torres"}]},{"@type":"WebSite","@id":"https:\/\/gobierno.udd.cl\/doctorate\/#website","url":"https:\/\/gobierno.udd.cl\/doctorate\/","name":"Doctoral Program in Social Complexity Sciences","description":"","inLanguage":"en-US"}]}},"label":"V\u00edctor  Landaeta Torres","title":{"rendered":"V\u00edctor  Landaeta Torres"},"role":"CLASS OF 2014 - B.Sc. in Physics, Pontificia Universidad Cat\u00f3lica","thumbnail_url":"https:\/\/gobierno.udd.cl\/doctorate\/files\/2017\/11\/victor-landaeta.jpg","email":"","tel_job":"","content":{"rendered":"<div class=\"person-modal person-modal--scl\">\n\t<header class=\"person-modal__header\">\n\t\t<div class=\"person-modal__bg\"><\/div>\n\t\t<div class=\"modal-container\">\n\t\t\t\t\t\t<div class=\"person-modal__media\">\n\t\t\t\t<img width=\"125\" height=\"125\" src=\"https:\/\/gobierno.udd.cl\/doctorate\/files\/2017\/11\/victor-landaeta-62x62.jpg\" class=\"person-modal__image wp-post-image lazyload\" alt=\"\" decoding=\"async\" loading=\"lazy\" sizes=\"auto, (max-width: 125px) 100vw, 125px\" data-src=\"https:\/\/gobierno.udd.cl\/doctorate\/files\/2017\/11\/victor-landaeta.jpg\" data-srcset=\"https:\/\/gobierno.udd.cl\/doctorate\/files\/2017\/11\/victor-landaeta.jpg 125w, https:\/\/gobierno.udd.cl\/doctorate\/files\/2017\/11\/victor-landaeta-62x62.jpg 62w\" \/>\t\t\t<\/div>\n\t\t\t\t\t\t<div class=\"person-modal__data\">\n\t\t\t\t<h1 class=\"person-modal__name\">V\u00edctor  Landaeta Torres<\/h1>\n\t\t\t\t\t\t\t<span class=\"person-modal__description\">CLASS OF 2014 - B.Sc. in Physics, Pontificia Universidad Cat\u00f3lica<\/span>\n\t\t\t\t\t\t\t\t\t\t\t\t\t\t\t<\/div>\n\t\t<\/div>\n\t<\/header>\n\t<div class=\"modal-container\">\n\t\t\t<div class=\"person-modal__content text\">\n\t\t\t\t\t<p>B.Sc. in Physics, Pontificia Universidad Cat\u00f3lica de Chile.<\/p>\n\t\t\t\t\t\t\t\t\t\t<p><strong>Research interests:<\/strong><br \/>\nSocial Networks, Education, Computational Social Science, Experimental Economics.<\/p>\n<p><strong>Contact:<\/strong><br \/>\nMail: vlandaetat@udd.cl<br \/>\nTel\u00e9fono: 56 (2) 2327 9701<br \/>\nDirecci\u00f3n: Av. Las Condes 12461, Las Condes, Santiago de Chile.<\/p>\n<h3><span>PRODUCTS<\/span><\/h3>\n<table border=\"1\" width=\"532\" cellspacing=\"1\" cellpadding=\"1\">\n<tbody>\n<tr>\n<td>\n<h2>CONFERENCES<\/h2>\n<table border=\"1\" cellspacing=\"1\" cellpadding=\"1\">\n<tbody>\n<tr>\n<td>\n<ul>\n<li>5th Antigua Experimental Economics Conference\u00a0(Febrero 2017):\u00a0Experimental Elicitation of the Reciprocity Network of a School Classroom and the Early Identification of Aggressive Behavior Through Social Dilemmas.\u00a0Formato: Presentaci\u00f3n de 30 min, en ingl\u00e9s (el resto tambi\u00e9n fueron en ingl\u00e9s pero como esta conferencia era en un pa\u00eds de habla hispana, quiz\u00e1 es relevante mencionarlo)<\/li>\n<li>NetSciEd\u00a0(Indianapolis, Junio 2017),\u00a0Does classroom cooperation promote learning?\u00a0Formato: (15 minutos, presentaci\u00f3n Oral con preguntas, conferencia sat\u00e9lite dentro de la conferencia NetSci)<\/li>\n<li>NetSci\u00a0(Indianapolis,\u00a0Junio 2017):\u00a0Does classroom cooperation promote learning?\u00a0Formato: &#8220;Lighting Talk&#8221; (5 minutos, 20 slides, 15 segundos por slide, la slide va cambiando sola, muy parecido a\u00a0pechakucha\u00a0)<\/li>\n<li>CCS\u00a0(Canc\u00fan, Septiembre 2017),\u00a0Does classroom cooperation promote learning?\u00a0Formato: 15 minutos, presentaci\u00f3n oral en sesiones paralelas, con preguntas<\/li>\n<li>NetSci\u00a0Does classroom cooperation promote learning?<\/li>\n<li>Complenet (Boston, Marzo 2018)\u00a0Does classroom cooperation promote learning? Mapping classroom cooperation networks with games and its connection with academic performance<\/li>\n<\/ul>\n<\/td>\n<td bgcolor=\"#551A8B\"><\/td>\n<\/tr>\n<\/tbody>\n<\/table>\n<\/td>\n<\/tr>\n<\/tbody>\n<tbody>\n<tr>\n<td>\n<h2>PROJECTS<\/h2>\n<table border=\"1\" cellspacing=\"1\" cellpadding=\"1\">\n<tbody>\n<tr>\n<td>\n<ul>\n<li>Plataforma de juegos digitales para la medici\u00f3n de las disposiciones a la cooperaci\u00f3n; Fuente de Financiamiento: CONICYT &#8211; FONDEF TECNOL\u00d3GICO 2015; Periodo \/ a\u00f1o: 2016-2018; Clasificaci\u00f3n: FONDEF 11110439 IT15I10079<\/li>\n<\/ul>\n<\/td>\n<td bgcolor=\"#551A8B\"><\/td>\n<\/tr>\n<\/tbody>\n<\/table>\n<\/td>\n<\/tr>\n<\/tbody>\n<\/table>\n<section class=\"widget widget-testimony box-wrap box-border\">\n<header class=\"widget-header widget-header-border\">\n<h3 class=\"widget-title\">V\u00edctor Landaeta \u2013 MIT<\/h3>\n<\/header>\n<div class=\"widget-content\">\n<div class=\"hentry hentry-testimony object-thumbnail-xs object-thumbnail-left\"><img src=\"http:\/\/dccs.udd.cl\/files\/2017\/11\/Victor-Landaeta.jpg\" class=\"thumbnail\" alt=\"\"><\/p>\n<div class=\"wrap-content\">\n<h4 class=\"entry-title\"><a href=\"\" rel=\"bookmark\"><\/a><\/h4>\n<p><small>Internship 2018 &#8211; Collective Learning<\/small><\/p>\n<div class=\"entry-summary\">\n<\/div>\n<\/div>\n<\/div>\n<\/div>\n<\/section>\n\t\t<\/div>\n\t<\/div>\n<\/div>\n"},"identifier":"811066dce33ab05dcd62f17457c63c92aeba8edf","has_credential":[],"given_name":"V\u00edctor ","family_name":"Landaeta Torres","name":"V\u00edctor  Landaeta Torres","job_title":"CLASS OF 2014 - B.Sc. in Physics, Pontificia Universidad Cat\u00f3lica","telephone":"","note":"B.Sc. in Physics, Pontificia Universidad Cat\u00f3lica de Chile.","im":"","_self_schedule":null,"_links":{"self":[{"href":"https:\/\/gobierno.udd.cl\/doctorate\/wp-json\/wp\/v2\/people\/569","targetHints":{"allow":["GET"]}}],"collection":[{"href":"https:\/\/gobierno.udd.cl\/doctorate\/wp-json\/wp\/v2\/people"}],"about":[{"href":"https:\/\/gobierno.udd.cl\/doctorate\/wp-json\/wp\/v2\/types\/person"}],"wp:featuredmedia":[{"embeddable":true,"href":"https:\/\/gobierno.udd.cl\/doctorate\/wp-json\/wp\/v2\/media\/568"}],"wp:attachment":[{"href":"https:\/\/gobierno.udd.cl\/doctorate\/wp-json\/wp\/v2\/media?parent=569"}],"wp:term":[{"taxonomy":"people_tax","embeddable":true,"href":"https:\/\/gobierno.udd.cl\/doctorate\/wp-json\/wp\/v2\/people_tax?post=569"},{"taxonomy":"people_areas","embeddable":true,"href":"https:\/\/gobierno.udd.cl\/doctorate\/wp-json\/wp\/v2\/people_areas?post=569"},{"taxonomy":"people_levels","embeddable":true,"href":"https:\/\/gobierno.udd.cl\/doctorate\/wp-json\/wp\/v2\/people_levels?post=569"}],"curies":[{"name":"wp","href":"https:\/\/api.w.org\/{rel}","templated":true}]}}