{"id":539,"date":"2017-11-15T20:11:10","date_gmt":"2017-11-15T20:11:10","guid":{"rendered":"http:\/\/dccs.udd.cl\/?post_type=person&amp;p=539"},"modified":"2017-11-15T20:11:10","modified_gmt":"2017-11-15T20:11:10","slug":"pablo-billeke-2","status":"publish","type":"person","link":"https:\/\/gobierno.udd.cl\/doctorate\/persona\/pablo-billeke-2\/","featured_media":88,"template":"","people_tax":[713],"people_areas":[],"people_levels":[],"class_list":["post-539","person","type-person","status-publish","has-post-thumbnail","hentry","people_tax-claustro"],"yoast_head":"<!-- This site is optimized with the Yoast SEO plugin v26.9 - https:\/\/yoast.com\/product\/yoast-seo-wordpress\/ -->\n<title>Pablo Billeke - Doctoral Program in Social Complexity Sciences<\/title>\n<meta name=\"robots\" content=\"index, follow, max-snippet:-1, max-image-preview:large, max-video-preview:-1\" \/>\n<link rel=\"canonical\" href=\"https:\/\/gobierno.udd.cl\/doctorate\/persona\/pablo-billeke-2\/\" \/>\n<meta property=\"og:locale\" content=\"en_US\" \/>\n<meta property=\"og:type\" content=\"article\" \/>\n<meta property=\"og:title\" content=\"Pablo Billeke - Doctoral Program in Social Complexity Sciences\" \/>\n<meta property=\"og:url\" content=\"https:\/\/gobierno.udd.cl\/doctorate\/persona\/pablo-billeke-2\/\" \/>\n<meta property=\"og:site_name\" content=\"Doctoral Program in Social Complexity Sciences\" \/>\n<meta property=\"og:image\" content=\"https:\/\/gobierno.udd.cl\/doctorate\/files\/2017\/10\/pablo-billeke.jpg\" \/>\n\t<meta property=\"og:image:width\" content=\"125\" \/>\n\t<meta property=\"og:image:height\" content=\"125\" \/>\n\t<meta property=\"og:image:type\" content=\"image\/jpeg\" \/>\n<meta name=\"twitter:card\" content=\"summary_large_image\" \/>\n<script type=\"application\/ld+json\" class=\"yoast-schema-graph\">{\"@context\":\"https:\/\/schema.org\",\"@graph\":[{\"@type\":\"WebPage\",\"@id\":\"https:\/\/gobierno.udd.cl\/doctorate\/persona\/pablo-billeke-2\/\",\"url\":\"https:\/\/gobierno.udd.cl\/doctorate\/persona\/pablo-billeke-2\/\",\"name\":\"Pablo Billeke - Doctoral Program in Social Complexity Sciences\",\"isPartOf\":{\"@id\":\"https:\/\/gobierno.udd.cl\/doctorate\/#website\"},\"primaryImageOfPage\":{\"@id\":\"https:\/\/gobierno.udd.cl\/doctorate\/persona\/pablo-billeke-2\/#primaryimage\"},\"image\":{\"@id\":\"https:\/\/gobierno.udd.cl\/doctorate\/persona\/pablo-billeke-2\/#primaryimage\"},\"thumbnailUrl\":\"https:\/\/gobierno.udd.cl\/doctorate\/files\/2017\/10\/pablo-billeke.jpg\",\"datePublished\":\"2017-11-15T20:11:10+00:00\",\"breadcrumb\":{\"@id\":\"https:\/\/gobierno.udd.cl\/doctorate\/persona\/pablo-billeke-2\/#breadcrumb\"},\"inLanguage\":\"en-US\",\"potentialAction\":[{\"@type\":\"ReadAction\",\"target\":[\"https:\/\/gobierno.udd.cl\/doctorate\/persona\/pablo-billeke-2\/\"]}]},{\"@type\":\"ImageObject\",\"inLanguage\":\"en-US\",\"@id\":\"https:\/\/gobierno.udd.cl\/doctorate\/persona\/pablo-billeke-2\/#primaryimage\",\"url\":\"https:\/\/gobierno.udd.cl\/doctorate\/files\/2017\/10\/pablo-billeke.jpg\",\"contentUrl\":\"https:\/\/gobierno.udd.cl\/doctorate\/files\/2017\/10\/pablo-billeke.jpg\",\"width\":125,\"height\":125},{\"@type\":\"BreadcrumbList\",\"@id\":\"https:\/\/gobierno.udd.cl\/doctorate\/persona\/pablo-billeke-2\/#breadcrumb\",\"itemListElement\":[{\"@type\":\"ListItem\",\"position\":1,\"name\":\"Portada\",\"item\":\"https:\/\/gobierno.udd.cl\/doctorate\/\"},{\"@type\":\"ListItem\",\"position\":2,\"name\":\"Personas\",\"item\":\"https:\/\/gobierno.udd.cl\/doctorate\/persona\/\"},{\"@type\":\"ListItem\",\"position\":3,\"name\":\"Pablo Billeke\"}]},{\"@type\":\"WebSite\",\"@id\":\"https:\/\/gobierno.udd.cl\/doctorate\/#website\",\"url\":\"https:\/\/gobierno.udd.cl\/doctorate\/\",\"name\":\"Doctoral Program in Social Complexity Sciences\",\"description\":\"\",\"inLanguage\":\"en-US\"}]}<\/script>\n<!-- \/ Yoast SEO plugin. -->","yoast_head_json":{"title":"Pablo Billeke - Doctoral Program in Social Complexity Sciences","robots":{"index":"index","follow":"follow","max-snippet":"max-snippet:-1","max-image-preview":"max-image-preview:large","max-video-preview":"max-video-preview:-1"},"canonical":"https:\/\/gobierno.udd.cl\/doctorate\/persona\/pablo-billeke-2\/","og_locale":"en_US","og_type":"article","og_title":"Pablo Billeke - Doctoral Program in Social Complexity Sciences","og_url":"https:\/\/gobierno.udd.cl\/doctorate\/persona\/pablo-billeke-2\/","og_site_name":"Doctoral Program in Social Complexity Sciences","og_image":[{"width":125,"height":125,"url":"https:\/\/gobierno.udd.cl\/doctorate\/files\/2017\/10\/pablo-billeke.jpg","type":"image\/jpeg"}],"twitter_card":"summary_large_image","schema":{"@context":"https:\/\/schema.org","@graph":[{"@type":"WebPage","@id":"https:\/\/gobierno.udd.cl\/doctorate\/persona\/pablo-billeke-2\/","url":"https:\/\/gobierno.udd.cl\/doctorate\/persona\/pablo-billeke-2\/","name":"Pablo Billeke - Doctoral Program in Social Complexity Sciences","isPartOf":{"@id":"https:\/\/gobierno.udd.cl\/doctorate\/#website"},"primaryImageOfPage":{"@id":"https:\/\/gobierno.udd.cl\/doctorate\/persona\/pablo-billeke-2\/#primaryimage"},"image":{"@id":"https:\/\/gobierno.udd.cl\/doctorate\/persona\/pablo-billeke-2\/#primaryimage"},"thumbnailUrl":"https:\/\/gobierno.udd.cl\/doctorate\/files\/2017\/10\/pablo-billeke.jpg","datePublished":"2017-11-15T20:11:10+00:00","breadcrumb":{"@id":"https:\/\/gobierno.udd.cl\/doctorate\/persona\/pablo-billeke-2\/#breadcrumb"},"inLanguage":"en-US","potentialAction":[{"@type":"ReadAction","target":["https:\/\/gobierno.udd.cl\/doctorate\/persona\/pablo-billeke-2\/"]}]},{"@type":"ImageObject","inLanguage":"en-US","@id":"https:\/\/gobierno.udd.cl\/doctorate\/persona\/pablo-billeke-2\/#primaryimage","url":"https:\/\/gobierno.udd.cl\/doctorate\/files\/2017\/10\/pablo-billeke.jpg","contentUrl":"https:\/\/gobierno.udd.cl\/doctorate\/files\/2017\/10\/pablo-billeke.jpg","width":125,"height":125},{"@type":"BreadcrumbList","@id":"https:\/\/gobierno.udd.cl\/doctorate\/persona\/pablo-billeke-2\/#breadcrumb","itemListElement":[{"@type":"ListItem","position":1,"name":"Portada","item":"https:\/\/gobierno.udd.cl\/doctorate\/"},{"@type":"ListItem","position":2,"name":"Personas","item":"https:\/\/gobierno.udd.cl\/doctorate\/persona\/"},{"@type":"ListItem","position":3,"name":"Pablo Billeke"}]},{"@type":"WebSite","@id":"https:\/\/gobierno.udd.cl\/doctorate\/#website","url":"https:\/\/gobierno.udd.cl\/doctorate\/","name":"Doctoral Program in Social Complexity Sciences","description":"","inLanguage":"en-US"}]}},"label":"Pablo Billeke","title":{"rendered":"Pablo Billeke"},"role":"Ph.D. en Ciencias M\u00e9dicas, Pontificia Universidad Cat\u00f3lica de Chile - Profesor Claustro DCCS","thumbnail_url":"https:\/\/gobierno.udd.cl\/doctorate\/files\/2017\/10\/pablo-billeke.jpg","email":"","tel_job":"","content":{"rendered":"<div class=\"person-modal person-modal--scl\">\n\t<header class=\"person-modal__header\">\n\t\t<div class=\"person-modal__bg\"><\/div>\n\t\t<div class=\"modal-container\">\n\t\t\t\t\t\t<div class=\"person-modal__media\">\n\t\t\t\t<img width=\"125\" height=\"125\" src=\"https:\/\/gobierno.udd.cl\/doctorate\/files\/2017\/10\/pablo-billeke-62x62.jpg\" class=\"person-modal__image wp-post-image lazyload\" alt=\"\" decoding=\"async\" loading=\"lazy\" sizes=\"auto, (max-width: 125px) 100vw, 125px\" data-src=\"https:\/\/gobierno.udd.cl\/doctorate\/files\/2017\/10\/pablo-billeke.jpg\" data-srcset=\"https:\/\/gobierno.udd.cl\/doctorate\/files\/2017\/10\/pablo-billeke.jpg 125w, https:\/\/gobierno.udd.cl\/doctorate\/files\/2017\/10\/pablo-billeke-62x62.jpg 62w\" \/>\t\t\t<\/div>\n\t\t\t\t\t\t<div class=\"person-modal__data\">\n\t\t\t\t<h1 class=\"person-modal__name\">Pablo Billeke<\/h1>\n\t\t\t\t\t\t\t<span class=\"person-modal__description\">Ph.D. en Ciencias M\u00e9dicas, Pontificia Universidad Cat\u00f3lica de Chile - Profesor Claustro DCCS<\/span>\n\t\t\t\t\t\t\t\t\t\t\t\t\t\t\t<\/div>\n\t\t<\/div>\n\t<\/header>\n\t<div class=\"modal-container\">\n\t\t\t<div class=\"person-modal__content text\">\n\t\t\t\t\t<p>Profesor Claustro DCCS<br \/>\nDirector Laboratorio de Neurociencia Social y Neuromodulaci\u00f3n, Centro de Investigaci\u00f3n en Complejidad Social, Facultad de Gobierno, Universidad del Desarrollo.<\/p>\n<p>Ph.D. en Ciencias M\u00e9dicas, Pontificia Universidad Cat\u00f3lica de Chile.<br \/>\nM\u00e9dico Cirujano por la Universidad de Chile.<br \/>\nLicenciado en Medicina, Universidad de Chile.<br \/>\nDiplomado en Bases Biol\u00f3gicas y Evolutivas de la Psiquiatr\u00eda, Universidad Cat\u00f3lica de Chile.<\/p>\n\t\t\t\t\t\t\t\t\t\t<h3><span>L\u00cdNEA DE INVESTIGACI\u00d3N<\/span><\/h3>\n<p><strong>Fundamentos de la cognici\u00f3n y el comportamiento social<\/strong><\/p>\n<p><strong>\u00c1reas de Investigaci\u00f3n:<\/strong><br \/>\nNeurociencia social, Neurociencia cognitiva, Psiquiatr\u00eda y Neurolog\u00eda.<\/p>\n<p><strong>Informaci\u00f3n de Contacto:<\/strong><br \/>\nMail: pbilleke@udd.cl<br \/>\nTel\u00e9fono: 56 (2) 2327 9701<br \/>\n<a href=\"https:\/\/scholar.google.cl\/citations?user=8yiR2CgAAAAJ&amp;hl=en\">Google Scholar<\/a><br \/>\nDirecci\u00f3n: Av. Las Condes 12461, Las Condes, Santiago de Chile.<\/p>\n<h3><span>PRODUCTOS<\/span><\/h3>\n<table border=\"1\" width=\"531\" cellspacing=\"1\" cellpadding=\"1\">\n<tbody>\n<tr>\n<td>\n<h2>PAPERS<\/h2>\n<table border=\"1\" cellspacing=\"1\" cellpadding=\"1\">\n<tbody>\n<tr>\n<td>\n<ul>\n<li>Billeke, P., Ossandon, T., Perrone-Bertolotti, M., Kahane, P., Bastin, J., Jerbi, K., &#8230; &amp; Fuentealba, P. (2020). Human anterior insula encodes performance feedback and relays prediction error to the medial prefrontal cortex. Cerebral Cortex, 30(7), 4011-4025.<\/li>\n<li>Asp\u00e9-S\u00e1nchez, M., Mengotti, P., Rumiati, R., Rodr\u00edguez-Sickert, C., Ewer, J., &amp; Billeke, P. (2020). Late Frontal Negativity Discriminates Outcomes and Intentions in Trust-Repayment Behavior. Frontiers in psychology, 11.<\/li>\n<li>Zamorano F, Kausel L, Albornoz C, Lavin C, Figueroa-Vargas A, Stecher X, Arag\u00f3n-Caqueo D, Carrasco X, Aboitiz F and Billeke P (2020) Lateral Prefrontal Theta Oscillations Reflect Proactive Cognitive Control Impairment in Males With Attention Deficit Hyperactivity Disorder. Front. Syst. Neurosci. 14:37. doi: 10.3389\/fnsys.2020.00037<\/li>\n<li>Kausel, L., Zamorano, F., Billeke, P., Sutherland, M. E., Larrain-Valenzuela, J., Stecher, X., &#8230; &amp; Aboitiz, F. (2020). Neural dynamics of improved bimodal attention and working memory in musically trained children. Frontiers in Neuroscience, 14, 1023.<\/li>\n<li>Figueroa-Vargas, A., C\u00e1rcamo, C., Henr\u00edquez-Ch, R., Zamorano, F., Ciampi, E., Uribe-San-Martin, R., &#8230; &amp; Billeke, P. (2020). Frontoparietal connectivity correlates with working memory performance in multiple sclerosis. Scientific Reports, 10(1), 1-13.<\/li>\n<li>Contreras M, Billeke P, Vicencio S, Madrid C, Perdomo G, Gonz\u00e1lez M, Torrealba F (2012): A Role for the Insular Cortex in Long-Term Memory for Context-Evoked Drug Craving in Rats. Neuropsychopharmacology 37:2101\u20138. 10.1038\/npp.2012.59, Q1.<\/li>\n<li>Billeke P, Zamorano F, Cosmelli D, Aboitiz F (2013): Oscillatory brain activity correlates with risk perception and predicts social decisions. Cereb Cortex 23. 10.1093\/cercor\/bhs269, Q1.<\/li>\n<li>Billeke P, Boardman S, Doraiswamy PM (2013): Social cognition in major depressive disorder: A new paradigm? Transl Neurosci 4:437\u2013447. 10.2478\/s13380-013-0147-9, Q4.<\/li>\n<li>Billeke P, Zamorano F, Chavez M, Cosmelli D, Aboitiz F (2014): Functional network dynamics in alpha band correlate with social bargaining. PLoS One 9:e109829. 10.1371\/journal.pone.0109829, Q1.<\/li>\n<li>Zamorano F, Billeke P, Hurtado JM, L\u00f3pez V, Carrasco X, Ossand\u00f3n T, Aboitiz F (2014): Temporal Constraints of Behavioral Inhibition: Relevance of Inter-stimulus Interval in a Go-Nogo Task. Ed. Chris Chambers. PLoS One 9:e87232. 10.1371\/journal.pone.0087232. Q1.<\/li>\n<li>Billeke P, Zamorano F, L\u00f3pez T, Rodriguez C, Cosmelli D, Aboitiz F (2014): Someone has to Give In: Theta Oscillations Correlate with Adaptive Behavior in Social Bargaining. Soc Cogn Affect Neurosci 9:2041\u20132048. 10.1371\/journal.pone.0087232, Q1.<\/li>\n<li>Soto-Icaza P, Aboitiz F, Billeke P (2015): Development of social skills in children: neural and behavioral evidence for the elaboration of cognitive models. Front Neurosci 9:1\u201316. 10.1371\/journal.pone.0087232, Q1.<\/li>\n<li>Billeke P, Armijo A, Castillo D, L\u00f3pez T, Zamorano F, Cosmelli D, Aboitiz F (2015): Paradoxical Expectation: Oscillatory Brain Activity Reveals Social Interaction Impairment in Schizophrenia. Biol Psychiatry 78:421\u201331. 10.1016\/j.biopsych.2015.02.012, Q1.<\/li>\n<li>Henr\u00edquez-Henr\u00edquez MP, Billeke P, Henr\u00edquez H, Zamorano FJ, Rothhammer F, Aboitiz F (2015): Intra-Individual Response Variability Assessed by Ex-Gaussian Analysis may be a New Endophenotype for Attention-Deficit\/Hyperactivity Disorder. Front Psychiatry 5:1\u20138. 10.3389\/fpsyt.2014.00197, Q1.<\/li>\n<li>Melloni M, Billeke P, Baez S, Hesse E, de la Fuente L, Forno G, Birba A, Garc\u00eda-Cordero I, Serrano C, Plastino A, Slachevsky A, Huepe D, Sigman M, Manes F, Garc\u00eda AM, Sede\u00f1o L, Ib\u00e1\u00f1ez A (2016): Your perspective and my benefit: multiple lesion models of self-other integration strategies during social bargaining. Brain 139:3022\u20133040. \u00a010.1093\/brain\/aww231,Q1.<\/li>\n<li>Billeke P (2016): The More I Get to Know You, the More I Distrust You? Non-linear Relationship between Social Skills and Social Behavior. Front psychiatry 7:49. 10.3389\/fpsyt.2016.00049,Q1.<\/li>\n<li>Henr\u00edquez RA, Chica AB, Billeke P, Bartolomeo P (2016): Fluctuating Minds: Spontaneous Psychophysical Variability during Mind-Wandering. PLoS One 11:e0147174. 10.3389\/fpsyt.2016.00049,Q1.<\/li>\n<li>Larrain-Valenzuela J, Zamorano F, Soto-Icaza P, Carrasco X, Herrera C, Daiber F, Aboitiz F, Billeke P (2017): Theta and Alpha Oscillation Impairments in Autistic Spectrum Disorder Reflect Working Memory Deficit. Sci Rep 7:14328., 10.1038\/s41598-017-14744-8, Q1.<\/li>\n<li>Zamorano F, Billeke P, Kausel L, Larrain J, Stecher X, Hurtado JM, L\u00f3pez V, Carrasco X, Aboitiz F (2017): Lateral prefrontal activity as a compensatory strategy for deficits of cortical processing in Attention Deficit Hyperactivity Disorder. Sci Rep 7:7181. 10.1038\/s41598-017-07681-z, Q1.<\/li>\n<li>Billeke P, Ossandon T, Stockle M, Perrone-Bertolotti M, Kahane P, Lachaux J-P, Fuentealba P (2017): Brain state-dependent recruitment of high-frequency oscillations in the human hippocampus. Cortex 94:87\u201399., 10.1016\/j.cortex.2017.06.002, Q1.<\/li>\n<li>Villena-Gonz\u00e1lez M, Mo\u00ebnne-Loccoz C, Lagos RA, Alliende LM, Billeke P, Aboitiz F, L\u00f3pez V, Cosmelli D (2017): Attending to the heart is associated with posterior alpha band increase and a reduction in sensitivity to concurrent visual stimuli. Psychophysiology. 10.1111\/psyp.12894, Q2.<\/li>\n<li>Ib\u00e1\u00f1ez A, Billeke P, de la Fuente L, Salamone P, Garc\u00eda AM, Melloni M (2017): Reply: Towards a neurocomputational account of social dysfunction in neurodegenerative disease. Brain 140:e15. 10.1093\/brain\/aww316, Q1.<\/li>\n<\/ul>\n<\/td>\n<td bgcolor=\"#551A8B\"><\/td>\n<\/tr>\n<\/tbody>\n<\/table>\n<\/td>\n<\/tr>\n<tr>\n<td>\n<h2>PROYECTOS<\/h2>\n<table border=\"1\" cellspacing=\"1\" cellpadding=\"1\">\n<tbody>\n<tr>\n<td>\n<ul>\n<li>Procesos cerebrales implicados en la toma de decisiones sociales: desentramando el rol de las cortezas de la regi\u00f3n te\u0301mporo-parietal, CONICYT &#8211; FONDECYT DE INICIACI\u00d3N 2014, 2014<\/li>\n<li>Modulation of proactive cognitive control through prefrontal oscillatory training. CONICYT &#8211; FONDECYT REGULAR 2018<\/li>\n<li>Inserci\u00f3n Capital Humano Avanzado en la Academia: Apoyo a la formaci\u00f3n del Doctorado en Ciencia Social de la UDD, y fortalecimiento de la investigaci\u00f3n multidisciplinaria, a trav\u00e9s del estudio de la variabilidad conductual en grupos sociales y sus correlatos electrofisiol\u00f3gicos, CONICYT &#8211; 2013-2016<\/li>\n<li>Desarrollo e implementaci\u00f3n de un sistema de estimulaci\u00f3n magn\u00e9tica transcraneal y de registro electroencefalogr\u00e1fico simult\u00e1neo para el estudio de las bases neurobiol\u00f3gicas de procesos cognitivos y la conducta social, FONDEQUIP, 2016-2017.<\/li>\n<\/ul>\n<\/td>\n<td bgcolor=\"#551A8B\"><\/td>\n<\/tr>\n<\/tbody>\n<\/table>\n<\/td>\n<\/tr>\n<\/tbody>\n<\/table>\n\t\t<\/div>\n\t<\/div>\n<\/div>\n"},"identifier":"2d1f9375dc8d46012211f46d3d42de1ea13d797c","has_credential":[],"given_name":"Pablo","family_name":"Billeke","name":"Pablo Billeke","job_title":"Ph.D. en Ciencias M\u00e9dicas, Pontificia Universidad Cat\u00f3lica de Chile - Profesor Claustro DCCS","telephone":"","note":"Profesor Claustro DCCS\nDirector Laboratorio de Neurociencia Social y Neuromodulaci\u00f3n, Centro de Investigaci\u00f3n en Complejidad Social, Facultad de Gobierno, Universidad del Desarrollo.\n\nPh.D. en Ciencias M\u00e9dicas, Pontificia Universidad Cat\u00f3lica de Chile.\nM\u00e9dico Cirujano por la Universidad de Chile.\nLicenciado en Medicina, Universidad de Chile.\nDiplomado en Bases Biol\u00f3gicas y Evolutivas de la Psiquiatr\u00eda, Universidad Cat\u00f3lica de Chile.\n\n\n","im":"","_self_schedule":null,"_links":{"self":[{"href":"https:\/\/gobierno.udd.cl\/doctorate\/wp-json\/wp\/v2\/people\/539","targetHints":{"allow":["GET"]}}],"collection":[{"href":"https:\/\/gobierno.udd.cl\/doctorate\/wp-json\/wp\/v2\/people"}],"about":[{"href":"https:\/\/gobierno.udd.cl\/doctorate\/wp-json\/wp\/v2\/types\/person"}],"wp:featuredmedia":[{"embeddable":true,"href":"https:\/\/gobierno.udd.cl\/doctorate\/wp-json\/wp\/v2\/media\/88"}],"wp:attachment":[{"href":"https:\/\/gobierno.udd.cl\/doctorate\/wp-json\/wp\/v2\/media?parent=539"}],"wp:term":[{"taxonomy":"people_tax","embeddable":true,"href":"https:\/\/gobierno.udd.cl\/doctorate\/wp-json\/wp\/v2\/people_tax?post=539"},{"taxonomy":"people_areas","embeddable":true,"href":"https:\/\/gobierno.udd.cl\/doctorate\/wp-json\/wp\/v2\/people_areas?post=539"},{"taxonomy":"people_levels","embeddable":true,"href":"https:\/\/gobierno.udd.cl\/doctorate\/wp-json\/wp\/v2\/people_levels?post=539"}],"curies":[{"name":"wp","href":"https:\/\/api.w.org\/{rel}","templated":true}]}}