{"id":530,"date":"2017-11-15T18:11:10","date_gmt":"2017-11-15T18:11:10","guid":{"rendered":"http:\/\/dccs.udd.cl\/?post_type=person&amp;p=530"},"modified":"2017-11-15T18:11:10","modified_gmt":"2017-11-15T18:11:10","slug":"jorge-fabrega-2","status":"publish","type":"person","link":"https:\/\/gobierno.udd.cl\/doctorate\/persona\/jorge-fabrega-2\/","featured_media":77,"template":"","people_tax":[713],"people_areas":[],"people_levels":[],"class_list":["post-530","person","type-person","status-publish","has-post-thumbnail","hentry","people_tax-claustro"],"yoast_head":"<!-- This site is optimized with the Yoast SEO plugin v26.9 - https:\/\/yoast.com\/product\/yoast-seo-wordpress\/ -->\n<title>Jorge F\u00e1brega Lacoa - Doctoral Program in Social Complexity Sciences<\/title>\n<meta name=\"robots\" content=\"index, follow, max-snippet:-1, max-image-preview:large, max-video-preview:-1\" \/>\n<link rel=\"canonical\" href=\"https:\/\/gobierno.udd.cl\/doctorate\/persona\/jorge-fabrega-2\/\" \/>\n<meta property=\"og:locale\" content=\"en_US\" \/>\n<meta property=\"og:type\" content=\"article\" \/>\n<meta property=\"og:title\" content=\"Jorge F\u00e1brega Lacoa - Doctoral Program in Social Complexity Sciences\" \/>\n<meta property=\"og:url\" content=\"https:\/\/gobierno.udd.cl\/doctorate\/persona\/jorge-fabrega-2\/\" \/>\n<meta property=\"og:site_name\" content=\"Doctoral Program in Social Complexity Sciences\" \/>\n<meta property=\"og:image\" content=\"https:\/\/gobierno.udd.cl\/doctorate\/files\/2017\/10\/persona-jorge-fabrega.jpg\" \/>\n\t<meta property=\"og:image:width\" content=\"125\" \/>\n\t<meta property=\"og:image:height\" content=\"125\" \/>\n\t<meta property=\"og:image:type\" content=\"image\/jpeg\" \/>\n<meta name=\"twitter:card\" content=\"summary_large_image\" \/>\n<script type=\"application\/ld+json\" class=\"yoast-schema-graph\">{\"@context\":\"https:\/\/schema.org\",\"@graph\":[{\"@type\":\"WebPage\",\"@id\":\"https:\/\/gobierno.udd.cl\/doctorate\/persona\/jorge-fabrega-2\/\",\"url\":\"https:\/\/gobierno.udd.cl\/doctorate\/persona\/jorge-fabrega-2\/\",\"name\":\"Jorge F\u00e1brega Lacoa - Doctoral Program in Social Complexity Sciences\",\"isPartOf\":{\"@id\":\"https:\/\/gobierno.udd.cl\/doctorate\/#website\"},\"primaryImageOfPage\":{\"@id\":\"https:\/\/gobierno.udd.cl\/doctorate\/persona\/jorge-fabrega-2\/#primaryimage\"},\"image\":{\"@id\":\"https:\/\/gobierno.udd.cl\/doctorate\/persona\/jorge-fabrega-2\/#primaryimage\"},\"thumbnailUrl\":\"https:\/\/gobierno.udd.cl\/doctorate\/files\/2017\/10\/persona-jorge-fabrega.jpg\",\"datePublished\":\"2017-11-15T18:11:10+00:00\",\"breadcrumb\":{\"@id\":\"https:\/\/gobierno.udd.cl\/doctorate\/persona\/jorge-fabrega-2\/#breadcrumb\"},\"inLanguage\":\"en-US\",\"potentialAction\":[{\"@type\":\"ReadAction\",\"target\":[\"https:\/\/gobierno.udd.cl\/doctorate\/persona\/jorge-fabrega-2\/\"]}]},{\"@type\":\"ImageObject\",\"inLanguage\":\"en-US\",\"@id\":\"https:\/\/gobierno.udd.cl\/doctorate\/persona\/jorge-fabrega-2\/#primaryimage\",\"url\":\"https:\/\/gobierno.udd.cl\/doctorate\/files\/2017\/10\/persona-jorge-fabrega.jpg\",\"contentUrl\":\"https:\/\/gobierno.udd.cl\/doctorate\/files\/2017\/10\/persona-jorge-fabrega.jpg\",\"width\":125,\"height\":125},{\"@type\":\"BreadcrumbList\",\"@id\":\"https:\/\/gobierno.udd.cl\/doctorate\/persona\/jorge-fabrega-2\/#breadcrumb\",\"itemListElement\":[{\"@type\":\"ListItem\",\"position\":1,\"name\":\"Portada\",\"item\":\"https:\/\/gobierno.udd.cl\/doctorate\/\"},{\"@type\":\"ListItem\",\"position\":2,\"name\":\"Personas\",\"item\":\"https:\/\/gobierno.udd.cl\/doctorate\/persona\/\"},{\"@type\":\"ListItem\",\"position\":3,\"name\":\"Jorge F\u00e1brega Lacoa\"}]},{\"@type\":\"WebSite\",\"@id\":\"https:\/\/gobierno.udd.cl\/doctorate\/#website\",\"url\":\"https:\/\/gobierno.udd.cl\/doctorate\/\",\"name\":\"Doctoral Program in Social Complexity Sciences\",\"description\":\"\",\"inLanguage\":\"en-US\"}]}<\/script>\n<!-- \/ Yoast SEO plugin. -->","yoast_head_json":{"title":"Jorge F\u00e1brega Lacoa - Doctoral Program in Social Complexity Sciences","robots":{"index":"index","follow":"follow","max-snippet":"max-snippet:-1","max-image-preview":"max-image-preview:large","max-video-preview":"max-video-preview:-1"},"canonical":"https:\/\/gobierno.udd.cl\/doctorate\/persona\/jorge-fabrega-2\/","og_locale":"en_US","og_type":"article","og_title":"Jorge F\u00e1brega Lacoa - Doctoral Program in Social Complexity Sciences","og_url":"https:\/\/gobierno.udd.cl\/doctorate\/persona\/jorge-fabrega-2\/","og_site_name":"Doctoral Program in Social Complexity Sciences","og_image":[{"width":125,"height":125,"url":"https:\/\/gobierno.udd.cl\/doctorate\/files\/2017\/10\/persona-jorge-fabrega.jpg","type":"image\/jpeg"}],"twitter_card":"summary_large_image","schema":{"@context":"https:\/\/schema.org","@graph":[{"@type":"WebPage","@id":"https:\/\/gobierno.udd.cl\/doctorate\/persona\/jorge-fabrega-2\/","url":"https:\/\/gobierno.udd.cl\/doctorate\/persona\/jorge-fabrega-2\/","name":"Jorge F\u00e1brega Lacoa - Doctoral Program in Social Complexity Sciences","isPartOf":{"@id":"https:\/\/gobierno.udd.cl\/doctorate\/#website"},"primaryImageOfPage":{"@id":"https:\/\/gobierno.udd.cl\/doctorate\/persona\/jorge-fabrega-2\/#primaryimage"},"image":{"@id":"https:\/\/gobierno.udd.cl\/doctorate\/persona\/jorge-fabrega-2\/#primaryimage"},"thumbnailUrl":"https:\/\/gobierno.udd.cl\/doctorate\/files\/2017\/10\/persona-jorge-fabrega.jpg","datePublished":"2017-11-15T18:11:10+00:00","breadcrumb":{"@id":"https:\/\/gobierno.udd.cl\/doctorate\/persona\/jorge-fabrega-2\/#breadcrumb"},"inLanguage":"en-US","potentialAction":[{"@type":"ReadAction","target":["https:\/\/gobierno.udd.cl\/doctorate\/persona\/jorge-fabrega-2\/"]}]},{"@type":"ImageObject","inLanguage":"en-US","@id":"https:\/\/gobierno.udd.cl\/doctorate\/persona\/jorge-fabrega-2\/#primaryimage","url":"https:\/\/gobierno.udd.cl\/doctorate\/files\/2017\/10\/persona-jorge-fabrega.jpg","contentUrl":"https:\/\/gobierno.udd.cl\/doctorate\/files\/2017\/10\/persona-jorge-fabrega.jpg","width":125,"height":125},{"@type":"BreadcrumbList","@id":"https:\/\/gobierno.udd.cl\/doctorate\/persona\/jorge-fabrega-2\/#breadcrumb","itemListElement":[{"@type":"ListItem","position":1,"name":"Portada","item":"https:\/\/gobierno.udd.cl\/doctorate\/"},{"@type":"ListItem","position":2,"name":"Personas","item":"https:\/\/gobierno.udd.cl\/doctorate\/persona\/"},{"@type":"ListItem","position":3,"name":"Jorge F\u00e1brega Lacoa"}]},{"@type":"WebSite","@id":"https:\/\/gobierno.udd.cl\/doctorate\/#website","url":"https:\/\/gobierno.udd.cl\/doctorate\/","name":"Doctoral Program in Social Complexity Sciences","description":"","inLanguage":"en-US"}]}},"label":"Jorge F\u00e1brega Lacoa","title":{"rendered":"Jorge F\u00e1brega Lacoa"},"role":"Ph.D. en Pol\u00edticas P\u00fablicas, Universidad de Chicago - Profesor Claustro DCCS","thumbnail_url":"https:\/\/gobierno.udd.cl\/doctorate\/files\/2017\/10\/persona-jorge-fabrega.jpg","email":"","tel_job":"","content":{"rendered":"<div class=\"person-modal person-modal--scl\">\n\t<header class=\"person-modal__header\">\n\t\t<div class=\"person-modal__bg\"><\/div>\n\t\t<div class=\"modal-container\">\n\t\t\t\t\t\t<div class=\"person-modal__media\">\n\t\t\t\t<img width=\"125\" height=\"125\" src=\"https:\/\/gobierno.udd.cl\/doctorate\/files\/2017\/10\/persona-jorge-fabrega-62x62.jpg\" class=\"person-modal__image wp-post-image lazyload\" alt=\"\" decoding=\"async\" loading=\"lazy\" sizes=\"auto, (max-width: 125px) 100vw, 125px\" data-src=\"https:\/\/gobierno.udd.cl\/doctorate\/files\/2017\/10\/persona-jorge-fabrega.jpg\" data-srcset=\"https:\/\/gobierno.udd.cl\/doctorate\/files\/2017\/10\/persona-jorge-fabrega.jpg 125w, https:\/\/gobierno.udd.cl\/doctorate\/files\/2017\/10\/persona-jorge-fabrega-62x62.jpg 62w\" \/>\t\t\t<\/div>\n\t\t\t\t\t\t<div class=\"person-modal__data\">\n\t\t\t\t<h1 class=\"person-modal__name\">Jorge F\u00e1brega Lacoa<\/h1>\n\t\t\t\t\t\t\t<span class=\"person-modal__description\">Ph.D. en Pol\u00edticas P\u00fablicas, Universidad de Chicago - Profesor Claustro DCCS<\/span>\n\t\t\t\t\t\t\t\t\t\t\t\t\t\t\t<\/div>\n\t\t<\/div>\n\t<\/header>\n\t<div class=\"modal-container\">\n\t\t\t<div class=\"person-modal__content text\">\n\t\t\t\t\t<p>Profesor Claustro DCCS<br \/>\nDirector Doctorado en Ciencias de la Complejidad Social, Centro de Investigaci\u00f3n en Complejidad Social, Facultad de Gobierno, Universidad del Desarrollo.<\/p>\n<p>Ph.D. en Pol\u00edticas P\u00fablicas, Universidad de Chicago.<br \/>\nMag\u00edster en Pol\u00edticas P\u00fablica, Universidad de Chicago.<br \/>\nSoci\u00f3logo, Pontificia Universidad Cat\u00f3lica de Chile.<br \/>\nIngeniero Comercial, menci\u00f3n econom\u00eda, Pontificia Universidad Cat\u00f3lica de Chile.<\/p>\n\t\t\t\t\t\t\t\t\t\t<h3><span>L\u00cdNEA DE INVESTIGACI\u00d3N<\/span><\/h3>\n<p><strong>Ciencias sociales computacionales<\/strong><\/p>\n<p><strong>\u00c1reas de Investigaci\u00f3n:<\/strong><br \/>\nRedes Sociales, Econom\u00eda Pol\u00edtica.<\/p>\n<p><strong>Informaci\u00f3n de contacto:<\/strong><br \/>\nMail: jfabrega@udd.cl<br \/>\n<a href=\"https:\/\/scholar.google.com\/citations?user=VM3OxhsAAAAJ&amp;hl=es\">Google Scholar<\/a><br \/>\nTel\u00e9fono 56 (2) 25783434<br \/>\nDirecci\u00f3n: Av. Las Condes 12461, Las Condes, Santiago de Chile.<\/p>\n<h3><span>PRODUCTOS<\/span><\/h3>\n<table border=\"1\" width=\"531\" cellspacing=\"1\" cellpadding=\"1\">\n<tbody>\n<tr>\n<td>\n<h2>PAPERS<\/h2>\n<table border=\"1\" cellspacing=\"1\" cellpadding=\"1\">\n<tbody>\n<tr>\n<td><strong>Peer reviewed papers<\/strong><\/p>\n<ul>\n<li>Urrutia, J. y J. F\u00e1brega (2021): &#8220;Impact of fiscal incentives in the consumption of low emission vehicles&#8221; en Case Studies on Transport Policy.\u00a0<a class=\"doi\" title=\"Persistent link using digital object identifier\" href=\"https:\/\/doi.org\/10.1016\/j.cstp.2021.06.003\" target=\"_blank\" rel=\"noreferrer noopener\" aria-label=\"Persistent link using digital object identifier\">https:\/\/doi.org\/10.1016\/j.cstp.2021.06.003<\/a><\/li>\n<li>Varela, J. J., F\u00e1brega, J., Carrillo, G., Benavente, M., Alfaro, J., &amp; Rodr\u00edguez, C. (2020). Bullying and subjective well-being: A hierarchical socioeconomical status analysis of Chilean adolescents. Children and Youth Services Review, 118, 105398.<\/li>\n<li>2020 \u201cContribuy\u00f3 el aumento del cat\u00e1logo de penas alternativas y el resto de modificaciones legales a cambiar el perfil de la poblaci\u00f3n condenada en el sistema abierto? Evidencia para Chile\u201d. Revista Criminalidad with Sebasti\u00e1n Salineros.<\/li>\n<li>2019 \u201cEl fin de la democracia de los consensos: Polarizaci\u00f3n en el Chile post Pinochet&#8221; (with J0rge Gonz\u00e1lez and Jaime Lindh). Revista de Ciencias Pol\u00edticas.<\/li>\n<li>2018 <span>Polarization<\/span> <span>and<\/span> <span>Electoral<\/span> <span>Incentives:<\/span> <span>The<\/span> <span>End<\/span> <span>of<\/span> <span>the<\/span> <span>Chilean<\/span> <span>Consensus<\/span> <span>Democracy,<\/span> <span>1990\u20132014<\/span> <span>(with Jorge Gonz\u00e1lez and Jaime Lindh). Latin American Politics and<\/span> <span>Society.<\/span><\/li>\n<li>2016 Do we need polls? Why Twitter will not replace opinion surveys, but can complement them. En &gt;Digital Methodsfor Social Science: An Interdisciplinary Guide to Research Innovation. Editorial. Palgrave Macmillan (with Javier Sajuria)<\/li>\n<li>2014 Reincidencia y Especializaci\u00f3n (with Ana Mar\u00eda Morales and Nicol\u00e1s Mu\u00f1oz). Pol\u00edtica Criminal 9 (18), p: 521-542 (SCOPUS)<\/li>\n<li>2014 The Emergence of Political Discourse on Digital Networks: The Case of the Occupy Movement (with Javier Sajuria). Journal of Organization Design and Engineering. Vol. 3 No. 3\/4 p: 210-222.<\/li>\n<li>2013 Social Contagion and Cascade Behavior on Twitter (with Pablo Paredes). Information 4 (2), p: 171- 181 (SCOPUS)<\/li>\n<li>2013 El impacto del rating televisivo sobre la actividad en Twitter &#8211; Evidencia para Chile (with George Vega). Cuadernos. Info 33 (Diciembre), p:43-52 (SCOPUS)<\/li>\n<li>2012 \u201cEl Aborto y los l\u00edmites de la Autonom\u00eda\u201d Estudios P\u00fablicos, vol 128, pp: 66-88<\/li>\n<li>F\u00c1BREGA, Jorge; MORALES, Ana Mar\u00eda; MU\u00d1OZ, Nicol\u00e1s, 2014, Delito y especializaci\u00f3n en Chile, Pol\u00edtica criminal, Centro de Estudios de Derecho Penal de la Universidad de Talca, ISSN: 0718-3399, Cuartil de la categor\u00eda: Q3.<\/li>\n<li>Jorge F\u00e1brega, George Vega, 2013, El Impacto del Rating Televisivo Sobre la Actividad en Twitter: Evidencia para Chile Sobre la Base del Evento Telet\u00f3n 2012, Cuadernos.info, Facultad de Comunicaciones de la Pontificia Universidad Cat\u00f3lica de Chile, ISSN: 0719367X, 07193661, DOI: 10.7764\/cdi.33.533, Cuartil de la categor\u00eda: Q3.<\/li>\n<li>F\u00e1brega, J.; Paredes, P., 2013, Social contagion and cascade behaviors on twitter, Information (Switzerland), Multidisciplinary Digital Publishing Institute (MDPI), ISSN: 20782489, DOI: 10.3390\/info4020171.<\/li>\n<\/ul>\n<p><strong>Libros<\/strong><\/p>\n<ul>\n<li><span lang=\"EN-US\">2014 F\u00e1brega, Jorge: Who is Who in Petty Corruption: The Rationability Behind Small Bribes. Scholars\u2019<\/span><span lang=\"EN-US\">Press.<\/span><\/li>\n<li><span lang=\"EN-US\">2012 La reincidencia en el sistema penitenciario chileno. Edited by Fundaci\u00f3n Paz Ciudadana (with Ana Mar\u00eda Morales, German Welsch and Nicol\u00e1s Mu\u00f1oz)<\/span><\/li>\n<\/ul>\n<p><strong>Cap\u00edtulos de Libros, Documentos de Trabajo y Otros<\/strong><\/p>\n<ul>\n<li>&#8220;Econom\u00eda sin Economicismos&#8221;, en<br \/>\nPrimera Persona Singular: Reflexiones en torno al Individualismo.\u00a0Instituto de Estudios de la Sociedad. Chapter 3.<\/li>\n<li>2017 \u201cDel Espacio P\u00fablico y el Bien P\u00fablico\u201d Revista Societas<\/li>\n<li>\u201cCriminal Networks\u201d in Global Encyclopedia of Public Administration, PublicPolicy, and Governance, editado por Mauricio Olavarria Gambi and Ali Farazmand. Springer.<\/li>\n<li>2016 \u201cLa Ceguera en las Ciencias Sociales\u201d. Estudios P\u00fablicos, 142 (oto\u00f1o 2016), 203-214<\/li>\n<li>2016 \u201cLos inmigrantes y la formaci\u00f3n de instituciones\u201d in Los Invisibles: por qu\u00e9 la pobreza y la exclusi\u00f3n social dejaron de ser prioridad. Instituto de Estudios de la Sociedad. Chapter 5.<\/li>\n<li>2015 \u201cEl eslab\u00f3n olvidado: Rese\u00f1a del libro Subsidiariedad\u201d. Estudios P\u00fablicos 140, Spring. 2014 \u00bfEstado Laicista o Estado Laico? En Asuntos P\u00fablicos, Informe N\u00ba 1.114.<\/li>\n<li>2014 Focalizaci\u00f3n versus Universalidad \u00bfEl fin del consenso entre los economistas? Disponible en:\u00a0<span><a href=\"http:\/\/www.estudiosdelaeconomia.wordpress.com\/\"> www.estudiosdelaeconomia.wordpress.com<\/a><\/span><\/li>\n<li>2013 \u201cEl ciberactivismo en contexto\u201d en Activismo Digital en Chile. Fundaci\u00f3n Democracia y Desarrollo, 125- 144.<\/li>\n<li>2013 \u201cPol\u00edtica en 140 caracteres\u201d en Intermedios, Medios de Comunicaci\u00f3n y Democracia en Chile, edited by Patricio Navia and Arturo Arriagada, Ediciones Universidad Diego Portales (with Pablo Paredes)<\/li>\n<li><span lang=\"EN-US\">2013 \u201cTwitter y Rating Televisivo en Chile\u201d in Primer Informe Anual de Industria Anatel. Asociaci\u00f3n Nacional de Televisi\u00f3n, Universidad Diego Portales, Conecta Media Research eds. Santiago. Chile (with Pablo Paredes and George Vega)<\/span><\/li>\n<li><span lang=\"EN-US\">2011 \u201cDesarrollo y Cooperaci\u00f3n Sino-Latinoamericanas: Por qu\u00e9 el Aprendizaje del Chino Mandar\u00edn puede Generar Beneficios de larga Duraci\u00f3n en el Bienestar de un Pa\u00eds como Chile?\u201d. Universidad de Econom\u00eda y Comercio Internacional \u2013 UIBE, Beijing, China (with Rodrigo F\u00e1brega y Karina Pi\u00f1a)<\/span><\/li>\n<li>2010 La demograf\u00eda de la blog\u00f3sfera chilena 2009, Working paper #4, School of Government, Adolfo Ib\u00e1\u00f1ez University.<\/li>\n<\/ul>\n<\/td>\n<td bgcolor=\"#551A8B\"><\/td>\n<\/tr>\n<\/tbody>\n<\/table>\n<\/td>\n<\/tr>\n<tr>\n<td>\n<h2>PROYECTOS<\/h2>\n<table border=\"1\" cellspacing=\"1\" cellpadding=\"1\">\n<tbody>\n<tr>\n<td>\n<ul>\n<li>FONDECYT Regular N\u00b0 1210254 &#8220;Estudio sobre factores de riesgo y prognosis de reincidencia legal, penal y\/o penitenciaria en penados del sistema cerrado en c\u00e1rceles chilenas&#8221;. Coinvestigador (con Mauricio Olavarr\u00eda &#8211; PI; Rodrigo Pantoja)<\/li>\n<li>\u201cPlataforma de juegos digitales para la medici\u00f3n de las disposiciones a la cooperaci\u00f3n para la convivencia escolar\u201d, FONDEF II, 2016-2018.<\/li>\n<li>\u201cEvaluaci\u00f3n de las penas sustitutivas y el camino hacia una pol\u00edtica criminal moderna de alternativas a la c\u00e1rcel\u201d, FONDECYT, \u00a02016-2018.<\/li>\n<li>Identificaci\u00f3n de sesgo de referencia en indicadores de autoestima acad\u00e9mica y clima de convivencia escolar, Agencia de la Calidad de la Educaci\u00f3n, 2017, consultor\u00eda.<\/li>\n<li>Estudio de satisfacci\u00f3n de usuarios, Direcci\u00f3n del Trabajo, consultor\u00eda.<\/li>\n<li>Encuesta de violencia intrafamiliar, Subsecretar\u00eda de Prevenci\u00f3n del Delito. Ministerio del Interior, 2016, consultor\u00eda.<\/li>\n<li>Estudio de caracterizaci\u00f3n de las personas en situaci\u00f3n de calle, 2016, Ministerio de Desarrollo Social, consultor\u00eda.<\/li>\n<li>Nationwide survey and focus groups in Chile, 2016, Departamento de Estado de los Estados Unidos, consultor\u00eda.<\/li>\n<li>Internationalization status of smes in the Apec region: Chilean chapter, 2016, Korea Small and Medium Institute (KOSBI).<\/li>\n<li>Estudio propuesta metodol\u00f3gica para la evaluaci\u00f3n t\u00e9cnica de modificaciones de la divisi\u00f3n pol\u00edtica administrativa del pa\u00eds, Subsecretar\u00eda de Desarrollo Regional (SUBDERE) y Centro de Investigaci\u00f3n Territorial de la Universidad Adolfo Ib\u00e1\u00f1ez, 2015-2016, consultor\u00eda.<\/li>\n<li>Encuesta de opini\u00f3n p\u00fablica en Coquimbo y La Serena. iniciativas ciudades emergentes y sostenibles (ICES), Banco Interamericano de Desarrollo, 2015, consultor\u00eda.<\/li>\n<li>Encuesta de opini\u00f3n p\u00fablica en Puerto Montt y Puerto Varas, Banco Interamericano de Desarrollo, 2015, consultor\u00eda.<\/li>\n<li>Careers Of Doctorate Holders, Ministerio de Econom\u00eda, 2015.<\/li>\n<li>Evaluaci\u00f3n del Dise\u00f1o y el Piloto del Programa +Capaz, Linea Discapacidad, Servicio Nacional de Capacitaci\u00f3n (SENCE), 2015, consultor\u00eda.<\/li>\n<li>Estudio de Percepci\u00f3n de Marcas, Televisi\u00f3n Nacional de Chile, 2014-15, consultor\u00eda.<\/li>\n<li>Herramientas para el Diagn\u00f3stico de la Corrupci\u00f3n e Identificaci\u00f3n de Nichos para el desarrollo de Acciones Conducentes al Fortalecimiento de la Gobernabilidad. Banco Interamericano de Desarrollo, 2009.<\/li>\n<\/ul>\n<\/td>\n<td bgcolor=\"#551A8B\"><\/td>\n<\/tr>\n<\/tbody>\n<\/table>\n<\/td>\n<\/tr>\n<\/tbody>\n<\/table>\n\t\t<\/div>\n\t<\/div>\n<\/div>\n"},"identifier":"f3484e218cdf8ebb6b9727fb46826d60580e1eb1","has_credential":[],"given_name":"Jorge","family_name":"F\u00e1brega Lacoa","name":"Jorge F\u00e1brega Lacoa","job_title":"Ph.D. en Pol\u00edticas P\u00fablicas, Universidad de Chicago - Profesor Claustro DCCS","telephone":"","note":"Profesor Claustro DCCS\nDirector Doctorado en Ciencias de la Complejidad Social, Centro de Investigaci\u00f3n en Complejidad Social, Facultad de Gobierno, Universidad del Desarrollo.\n\nPh.D. en Pol\u00edticas P\u00fablicas, Universidad de Chicago.\nMag\u00edster en Pol\u00edticas P\u00fablica, Universidad de Chicago.\nSoci\u00f3logo, Pontificia Universidad Cat\u00f3lica de Chile.\nIngeniero Comercial, menci\u00f3n econom\u00eda, Pontificia Universidad Cat\u00f3lica de Chile.\n","im":"","_self_schedule":null,"_links":{"self":[{"href":"https:\/\/gobierno.udd.cl\/doctorate\/wp-json\/wp\/v2\/people\/530","targetHints":{"allow":["GET"]}}],"collection":[{"href":"https:\/\/gobierno.udd.cl\/doctorate\/wp-json\/wp\/v2\/people"}],"about":[{"href":"https:\/\/gobierno.udd.cl\/doctorate\/wp-json\/wp\/v2\/types\/person"}],"wp:featuredmedia":[{"embeddable":true,"href":"https:\/\/gobierno.udd.cl\/doctorate\/wp-json\/wp\/v2\/media\/77"}],"wp:attachment":[{"href":"https:\/\/gobierno.udd.cl\/doctorate\/wp-json\/wp\/v2\/media?parent=530"}],"wp:term":[{"taxonomy":"people_tax","embeddable":true,"href":"https:\/\/gobierno.udd.cl\/doctorate\/wp-json\/wp\/v2\/people_tax?post=530"},{"taxonomy":"people_areas","embeddable":true,"href":"https:\/\/gobierno.udd.cl\/doctorate\/wp-json\/wp\/v2\/people_areas?post=530"},{"taxonomy":"people_levels","embeddable":true,"href":"https:\/\/gobierno.udd.cl\/doctorate\/wp-json\/wp\/v2\/people_levels?post=530"}],"curies":[{"name":"wp","href":"https:\/\/api.w.org\/{rel}","templated":true}]}}