{"id":3624,"date":"2021-06-15T05:03:29","date_gmt":"2021-06-15T05:03:29","guid":{"rendered":"https:\/\/dccs.udd.cl\/?post_type=person&amp;p=3624"},"modified":"2021-06-15T05:03:29","modified_gmt":"2021-06-15T05:03:29","slug":"patricia-soto-icaza-2","status":"publish","type":"person","link":"https:\/\/gobierno.udd.cl\/doctorate\/persona\/patricia-soto-icaza-2\/","featured_media":3203,"template":"","people_tax":[721],"people_areas":[],"people_levels":[],"class_list":["post-3624","person","type-person","status-publish","has-post-thumbnail","hentry","people_tax-faculty"],"yoast_head":"<!-- This site is optimized with the Yoast SEO plugin v26.9 - https:\/\/yoast.com\/product\/yoast-seo-wordpress\/ -->\n<title>Patricia Soto-Icaza - Doctoral Program in Social Complexity Sciences<\/title>\n<meta name=\"robots\" content=\"index, follow, max-snippet:-1, max-image-preview:large, max-video-preview:-1\" \/>\n<link rel=\"canonical\" href=\"https:\/\/gobierno.udd.cl\/doctorate\/persona\/patricia-soto-icaza-2\/\" \/>\n<meta property=\"og:locale\" content=\"en_US\" \/>\n<meta property=\"og:type\" content=\"article\" \/>\n<meta property=\"og:title\" content=\"Patricia Soto-Icaza - Doctoral Program in Social Complexity Sciences\" \/>\n<meta property=\"og:url\" content=\"https:\/\/gobierno.udd.cl\/doctorate\/persona\/patricia-soto-icaza-2\/\" \/>\n<meta property=\"og:site_name\" content=\"Doctoral Program in Social Complexity Sciences\" \/>\n<meta property=\"og:image\" content=\"https:\/\/gobierno.udd.cl\/doctorate\/files\/2020\/06\/patiparaweb.jpg\" \/>\n\t<meta property=\"og:image:width\" content=\"1323\" \/>\n\t<meta property=\"og:image:height\" content=\"1478\" \/>\n\t<meta property=\"og:image:type\" content=\"image\/jpeg\" \/>\n<meta name=\"twitter:card\" content=\"summary_large_image\" \/>\n<script type=\"application\/ld+json\" class=\"yoast-schema-graph\">{\"@context\":\"https:\/\/schema.org\",\"@graph\":[{\"@type\":\"WebPage\",\"@id\":\"https:\/\/gobierno.udd.cl\/doctorate\/persona\/patricia-soto-icaza-2\/\",\"url\":\"https:\/\/gobierno.udd.cl\/doctorate\/persona\/patricia-soto-icaza-2\/\",\"name\":\"Patricia Soto-Icaza - Doctoral Program in Social Complexity Sciences\",\"isPartOf\":{\"@id\":\"https:\/\/gobierno.udd.cl\/doctorate\/#website\"},\"primaryImageOfPage\":{\"@id\":\"https:\/\/gobierno.udd.cl\/doctorate\/persona\/patricia-soto-icaza-2\/#primaryimage\"},\"image\":{\"@id\":\"https:\/\/gobierno.udd.cl\/doctorate\/persona\/patricia-soto-icaza-2\/#primaryimage\"},\"thumbnailUrl\":\"https:\/\/gobierno.udd.cl\/doctorate\/files\/2020\/06\/patiparaweb.jpg\",\"datePublished\":\"2021-06-15T05:03:29+00:00\",\"breadcrumb\":{\"@id\":\"https:\/\/gobierno.udd.cl\/doctorate\/persona\/patricia-soto-icaza-2\/#breadcrumb\"},\"inLanguage\":\"en-US\",\"potentialAction\":[{\"@type\":\"ReadAction\",\"target\":[\"https:\/\/gobierno.udd.cl\/doctorate\/persona\/patricia-soto-icaza-2\/\"]}]},{\"@type\":\"ImageObject\",\"inLanguage\":\"en-US\",\"@id\":\"https:\/\/gobierno.udd.cl\/doctorate\/persona\/patricia-soto-icaza-2\/#primaryimage\",\"url\":\"https:\/\/gobierno.udd.cl\/doctorate\/files\/2020\/06\/patiparaweb.jpg\",\"contentUrl\":\"https:\/\/gobierno.udd.cl\/doctorate\/files\/2020\/06\/patiparaweb.jpg\",\"width\":1323,\"height\":1478},{\"@type\":\"BreadcrumbList\",\"@id\":\"https:\/\/gobierno.udd.cl\/doctorate\/persona\/patricia-soto-icaza-2\/#breadcrumb\",\"itemListElement\":[{\"@type\":\"ListItem\",\"position\":1,\"name\":\"Portada\",\"item\":\"https:\/\/gobierno.udd.cl\/doctorate\/\"},{\"@type\":\"ListItem\",\"position\":2,\"name\":\"Personas\",\"item\":\"https:\/\/gobierno.udd.cl\/doctorate\/persona\/\"},{\"@type\":\"ListItem\",\"position\":3,\"name\":\"Patricia Soto-Icaza\"}]},{\"@type\":\"WebSite\",\"@id\":\"https:\/\/gobierno.udd.cl\/doctorate\/#website\",\"url\":\"https:\/\/gobierno.udd.cl\/doctorate\/\",\"name\":\"Doctoral Program in Social Complexity Sciences\",\"description\":\"\",\"inLanguage\":\"en-US\"}]}<\/script>\n<!-- \/ Yoast SEO plugin. -->","yoast_head_json":{"title":"Patricia Soto-Icaza - Doctoral Program in Social Complexity Sciences","robots":{"index":"index","follow":"follow","max-snippet":"max-snippet:-1","max-image-preview":"max-image-preview:large","max-video-preview":"max-video-preview:-1"},"canonical":"https:\/\/gobierno.udd.cl\/doctorate\/persona\/patricia-soto-icaza-2\/","og_locale":"en_US","og_type":"article","og_title":"Patricia Soto-Icaza - Doctoral Program in Social Complexity Sciences","og_url":"https:\/\/gobierno.udd.cl\/doctorate\/persona\/patricia-soto-icaza-2\/","og_site_name":"Doctoral Program in Social Complexity Sciences","og_image":[{"width":1323,"height":1478,"url":"https:\/\/gobierno.udd.cl\/doctorate\/files\/2020\/06\/patiparaweb.jpg","type":"image\/jpeg"}],"twitter_card":"summary_large_image","schema":{"@context":"https:\/\/schema.org","@graph":[{"@type":"WebPage","@id":"https:\/\/gobierno.udd.cl\/doctorate\/persona\/patricia-soto-icaza-2\/","url":"https:\/\/gobierno.udd.cl\/doctorate\/persona\/patricia-soto-icaza-2\/","name":"Patricia Soto-Icaza - Doctoral Program in Social Complexity Sciences","isPartOf":{"@id":"https:\/\/gobierno.udd.cl\/doctorate\/#website"},"primaryImageOfPage":{"@id":"https:\/\/gobierno.udd.cl\/doctorate\/persona\/patricia-soto-icaza-2\/#primaryimage"},"image":{"@id":"https:\/\/gobierno.udd.cl\/doctorate\/persona\/patricia-soto-icaza-2\/#primaryimage"},"thumbnailUrl":"https:\/\/gobierno.udd.cl\/doctorate\/files\/2020\/06\/patiparaweb.jpg","datePublished":"2021-06-15T05:03:29+00:00","breadcrumb":{"@id":"https:\/\/gobierno.udd.cl\/doctorate\/persona\/patricia-soto-icaza-2\/#breadcrumb"},"inLanguage":"en-US","potentialAction":[{"@type":"ReadAction","target":["https:\/\/gobierno.udd.cl\/doctorate\/persona\/patricia-soto-icaza-2\/"]}]},{"@type":"ImageObject","inLanguage":"en-US","@id":"https:\/\/gobierno.udd.cl\/doctorate\/persona\/patricia-soto-icaza-2\/#primaryimage","url":"https:\/\/gobierno.udd.cl\/doctorate\/files\/2020\/06\/patiparaweb.jpg","contentUrl":"https:\/\/gobierno.udd.cl\/doctorate\/files\/2020\/06\/patiparaweb.jpg","width":1323,"height":1478},{"@type":"BreadcrumbList","@id":"https:\/\/gobierno.udd.cl\/doctorate\/persona\/patricia-soto-icaza-2\/#breadcrumb","itemListElement":[{"@type":"ListItem","position":1,"name":"Portada","item":"https:\/\/gobierno.udd.cl\/doctorate\/"},{"@type":"ListItem","position":2,"name":"Personas","item":"https:\/\/gobierno.udd.cl\/doctorate\/persona\/"},{"@type":"ListItem","position":3,"name":"Patricia Soto-Icaza"}]},{"@type":"WebSite","@id":"https:\/\/gobierno.udd.cl\/doctorate\/#website","url":"https:\/\/gobierno.udd.cl\/doctorate\/","name":"Doctoral Program in Social Complexity Sciences","description":"","inLanguage":"en-US"}]}},"label":"Patricia Soto-Icaza","title":{"rendered":"Patricia Soto-Icaza"},"role":"Ph.D. in Neuroscience, Pontificia Universidad Cat\u00f3lica de Chile - DCCS Faculty Member ","thumbnail_url":"https:\/\/gobierno.udd.cl\/doctorate\/files\/2020\/06\/patiparaweb-500x500.jpg","email":"","tel_job":"","content":{"rendered":"<div class=\"person-modal person-modal--scl\">\n\t<header class=\"person-modal__header\">\n\t\t<div class=\"person-modal__bg\"><\/div>\n\t\t<div class=\"modal-container\">\n\t\t\t\t\t\t<div class=\"person-modal__media\">\n\t\t\t\t<img width=\"500\" height=\"500\" src=\"https:\/\/gobierno.udd.cl\/doctorate\/files\/2020\/06\/patiparaweb-62x62.jpg\" class=\"person-modal__image wp-post-image lazyload\" alt=\"\" decoding=\"async\" loading=\"lazy\" sizes=\"auto, (max-width: 500px) 100vw, 500px\" data-src=\"https:\/\/gobierno.udd.cl\/doctorate\/files\/2020\/06\/patiparaweb-500x500.jpg\" data-srcset=\"https:\/\/gobierno.udd.cl\/doctorate\/files\/2020\/06\/patiparaweb-500x500.jpg 500w, https:\/\/gobierno.udd.cl\/doctorate\/files\/2020\/06\/patiparaweb-150x150.jpg 150w, https:\/\/gobierno.udd.cl\/doctorate\/files\/2020\/06\/patiparaweb-62x62.jpg 62w, https:\/\/gobierno.udd.cl\/doctorate\/files\/2020\/06\/patiparaweb-750x750.jpg 750w, https:\/\/gobierno.udd.cl\/doctorate\/files\/2020\/06\/patiparaweb-250x250.jpg 250w, https:\/\/gobierno.udd.cl\/doctorate\/files\/2020\/06\/patiparaweb-126x126.jpg 126w\" \/>\t\t\t<\/div>\n\t\t\t\t\t\t<div class=\"person-modal__data\">\n\t\t\t\t<h1 class=\"person-modal__name\">Patricia Soto-Icaza<\/h1>\n\t\t\t\t\t\t\t<span class=\"person-modal__description\">Ph.D. in Neuroscience, Pontificia Universidad Cat\u00f3lica de Chile - DCCS Faculty Member <\/span>\n\t\t\t\t\t\t\t\t\t\t\t\t\t\t\t<\/div>\n\t\t<\/div>\n\t<\/header>\n\t<div class=\"modal-container\">\n\t\t\t<div class=\"person-modal__content text\">\n\t\t\t\t\t<p>DCCS Faculty Member<br \/>\nResearcher Laboratory of Social Neuroscience and Neuromodulation, Research Center in Social Complexity, School of Government, Universidad del Desarrollo.<\/p>\n<p>Ph.D. in Neuroscience, Pontificia Universidad Cat\u00f3lica de Chile.<br \/>\nMaster's Degree in Clinical Psychology, Child and Adolescent Psychology, University of Chile.<br \/>\nDegree in Psychology. Psychologist, mention in Clinical Psychology, Pontificia Universidad Cat\u00f3lica de Chile.<\/p>\n\t\t\t\t\t\t\t\t\t\t<h3><span>LINES OF RESEARCH<\/span><\/h3>\n<h3><strong>Foundations of Social Cognition and Social Behavior<\/strong><\/h3>\n<p><strong>Research areas:<\/strong><br \/>\nSocial Neuroscience, Cognitive Neuroscience, Psychology, Social Neurodevelopment, Autistic Spectrum Disorders.<\/p>\n<p><strong>Contact Information:<\/strong><br \/>\nMail: patriciasoto@udd.cl<br \/>\nTelephone: 56 (2) 2327 9701<br \/>\nAddress: Av. Las Condes 12461, Las Condes, Santiago de Chile.<\/p>\n<h3><span>PRODUCTS<\/span><\/h3>\n<h2>PAPERS<\/h2>\n<table border=\"1\" cellspacing=\"1\" cellpadding=\"1\">\n<tbody>\n<tr>\n<td>\n<ul>\n<li>Soto-Icaza, P., Vargas, L., Aboitiz, F. and Billeke, P. (2019).\u00a0&#8220;Beta oscillations in the temporo-parietal region precede joint attention and correlate with explicit mentalization achievement in preschoolers with typical development and autism&#8221;. CORTEX, 113, April 2019.\u00a0<a href=\"https:\/\/doi.org\/10.1016\/j.cortex.2018.12.018\">https:\/\/doi.org\/10.1016\/j.cortex.2018.12.018.<\/a><\/li>\n<li>Soto-Icaza, P. and Billeke, P. (2017) &#8220;Developmental Issues&#8221;. En Matson J. (Eds) Handbook of Social Behavior and Skills in Children. Autism and Child Psychopathology Series. Springer. doi:\u00a0<a href=\"https:\/\/doi.org\/10.1007\/978-3-319-64592-6_4\" target=\"_blank\" rel=\"noopener\" data-saferedirecturl=\"https:\/\/www.google.com\/url?q=https:\/\/doi.org\/10.1007\/978-3-319-64592-6_4&amp;source=gmail&amp;ust=1591470416511000&amp;usg=AOvVaw3swwRiOwThKXmlRfpnbMa8\">https:\/\/doi.org\/10.1007\/978-3-<wbr \/>319-64592-6_4<\/a><a href=\"https:\/\/doi.org\/10.1016\/j.cortex.2018.12.018\">.<\/a><\/li>\n<li>Billeke, P., Soto-Icaza, P., Asp\u00e9, M., Villarroel, V. and Rodr\u00edguez-Sickert, C. (2017).\u00a0&#8220;Valuing other: Evidences from economics, developmental psychology and neurobiology&#8221;. En &#8220;Neuroscience and Social Science: The Missing Link&#8221;. Ib\u00e1\u00f1ez A., Sede\u00f1o L. and Garc\u00eda A.M. (Eds.). Springer.\u00a0<a href=\"https:\/\/doi.org\/10.1007\/978-3-319-68421-5\">https:\/\/doi.org\/10.1007\/978-3-319-68421-5<\/a><\/li>\n<li>Larrain-Valenzuela, J., Zamorano, F., Soto-Icaza, P., Carrasco, X., Herrera, C., Daiber F., Aboitiz, F. and Billeke, P. (2017).\u00a0&#8220;Theta and Alpha Oscillation Impairments in Autistic Spectrum Disorder Reflect Working Memory Deficit&#8221;. Scientific Reports 7: 14328.\u00a0<a href=\"https:\/\/doi.org\/10.1038\/s41598-017-14744-8\">doi:10.1038\/s41598-017-14744-8.<\/a><\/li>\n<li>Soto-Icaza, P., Aboitiz, F. and Billeke, P. (2015)&#8221;Development of social skills in children: neural and behavioral evidence for the elaboration of cognitive models&#8221;. Frontiers in Neuroscience 9:333.\u00a0<a href=\"https:\/\/www.frontiersin.org\/articles\/10.3389\/fnins.2015.00333\/full\">doi: 10.3389\/fnins.2015.00333<\/a><\/li>\n<li>Soto-Icaza, P. (2011).\u00a0\u201cAtenci\u00f3n Conjunta y Autismo. Estudio en ni\u00f1os Preescolares entre 2 y 5 a\u00f1os de edad\u201d. En \u201cInvestigaciones en Psicolog\u00eda Cl\u00ednica Infanto Juvenil. Primer compendio de tesis de Mag\u00edster en Psicolog\u00eda, Menci\u00f3n Psicolog\u00eda Cl\u00ednica Infanto Juvenil\u201d (pp. 255-293). Santiago: Universidad de Chile.<\/li>\n<\/ul>\n<\/td>\n<td bgcolor=\"#551A8B\"><\/td>\n<\/tr>\n<\/tbody>\n<\/table>\n<h2>PROJECTS<\/h2>\n<table border=\"1\" cellspacing=\"1\" cellpadding=\"1\">\n<tbody>\n<tr>\n<td>\n<ul>\n<li>Adjudicaci\u00f3n Convenio CONICYT PAI &#8211; Universidad del Desarrollo &#8211; Convocatoria Nacional Subvenci\u00f3n a la Instalaci\u00f3n en la Academia, Convocatoria 2019 PAI77190047. Investigadora responsable proyecto de investigaci\u00f3n &#8220;Estudio multinivel de la convivencia escolar: Impacto de la diversidad del neurodesarrollo de la atenci\u00f3n y del control cognitivo en la formaci\u00f3n de redes de interacci\u00f3n social en cursos con programas de integraci\u00f3n escolar&#8221;.<\/li>\n<li>Asistente de investigaci\u00f3n Proyecto Fondecyt: \u201cProcesos cerebrales implicados en la toma de decisiones sociales: desentramando el rol de las cortezas de la regi\u00f3n temporo-parietal\u201d, a cargo del Dr. Pablo Billeke Bobadilla. Universidad del Desarrollo, Centro de Investigaci\u00f3n en Complejidad Social (NeuroCICS). Santiago, Chile, Mayo 2015 al presente.<\/li>\n<\/ul>\n<\/td>\n<\/tr>\n<\/tbody>\n<\/table>\n\t\t<\/div>\n\t<\/div>\n<\/div>\n"},"identifier":"79c83a35e9bf627c46a96e654db57ed8cf0d3859","has_credential":[],"given_name":"Patricia","family_name":"Soto-Icaza","name":"Patricia Soto-Icaza","job_title":"Ph.D. in Neuroscience, Pontificia Universidad Cat\u00f3lica de Chile - DCCS Faculty Member ","telephone":"","note":"DCCS Faculty Member\nResearcher Laboratory of Social Neuroscience and Neuromodulation, Research Center in Social Complexity, School of Government, Universidad del Desarrollo.\n\nPh.D. in Neuroscience, Pontificia Universidad Cat\u00f3lica de Chile.\nMaster's Degree in Clinical Psychology, Child and Adolescent Psychology, University of Chile.\nDegree in Psychology. Psychologist, mention in Clinical Psychology, Pontificia Universidad Cat\u00f3lica de Chile.\n","im":"","_self_schedule":null,"_links":{"self":[{"href":"https:\/\/gobierno.udd.cl\/doctorate\/wp-json\/wp\/v2\/people\/3624","targetHints":{"allow":["GET"]}}],"collection":[{"href":"https:\/\/gobierno.udd.cl\/doctorate\/wp-json\/wp\/v2\/people"}],"about":[{"href":"https:\/\/gobierno.udd.cl\/doctorate\/wp-json\/wp\/v2\/types\/person"}],"wp:featuredmedia":[{"embeddable":true,"href":"https:\/\/gobierno.udd.cl\/doctorate\/wp-json\/wp\/v2\/media\/3203"}],"wp:attachment":[{"href":"https:\/\/gobierno.udd.cl\/doctorate\/wp-json\/wp\/v2\/media?parent=3624"}],"wp:term":[{"taxonomy":"people_tax","embeddable":true,"href":"https:\/\/gobierno.udd.cl\/doctorate\/wp-json\/wp\/v2\/people_tax?post=3624"},{"taxonomy":"people_areas","embeddable":true,"href":"https:\/\/gobierno.udd.cl\/doctorate\/wp-json\/wp\/v2\/people_areas?post=3624"},{"taxonomy":"people_levels","embeddable":true,"href":"https:\/\/gobierno.udd.cl\/doctorate\/wp-json\/wp\/v2\/people_levels?post=3624"}],"curies":[{"name":"wp","href":"https:\/\/api.w.org\/{rel}","templated":true}]}}