{"id":3366,"date":"2020-09-24T01:44:47","date_gmt":"2020-09-24T01:44:47","guid":{"rendered":"http:\/\/dccs.udd.cl\/?post_type=person&amp;p=3366"},"modified":"2020-09-24T01:44:47","modified_gmt":"2020-09-24T01:44:47","slug":"monserrat-belinchon","status":"publish","type":"person","link":"https:\/\/gobierno.udd.cl\/doctorate\/persona\/monserrat-belinchon\/","featured_media":3367,"template":"","people_tax":[719],"people_areas":[],"people_levels":[],"class_list":["post-3366","person","type-person","status-publish","has-post-thumbnail","hentry","people_tax-estudiantes"],"yoast_head":"<!-- This site is optimized with the Yoast SEO plugin v26.9 - https:\/\/yoast.com\/product\/yoast-seo-wordpress\/ -->\n<title>Montserrat Belinch\u00f3n Ortiz - Doctoral Program in Social Complexity Sciences<\/title>\n<meta name=\"robots\" content=\"index, follow, max-snippet:-1, max-image-preview:large, max-video-preview:-1\" \/>\n<link rel=\"canonical\" href=\"https:\/\/gobierno.udd.cl\/doctorate\/persona\/monserrat-belinchon\/\" \/>\n<meta property=\"og:locale\" content=\"en_US\" \/>\n<meta property=\"og:type\" content=\"article\" \/>\n<meta property=\"og:title\" content=\"Montserrat Belinch\u00f3n Ortiz - Doctoral Program in Social Complexity Sciences\" \/>\n<meta property=\"og:url\" content=\"https:\/\/gobierno.udd.cl\/doctorate\/persona\/monserrat-belinchon\/\" \/>\n<meta property=\"og:site_name\" content=\"Doctoral Program in Social Complexity Sciences\" \/>\n<meta property=\"og:image\" content=\"https:\/\/gobierno.udd.cl\/doctorate\/files\/2020\/09\/monserrat.png\" \/>\n\t<meta property=\"og:image:width\" content=\"170\" \/>\n\t<meta property=\"og:image:height\" content=\"150\" \/>\n\t<meta property=\"og:image:type\" content=\"image\/png\" \/>\n<meta name=\"twitter:card\" content=\"summary_large_image\" \/>\n<script type=\"application\/ld+json\" class=\"yoast-schema-graph\">{\"@context\":\"https:\/\/schema.org\",\"@graph\":[{\"@type\":\"WebPage\",\"@id\":\"https:\/\/gobierno.udd.cl\/doctorate\/persona\/monserrat-belinchon\/\",\"url\":\"https:\/\/gobierno.udd.cl\/doctorate\/persona\/monserrat-belinchon\/\",\"name\":\"Montserrat Belinch\u00f3n Ortiz - Doctoral Program in Social Complexity Sciences\",\"isPartOf\":{\"@id\":\"https:\/\/gobierno.udd.cl\/doctorate\/#website\"},\"primaryImageOfPage\":{\"@id\":\"https:\/\/gobierno.udd.cl\/doctorate\/persona\/monserrat-belinchon\/#primaryimage\"},\"image\":{\"@id\":\"https:\/\/gobierno.udd.cl\/doctorate\/persona\/monserrat-belinchon\/#primaryimage\"},\"thumbnailUrl\":\"https:\/\/gobierno.udd.cl\/doctorate\/files\/2020\/09\/monserrat.png\",\"datePublished\":\"2020-09-24T01:44:47+00:00\",\"breadcrumb\":{\"@id\":\"https:\/\/gobierno.udd.cl\/doctorate\/persona\/monserrat-belinchon\/#breadcrumb\"},\"inLanguage\":\"en-US\",\"potentialAction\":[{\"@type\":\"ReadAction\",\"target\":[\"https:\/\/gobierno.udd.cl\/doctorate\/persona\/monserrat-belinchon\/\"]}]},{\"@type\":\"ImageObject\",\"inLanguage\":\"en-US\",\"@id\":\"https:\/\/gobierno.udd.cl\/doctorate\/persona\/monserrat-belinchon\/#primaryimage\",\"url\":\"https:\/\/gobierno.udd.cl\/doctorate\/files\/2020\/09\/monserrat.png\",\"contentUrl\":\"https:\/\/gobierno.udd.cl\/doctorate\/files\/2020\/09\/monserrat.png\",\"width\":170,\"height\":150},{\"@type\":\"BreadcrumbList\",\"@id\":\"https:\/\/gobierno.udd.cl\/doctorate\/persona\/monserrat-belinchon\/#breadcrumb\",\"itemListElement\":[{\"@type\":\"ListItem\",\"position\":1,\"name\":\"Portada\",\"item\":\"https:\/\/gobierno.udd.cl\/doctorate\/\"},{\"@type\":\"ListItem\",\"position\":2,\"name\":\"Personas\",\"item\":\"https:\/\/gobierno.udd.cl\/doctorate\/persona\/\"},{\"@type\":\"ListItem\",\"position\":3,\"name\":\"Montserrat Belinch\u00f3n Ortiz\"}]},{\"@type\":\"WebSite\",\"@id\":\"https:\/\/gobierno.udd.cl\/doctorate\/#website\",\"url\":\"https:\/\/gobierno.udd.cl\/doctorate\/\",\"name\":\"Doctoral Program in Social Complexity Sciences\",\"description\":\"\",\"inLanguage\":\"en-US\"}]}<\/script>\n<!-- \/ Yoast SEO plugin. -->","yoast_head_json":{"title":"Montserrat Belinch\u00f3n Ortiz - Doctoral Program in Social Complexity Sciences","robots":{"index":"index","follow":"follow","max-snippet":"max-snippet:-1","max-image-preview":"max-image-preview:large","max-video-preview":"max-video-preview:-1"},"canonical":"https:\/\/gobierno.udd.cl\/doctorate\/persona\/monserrat-belinchon\/","og_locale":"en_US","og_type":"article","og_title":"Montserrat Belinch\u00f3n Ortiz - Doctoral Program in Social Complexity Sciences","og_url":"https:\/\/gobierno.udd.cl\/doctorate\/persona\/monserrat-belinchon\/","og_site_name":"Doctoral Program in Social Complexity Sciences","og_image":[{"width":170,"height":150,"url":"https:\/\/gobierno.udd.cl\/doctorate\/files\/2020\/09\/monserrat.png","type":"image\/png"}],"twitter_card":"summary_large_image","schema":{"@context":"https:\/\/schema.org","@graph":[{"@type":"WebPage","@id":"https:\/\/gobierno.udd.cl\/doctorate\/persona\/monserrat-belinchon\/","url":"https:\/\/gobierno.udd.cl\/doctorate\/persona\/monserrat-belinchon\/","name":"Montserrat Belinch\u00f3n Ortiz - Doctoral Program in Social Complexity Sciences","isPartOf":{"@id":"https:\/\/gobierno.udd.cl\/doctorate\/#website"},"primaryImageOfPage":{"@id":"https:\/\/gobierno.udd.cl\/doctorate\/persona\/monserrat-belinchon\/#primaryimage"},"image":{"@id":"https:\/\/gobierno.udd.cl\/doctorate\/persona\/monserrat-belinchon\/#primaryimage"},"thumbnailUrl":"https:\/\/gobierno.udd.cl\/doctorate\/files\/2020\/09\/monserrat.png","datePublished":"2020-09-24T01:44:47+00:00","breadcrumb":{"@id":"https:\/\/gobierno.udd.cl\/doctorate\/persona\/monserrat-belinchon\/#breadcrumb"},"inLanguage":"en-US","potentialAction":[{"@type":"ReadAction","target":["https:\/\/gobierno.udd.cl\/doctorate\/persona\/monserrat-belinchon\/"]}]},{"@type":"ImageObject","inLanguage":"en-US","@id":"https:\/\/gobierno.udd.cl\/doctorate\/persona\/monserrat-belinchon\/#primaryimage","url":"https:\/\/gobierno.udd.cl\/doctorate\/files\/2020\/09\/monserrat.png","contentUrl":"https:\/\/gobierno.udd.cl\/doctorate\/files\/2020\/09\/monserrat.png","width":170,"height":150},{"@type":"BreadcrumbList","@id":"https:\/\/gobierno.udd.cl\/doctorate\/persona\/monserrat-belinchon\/#breadcrumb","itemListElement":[{"@type":"ListItem","position":1,"name":"Portada","item":"https:\/\/gobierno.udd.cl\/doctorate\/"},{"@type":"ListItem","position":2,"name":"Personas","item":"https:\/\/gobierno.udd.cl\/doctorate\/persona\/"},{"@type":"ListItem","position":3,"name":"Montserrat Belinch\u00f3n Ortiz"}]},{"@type":"WebSite","@id":"https:\/\/gobierno.udd.cl\/doctorate\/#website","url":"https:\/\/gobierno.udd.cl\/doctorate\/","name":"Doctoral Program in Social Complexity Sciences","description":"","inLanguage":"en-US"}]}},"label":"Montserrat  Belinch\u00f3n Ortiz","title":{"rendered":"Montserrat  Belinch\u00f3n Ortiz"},"role":"GENERACI\u00d3N 2020 - Mag\u00edster en Metodolog\u00eda de la Conducta y Ciencias de la Salud, Universidad Aut\u00f3noma de Madrid","thumbnail_url":"https:\/\/gobierno.udd.cl\/doctorate\/files\/2020\/09\/monserrat.png","email":"","tel_job":"","content":{"rendered":"<div class=\"person-modal person-modal--scl\">\n\t<header class=\"person-modal__header\">\n\t\t<div class=\"person-modal__bg\"><\/div>\n\t\t<div class=\"modal-container\">\n\t\t\t\t\t\t<div class=\"person-modal__media\">\n\t\t\t\t<img width=\"170\" height=\"150\" src=\"https:\/\/gobierno.udd.cl\/doctorate\/files\/2020\/09\/monserrat-62x62.png\" class=\"person-modal__image wp-post-image lazyload\" alt=\"\" decoding=\"async\" loading=\"lazy\" data-src=\"https:\/\/gobierno.udd.cl\/doctorate\/files\/2020\/09\/monserrat.png\" \/>\t\t\t<\/div>\n\t\t\t\t\t\t<div class=\"person-modal__data\">\n\t\t\t\t<h1 class=\"person-modal__name\">Montserrat  Belinch\u00f3n Ortiz<\/h1>\n\t\t\t\t\t\t\t<span class=\"person-modal__description\">GENERACI\u00d3N 2020 - Mag\u00edster en Metodolog\u00eda de la Conducta y Ciencias de la Salud, Universidad Aut\u00f3noma de Madrid<\/span>\n\t\t\t\t\t\t\t\t\t\t\t\t\t\t\t<\/div>\n\t\t<\/div>\n\t<\/header>\n\t<div class=\"modal-container\">\n\t\t\t<div class=\"person-modal__content text\">\n\t\t\t\t\t\t\t\t\t\t<p>Mag\u00edster en Metodolog\u00eda de la Conducta y Ciencias de la Salud, Universidad de Madrid, Espa\u00f1a.<br \/>\nMag\u00edster en Comportamiento y Cognici\u00f3n, Universidad de Barcelona, Espa\u00f1a.<br \/>\nLicenciada en Psicolog\u00eda, Universidad Aut\u00f3noma de Madrid, Espa\u00f1a.<\/p>\n<p>\u00c1reas de Investigaci\u00f3n:<\/p>\n<p>Primatolog\u00eda, Etolog\u00eda, Big Data.<\/p>\n<p>Informaci\u00f3n de Contacto:<br \/>\nMail: mbelinchono@udd.cl<br \/>\nTel\u00e9fono: 56 (2) 2327 9701<br \/>\nDirecci\u00f3n: Av. Las Condes 12461, Las Condes, Santiago de Chile.<\/p>\n\t\t<\/div>\n\t<\/div>\n<\/div>\n"},"identifier":"f70f7d2934f0df05aa7cb95b7c853274b1f82b47","has_credential":[],"given_name":"Montserrat ","family_name":"Belinch\u00f3n Ortiz","name":"Montserrat  Belinch\u00f3n Ortiz","job_title":"GENERACI\u00d3N 2020 - Mag\u00edster en Metodolog\u00eda de la Conducta y Ciencias de la Salud, Universidad Aut\u00f3noma de Madrid","telephone":"","note":"","im":"","_self_schedule":null,"_links":{"self":[{"href":"https:\/\/gobierno.udd.cl\/doctorate\/wp-json\/wp\/v2\/people\/3366","targetHints":{"allow":["GET"]}}],"collection":[{"href":"https:\/\/gobierno.udd.cl\/doctorate\/wp-json\/wp\/v2\/people"}],"about":[{"href":"https:\/\/gobierno.udd.cl\/doctorate\/wp-json\/wp\/v2\/types\/person"}],"wp:featuredmedia":[{"embeddable":true,"href":"https:\/\/gobierno.udd.cl\/doctorate\/wp-json\/wp\/v2\/media\/3367"}],"wp:attachment":[{"href":"https:\/\/gobierno.udd.cl\/doctorate\/wp-json\/wp\/v2\/media?parent=3366"}],"wp:term":[{"taxonomy":"people_tax","embeddable":true,"href":"https:\/\/gobierno.udd.cl\/doctorate\/wp-json\/wp\/v2\/people_tax?post=3366"},{"taxonomy":"people_areas","embeddable":true,"href":"https:\/\/gobierno.udd.cl\/doctorate\/wp-json\/wp\/v2\/people_areas?post=3366"},{"taxonomy":"people_levels","embeddable":true,"href":"https:\/\/gobierno.udd.cl\/doctorate\/wp-json\/wp\/v2\/people_levels?post=3366"}],"curies":[{"name":"wp","href":"https:\/\/api.w.org\/{rel}","templated":true}]}}