{"id":1948,"date":"2018-10-05T20:52:00","date_gmt":"2018-10-05T20:52:00","guid":{"rendered":"http:\/\/dccs.udd.cl\/?post_type=person&amp;p=1948"},"modified":"2018-10-05T20:52:00","modified_gmt":"2018-10-05T20:52:00","slug":"hugo-contreras","status":"publish","type":"person","link":"https:\/\/gobierno.udd.cl\/doctorate\/persona\/hugo-contreras\/","featured_media":1950,"template":"","people_tax":[719],"people_areas":[],"people_levels":[],"class_list":["post-1948","person","type-person","status-publish","has-post-thumbnail","hentry","people_tax-estudiantes"],"yoast_head":"<!-- This site is optimized with the Yoast SEO plugin v26.9 - https:\/\/yoast.com\/product\/yoast-seo-wordpress\/ -->\n<title>Hugo Contreras G\u00f3mez - Doctoral Program in Social Complexity Sciences<\/title>\n<meta name=\"robots\" content=\"index, follow, max-snippet:-1, max-image-preview:large, max-video-preview:-1\" \/>\n<link rel=\"canonical\" href=\"https:\/\/gobierno.udd.cl\/doctorate\/persona\/hugo-contreras\/\" \/>\n<meta property=\"og:locale\" content=\"en_US\" \/>\n<meta property=\"og:type\" content=\"article\" \/>\n<meta property=\"og:title\" content=\"Hugo Contreras G\u00f3mez - Doctoral Program in Social Complexity Sciences\" \/>\n<meta property=\"og:url\" content=\"https:\/\/gobierno.udd.cl\/doctorate\/persona\/hugo-contreras\/\" \/>\n<meta property=\"og:site_name\" content=\"Doctoral Program in Social Complexity Sciences\" \/>\n<meta property=\"og:image\" content=\"https:\/\/gobierno.udd.cl\/doctorate\/files\/2018\/10\/hugo-contreras_web-e1609296539273.jpg\" \/>\n\t<meta property=\"og:image:width\" content=\"300\" \/>\n\t<meta property=\"og:image:height\" content=\"308\" \/>\n\t<meta property=\"og:image:type\" content=\"image\/jpeg\" \/>\n<meta name=\"twitter:card\" content=\"summary_large_image\" \/>\n<script type=\"application\/ld+json\" class=\"yoast-schema-graph\">{\"@context\":\"https:\/\/schema.org\",\"@graph\":[{\"@type\":\"WebPage\",\"@id\":\"https:\/\/gobierno.udd.cl\/doctorate\/persona\/hugo-contreras\/\",\"url\":\"https:\/\/gobierno.udd.cl\/doctorate\/persona\/hugo-contreras\/\",\"name\":\"Hugo Contreras G\u00f3mez - Doctoral Program in Social Complexity Sciences\",\"isPartOf\":{\"@id\":\"https:\/\/gobierno.udd.cl\/doctorate\/#website\"},\"primaryImageOfPage\":{\"@id\":\"https:\/\/gobierno.udd.cl\/doctorate\/persona\/hugo-contreras\/#primaryimage\"},\"image\":{\"@id\":\"https:\/\/gobierno.udd.cl\/doctorate\/persona\/hugo-contreras\/#primaryimage\"},\"thumbnailUrl\":\"https:\/\/gobierno.udd.cl\/doctorate\/files\/2018\/10\/hugo-contreras_web-e1609296539273.jpg\",\"datePublished\":\"2018-10-05T20:52:00+00:00\",\"breadcrumb\":{\"@id\":\"https:\/\/gobierno.udd.cl\/doctorate\/persona\/hugo-contreras\/#breadcrumb\"},\"inLanguage\":\"en-US\",\"potentialAction\":[{\"@type\":\"ReadAction\",\"target\":[\"https:\/\/gobierno.udd.cl\/doctorate\/persona\/hugo-contreras\/\"]}]},{\"@type\":\"ImageObject\",\"inLanguage\":\"en-US\",\"@id\":\"https:\/\/gobierno.udd.cl\/doctorate\/persona\/hugo-contreras\/#primaryimage\",\"url\":\"https:\/\/gobierno.udd.cl\/doctorate\/files\/2018\/10\/hugo-contreras_web-e1609296539273.jpg\",\"contentUrl\":\"https:\/\/gobierno.udd.cl\/doctorate\/files\/2018\/10\/hugo-contreras_web-e1609296539273.jpg\",\"width\":300,\"height\":308},{\"@type\":\"BreadcrumbList\",\"@id\":\"https:\/\/gobierno.udd.cl\/doctorate\/persona\/hugo-contreras\/#breadcrumb\",\"itemListElement\":[{\"@type\":\"ListItem\",\"position\":1,\"name\":\"Portada\",\"item\":\"https:\/\/gobierno.udd.cl\/doctorate\/\"},{\"@type\":\"ListItem\",\"position\":2,\"name\":\"Personas\",\"item\":\"https:\/\/gobierno.udd.cl\/doctorate\/persona\/\"},{\"@type\":\"ListItem\",\"position\":3,\"name\":\"Hugo Contreras G\u00f3mez\"}]},{\"@type\":\"WebSite\",\"@id\":\"https:\/\/gobierno.udd.cl\/doctorate\/#website\",\"url\":\"https:\/\/gobierno.udd.cl\/doctorate\/\",\"name\":\"Doctoral Program in Social Complexity Sciences\",\"description\":\"\",\"inLanguage\":\"en-US\"}]}<\/script>\n<!-- \/ Yoast SEO plugin. -->","yoast_head_json":{"title":"Hugo Contreras G\u00f3mez - Doctoral Program in Social Complexity Sciences","robots":{"index":"index","follow":"follow","max-snippet":"max-snippet:-1","max-image-preview":"max-image-preview:large","max-video-preview":"max-video-preview:-1"},"canonical":"https:\/\/gobierno.udd.cl\/doctorate\/persona\/hugo-contreras\/","og_locale":"en_US","og_type":"article","og_title":"Hugo Contreras G\u00f3mez - Doctoral Program in Social Complexity Sciences","og_url":"https:\/\/gobierno.udd.cl\/doctorate\/persona\/hugo-contreras\/","og_site_name":"Doctoral Program in Social Complexity Sciences","og_image":[{"width":300,"height":308,"url":"https:\/\/gobierno.udd.cl\/doctorate\/files\/2018\/10\/hugo-contreras_web-e1609296539273.jpg","type":"image\/jpeg"}],"twitter_card":"summary_large_image","schema":{"@context":"https:\/\/schema.org","@graph":[{"@type":"WebPage","@id":"https:\/\/gobierno.udd.cl\/doctorate\/persona\/hugo-contreras\/","url":"https:\/\/gobierno.udd.cl\/doctorate\/persona\/hugo-contreras\/","name":"Hugo Contreras G\u00f3mez - Doctoral Program in Social Complexity Sciences","isPartOf":{"@id":"https:\/\/gobierno.udd.cl\/doctorate\/#website"},"primaryImageOfPage":{"@id":"https:\/\/gobierno.udd.cl\/doctorate\/persona\/hugo-contreras\/#primaryimage"},"image":{"@id":"https:\/\/gobierno.udd.cl\/doctorate\/persona\/hugo-contreras\/#primaryimage"},"thumbnailUrl":"https:\/\/gobierno.udd.cl\/doctorate\/files\/2018\/10\/hugo-contreras_web-e1609296539273.jpg","datePublished":"2018-10-05T20:52:00+00:00","breadcrumb":{"@id":"https:\/\/gobierno.udd.cl\/doctorate\/persona\/hugo-contreras\/#breadcrumb"},"inLanguage":"en-US","potentialAction":[{"@type":"ReadAction","target":["https:\/\/gobierno.udd.cl\/doctorate\/persona\/hugo-contreras\/"]}]},{"@type":"ImageObject","inLanguage":"en-US","@id":"https:\/\/gobierno.udd.cl\/doctorate\/persona\/hugo-contreras\/#primaryimage","url":"https:\/\/gobierno.udd.cl\/doctorate\/files\/2018\/10\/hugo-contreras_web-e1609296539273.jpg","contentUrl":"https:\/\/gobierno.udd.cl\/doctorate\/files\/2018\/10\/hugo-contreras_web-e1609296539273.jpg","width":300,"height":308},{"@type":"BreadcrumbList","@id":"https:\/\/gobierno.udd.cl\/doctorate\/persona\/hugo-contreras\/#breadcrumb","itemListElement":[{"@type":"ListItem","position":1,"name":"Portada","item":"https:\/\/gobierno.udd.cl\/doctorate\/"},{"@type":"ListItem","position":2,"name":"Personas","item":"https:\/\/gobierno.udd.cl\/doctorate\/persona\/"},{"@type":"ListItem","position":3,"name":"Hugo Contreras G\u00f3mez"}]},{"@type":"WebSite","@id":"https:\/\/gobierno.udd.cl\/doctorate\/#website","url":"https:\/\/gobierno.udd.cl\/doctorate\/","name":"Doctoral Program in Social Complexity Sciences","description":"","inLanguage":"en-US"}]}},"label":"Hugo Contreras G\u00f3mez","title":{"rendered":"Hugo Contreras G\u00f3mez"},"role":"GENERACI\u00d3N 2018 - Ingeniero Agr\u00f3nomo - Mag\u00edster en Econom\u00eda Agraria - Mag\u00edster en Pol\u00edticas P\u00fablicas","thumbnail_url":"https:\/\/gobierno.udd.cl\/doctorate\/files\/2018\/10\/hugo-contreras_web-e1609296539273.jpg","email":"","tel_job":"","content":{"rendered":"<div class=\"person-modal person-modal--scl\">\n\t<header class=\"person-modal__header\">\n\t\t<div class=\"person-modal__bg\"><\/div>\n\t\t<div class=\"modal-container\">\n\t\t\t\t\t\t<div class=\"person-modal__media\">\n\t\t\t\t<img width=\"300\" height=\"308\" src=\"https:\/\/gobierno.udd.cl\/doctorate\/files\/2018\/10\/hugo-contreras_web-e1609296539273-62x62.jpg\" class=\"person-modal__image wp-post-image lazyload\" alt=\"\" decoding=\"async\" loading=\"lazy\" sizes=\"auto, (max-width: 300px) 100vw, 300px\" data-src=\"https:\/\/gobierno.udd.cl\/doctorate\/files\/2018\/10\/hugo-contreras_web-e1609296539273.jpg\" data-srcset=\"https:\/\/gobierno.udd.cl\/doctorate\/files\/2018\/10\/hugo-contreras_web-e1609296539273.jpg 300w, https:\/\/gobierno.udd.cl\/doctorate\/files\/2018\/10\/hugo-contreras_web-e1609296539273-292x300.jpg 292w\" \/>\t\t\t<\/div>\n\t\t\t\t\t\t<div class=\"person-modal__data\">\n\t\t\t\t<h1 class=\"person-modal__name\">Hugo Contreras G\u00f3mez<\/h1>\n\t\t\t\t\t\t\t<span class=\"person-modal__description\">GENERACI\u00d3N 2018 - Ingeniero Agr\u00f3nomo - Mag\u00edster en Econom\u00eda Agraria - Mag\u00edster en Pol\u00edticas P\u00fablicas<\/span>\n\t\t\t\t\t\t\t\t\t\t\t\t\t\t\t<\/div>\n\t\t<\/div>\n\t<\/header>\n\t<div class=\"modal-container\">\n\t\t\t<div class=\"person-modal__content text\">\n\t\t\t\t\t<p>Ingeniero Agr\u00f3nomo, Universidad de Chile.<br \/>\nMag\u00edster en Econom\u00eda Agraria, Pontificia Universidad Cat\u00f3lica de Chile.<br \/>\nMag\u00edster en Pol\u00edticas P\u00fablicas, Universidad del Desarrollo.<\/p>\n\t\t\t\t\t\t\t\t\t\t<p><strong>\u00c1reas de Investigaci\u00f3n:<\/strong><\/p>\n<p>Evaluaci\u00f3n de Pol\u00edticas P\u00fablicas y Programas Sociales, An\u00e1lisis de Redes y Din\u00e1micas Sociales, An\u00e1lisis de Patrones y Modelamiento Espacial.<\/p>\n<p><strong>Informaci\u00f3n de Contacto:<\/strong><br \/>\nMail: hcontrerasg@udd.cl<br \/>\nTel\u00e9fono: 56 (2) 2327 9701<br \/>\nDirecci\u00f3n: Av. Las Condes 12461, Las Condes, Santiago de Chile.<\/p>\n<h3><span>PRODUCTOS<\/span><\/h3>\n<table border=\"1\" width=\"531\" cellspacing=\"1\" cellpadding=\"1\">\n<tbody>\n<tr>\n<td>\n<h2>PAPERS<\/h2>\n<table border=\"1\" cellspacing=\"1\" cellpadding=\"1\">\n<tbody>\n<tr>\n<td>\n<ul>\n<li>Contreras, H. y A. Mac Cawley. 2006, &#8220;Implementaci\u00f3n de un modelo de costos ABS en una empresa vitivin\u00edcola&#8221;. Econom\u00eda Agraria 10 (2006): 25-36.<\/li>\n<\/ul>\n<\/td>\n<td bgcolor=\"#551A8B\"><\/td>\n<\/tr>\n<\/tbody>\n<\/table>\n<\/td>\n<\/tr>\n<tr>\n<td>\n<h2>PROYECTOS<\/h2>\n<table border=\"1\" cellspacing=\"1\" cellpadding=\"1\">\n<tbody>\n<tr>\n<td>\n<ul>\n<li dir=\"ltr\"><span>Evaluaci\u00f3n Programa Obras de Riego, <\/span><span>Direcci\u00f3n de Presupuestos del Ministerio de Hacienda, DIPRES<\/span><\/li>\n<li dir=\"ltr\"><span>Evaluaci\u00f3n Final Proyecto Escuelas Sanas y Seguras, <\/span><span>World Vision Chile<\/span><\/li>\n<li dir=\"ltr\"><span>Evaluaci\u00f3n de Resultados Programa de Inclusi\u00f3n Escolar Municipalidad de Vitacura, \u00a0Municipalidad de Vitacura<\/span><\/li>\n<li dir=\"ltr\"><span>Evaluaci\u00f3n de Resultados Programa de Colegios Biling\u00fces, Municipalidad de Vitacura, Municipalidad de Vitacura<\/span><\/li>\n<li dir=\"ltr\"><span>Evaluaci\u00f3n de Impacto del Fondo de Promoci\u00f3n de Exportaciones Silvoagropecuarias (FPESA), Direcci\u00f3n General de Relaciones Econ\u00f3micas Internacionales, DIRECON<\/span><\/li>\n<li dir=\"ltr\"><span>Elaboraci\u00f3n de la L\u00ednea Base del Programa \u201cSistema de Incentivos para la Sustentabilidad Agroambiental de los Suelos Agropecuarios, <\/span><span>Oficina de Estudios y Pol\u00edticas Agrarias, ODEPA<\/span><\/li>\n<li dir=\"ltr\"><span>Evaluaci\u00f3n de Cuatro Experiencias Piloto del Modelo de Integraci\u00f3n Carabineros Comunidad, Subsecretaria de Prevenci\u00f3n del Delito<\/span><\/li>\n<li dir=\"ltr\"><span>Evaluaci\u00f3n de Impacto de la Bonificaci\u00f3n Ingreso \u00c9tico Familiar del Ministerio de Planificaci\u00f3n, Direcci\u00f3n de Presupuestos del Ministerio de Hacienda, DIPRES<\/span><\/li>\n<li dir=\"ltr\"><span>Levantamiento de L\u00ednea Base para la Evaluaci\u00f3n de Impacto del Cr\u00e9dito CORFO Inversi\u00f3n, Corporaci\u00f3n de Fomento de la Producci\u00f3n, CORFO<\/span><\/li>\n<li dir=\"ltr\"><span>Evaluaci\u00f3n de Impacto de los Programa de INDAP: Programa de Desarrollo Local, Programa de Desarrollo de Comunas Pobre, <\/span><span>Direcci\u00f3n de Presupuestos del Ministerio de Hacienda, DIPRES<\/span><\/li>\n<li dir=\"ltr\"><span>Evaluaci\u00f3n de Impacto de: Programa de Promoci\u00f3n, Programa Aqu\u00ed yo Hablo, Programa Iniciativas de Complementariedad, Programa Proyectos Innovativos, Programa Desarrollo Social, del FOSIS, <\/span><span>Direcci\u00f3n de Presupuestos del Ministerio de Hacienda, DIPRES<\/span><\/li>\n<li dir=\"ltr\"><span>Evaluaci\u00f3n de Impacto del Programa de Bonificaci\u00f3n a la Contrataci\u00f3n de Mano de Obra del Ministerio de Trabajo y Previsi\u00f3n Social, Direcci\u00f3n de Presupuestos del Ministerio de Hacienda, DIPRES<\/span><\/li>\n<li dir=\"ltr\"><span>An\u00e1lisis de la Implementaci\u00f3n y Ejecuci\u00f3n del Programa de Alianzas Productivas de INDAP, Instituto de Desarrollo Agropecuario, INDAP<\/span><\/li>\n<\/ul>\n<\/td>\n<td bgcolor=\"#551A8B\"><\/td>\n<\/tr>\n<\/tbody>\n<\/table>\n<\/td>\n<\/tr>\n<\/tbody>\n<\/table>\n<p>&nbsp;<\/p>\n\t\t<\/div>\n\t<\/div>\n<\/div>\n"},"identifier":"309bd38b1a242043cbe5c2654220e28a932dd0d8","has_credential":["false"],"given_name":"Hugo","family_name":"Contreras G\u00f3mez","name":"Hugo Contreras G\u00f3mez","job_title":"GENERACI\u00d3N 2018 - Ingeniero Agr\u00f3nomo - Mag\u00edster en Econom\u00eda Agraria - Mag\u00edster en Pol\u00edticas P\u00fablicas","telephone":"","note":"Ingeniero Agr\u00f3nomo, Universidad de Chile.\nMag\u00edster en Econom\u00eda Agraria, Pontificia Universidad Cat\u00f3lica de Chile.\nMag\u00edster en Pol\u00edticas P\u00fablicas, Universidad del Desarrollo.","im":"","_self_schedule":null,"_links":{"self":[{"href":"https:\/\/gobierno.udd.cl\/doctorate\/wp-json\/wp\/v2\/people\/1948","targetHints":{"allow":["GET"]}}],"collection":[{"href":"https:\/\/gobierno.udd.cl\/doctorate\/wp-json\/wp\/v2\/people"}],"about":[{"href":"https:\/\/gobierno.udd.cl\/doctorate\/wp-json\/wp\/v2\/types\/person"}],"wp:featuredmedia":[{"embeddable":true,"href":"https:\/\/gobierno.udd.cl\/doctorate\/wp-json\/wp\/v2\/media\/1950"}],"wp:attachment":[{"href":"https:\/\/gobierno.udd.cl\/doctorate\/wp-json\/wp\/v2\/media?parent=1948"}],"wp:term":[{"taxonomy":"people_tax","embeddable":true,"href":"https:\/\/gobierno.udd.cl\/doctorate\/wp-json\/wp\/v2\/people_tax?post=1948"},{"taxonomy":"people_areas","embeddable":true,"href":"https:\/\/gobierno.udd.cl\/doctorate\/wp-json\/wp\/v2\/people_areas?post=1948"},{"taxonomy":"people_levels","embeddable":true,"href":"https:\/\/gobierno.udd.cl\/doctorate\/wp-json\/wp\/v2\/people_levels?post=1948"}],"curies":[{"name":"wp","href":"https:\/\/api.w.org\/{rel}","templated":true}]}}