{"id":602,"date":"2017-11-24T15:10:34","date_gmt":"2017-11-24T15:10:34","guid":{"rendered":"http:\/\/dccs.udd.cl\/?post_type=person&amp;p=602"},"modified":"2017-11-24T15:10:34","modified_gmt":"2017-11-24T15:10:34","slug":"maria-paz-martinez-molina-2","status":"publish","type":"person","link":"https:\/\/gobierno.udd.cl\/dccs\/persona\/maria-paz-martinez-molina-2\/","featured_media":601,"template":"","people_tax":[33],"people_areas":[],"people_levels":[],"class_list":["post-602","person","type-person","status-publish","has-post-thumbnail","hentry","people_tax-students","people_list-students"],"yoast_head":"<!-- This site is optimized with the Yoast SEO plugin v26.9 - https:\/\/yoast.com\/product\/yoast-seo-wordpress\/ -->\n<title>Mar\u00eda Paz Mart\u00ednez Molina - Doctorado en Ciencias de la Complejidad Social<\/title>\n<meta name=\"robots\" content=\"index, follow, max-snippet:-1, max-image-preview:large, max-video-preview:-1\" \/>\n<link rel=\"canonical\" href=\"https:\/\/gobierno.udd.cl\/dccs\/persona\/maria-paz-martinez-molina-2\/\" \/>\n<meta property=\"og:locale\" content=\"es_ES\" \/>\n<meta property=\"og:type\" content=\"article\" \/>\n<meta property=\"og:title\" content=\"Mar\u00eda Paz Mart\u00ednez Molina - Doctorado en Ciencias de la Complejidad Social\" \/>\n<meta property=\"og:url\" content=\"https:\/\/gobierno.udd.cl\/dccs\/persona\/maria-paz-martinez-molina-2\/\" \/>\n<meta property=\"og:site_name\" content=\"Doctorado en Ciencias de la Complejidad Social\" \/>\n<meta property=\"og:image\" content=\"https:\/\/gobierno.udd.cl\/dccs\/files\/2017\/11\/maria-paz-martinez.jpg\" \/>\n\t<meta property=\"og:image:width\" content=\"125\" \/>\n\t<meta property=\"og:image:height\" content=\"125\" \/>\n\t<meta property=\"og:image:type\" content=\"image\/jpeg\" \/>\n<meta name=\"twitter:card\" content=\"summary_large_image\" \/>\n<script type=\"application\/ld+json\" class=\"yoast-schema-graph\">{\"@context\":\"https:\/\/schema.org\",\"@graph\":[{\"@type\":\"WebPage\",\"@id\":\"https:\/\/gobierno.udd.cl\/dccs\/persona\/maria-paz-martinez-molina-2\/\",\"url\":\"https:\/\/gobierno.udd.cl\/dccs\/persona\/maria-paz-martinez-molina-2\/\",\"name\":\"Mar\u00eda Paz Mart\u00ednez Molina - Doctorado en Ciencias de la Complejidad Social\",\"isPartOf\":{\"@id\":\"https:\/\/gobierno.udd.cl\/dccs\/#website\"},\"primaryImageOfPage\":{\"@id\":\"https:\/\/gobierno.udd.cl\/dccs\/persona\/maria-paz-martinez-molina-2\/#primaryimage\"},\"image\":{\"@id\":\"https:\/\/gobierno.udd.cl\/dccs\/persona\/maria-paz-martinez-molina-2\/#primaryimage\"},\"thumbnailUrl\":\"https:\/\/gobierno.udd.cl\/dccs\/files\/2017\/11\/maria-paz-martinez.jpg\",\"datePublished\":\"2017-11-24T15:10:34+00:00\",\"breadcrumb\":{\"@id\":\"https:\/\/gobierno.udd.cl\/dccs\/persona\/maria-paz-martinez-molina-2\/#breadcrumb\"},\"inLanguage\":\"es\",\"potentialAction\":[{\"@type\":\"ReadAction\",\"target\":[\"https:\/\/gobierno.udd.cl\/dccs\/persona\/maria-paz-martinez-molina-2\/\"]}]},{\"@type\":\"ImageObject\",\"inLanguage\":\"es\",\"@id\":\"https:\/\/gobierno.udd.cl\/dccs\/persona\/maria-paz-martinez-molina-2\/#primaryimage\",\"url\":\"https:\/\/gobierno.udd.cl\/dccs\/files\/2017\/11\/maria-paz-martinez.jpg\",\"contentUrl\":\"https:\/\/gobierno.udd.cl\/dccs\/files\/2017\/11\/maria-paz-martinez.jpg\",\"width\":125,\"height\":125},{\"@type\":\"BreadcrumbList\",\"@id\":\"https:\/\/gobierno.udd.cl\/dccs\/persona\/maria-paz-martinez-molina-2\/#breadcrumb\",\"itemListElement\":[{\"@type\":\"ListItem\",\"position\":1,\"name\":\"Portada\",\"item\":\"https:\/\/gobierno.udd.cl\/dccs\/\"},{\"@type\":\"ListItem\",\"position\":2,\"name\":\"Personas\",\"item\":\"https:\/\/gobierno.udd.cl\/dccs\/persona\/\"},{\"@type\":\"ListItem\",\"position\":3,\"name\":\"Mar\u00eda Paz Mart\u00ednez Molina\"}]},{\"@type\":\"WebSite\",\"@id\":\"https:\/\/gobierno.udd.cl\/dccs\/#website\",\"url\":\"https:\/\/gobierno.udd.cl\/dccs\/\",\"name\":\"Doctorado en Ciencias de la Complejidad Social\",\"description\":\"Centro de Investigaci\u00f3n en Complejidad Social | UDD\",\"inLanguage\":\"es\"}]}<\/script>\n<!-- \/ Yoast SEO plugin. -->","yoast_head_json":{"title":"Mar\u00eda Paz Mart\u00ednez Molina - Doctorado en Ciencias de la Complejidad Social","robots":{"index":"index","follow":"follow","max-snippet":"max-snippet:-1","max-image-preview":"max-image-preview:large","max-video-preview":"max-video-preview:-1"},"canonical":"https:\/\/gobierno.udd.cl\/dccs\/persona\/maria-paz-martinez-molina-2\/","og_locale":"es_ES","og_type":"article","og_title":"Mar\u00eda Paz Mart\u00ednez Molina - Doctorado en Ciencias de la Complejidad Social","og_url":"https:\/\/gobierno.udd.cl\/dccs\/persona\/maria-paz-martinez-molina-2\/","og_site_name":"Doctorado en Ciencias de la Complejidad Social","og_image":[{"width":125,"height":125,"url":"https:\/\/gobierno.udd.cl\/dccs\/files\/2017\/11\/maria-paz-martinez.jpg","type":"image\/jpeg"}],"twitter_card":"summary_large_image","schema":{"@context":"https:\/\/schema.org","@graph":[{"@type":"WebPage","@id":"https:\/\/gobierno.udd.cl\/dccs\/persona\/maria-paz-martinez-molina-2\/","url":"https:\/\/gobierno.udd.cl\/dccs\/persona\/maria-paz-martinez-molina-2\/","name":"Mar\u00eda Paz Mart\u00ednez Molina - Doctorado en Ciencias de la Complejidad Social","isPartOf":{"@id":"https:\/\/gobierno.udd.cl\/dccs\/#website"},"primaryImageOfPage":{"@id":"https:\/\/gobierno.udd.cl\/dccs\/persona\/maria-paz-martinez-molina-2\/#primaryimage"},"image":{"@id":"https:\/\/gobierno.udd.cl\/dccs\/persona\/maria-paz-martinez-molina-2\/#primaryimage"},"thumbnailUrl":"https:\/\/gobierno.udd.cl\/dccs\/files\/2017\/11\/maria-paz-martinez.jpg","datePublished":"2017-11-24T15:10:34+00:00","breadcrumb":{"@id":"https:\/\/gobierno.udd.cl\/dccs\/persona\/maria-paz-martinez-molina-2\/#breadcrumb"},"inLanguage":"es","potentialAction":[{"@type":"ReadAction","target":["https:\/\/gobierno.udd.cl\/dccs\/persona\/maria-paz-martinez-molina-2\/"]}]},{"@type":"ImageObject","inLanguage":"es","@id":"https:\/\/gobierno.udd.cl\/dccs\/persona\/maria-paz-martinez-molina-2\/#primaryimage","url":"https:\/\/gobierno.udd.cl\/dccs\/files\/2017\/11\/maria-paz-martinez.jpg","contentUrl":"https:\/\/gobierno.udd.cl\/dccs\/files\/2017\/11\/maria-paz-martinez.jpg","width":125,"height":125},{"@type":"BreadcrumbList","@id":"https:\/\/gobierno.udd.cl\/dccs\/persona\/maria-paz-martinez-molina-2\/#breadcrumb","itemListElement":[{"@type":"ListItem","position":1,"name":"Portada","item":"https:\/\/gobierno.udd.cl\/dccs\/"},{"@type":"ListItem","position":2,"name":"Personas","item":"https:\/\/gobierno.udd.cl\/dccs\/persona\/"},{"@type":"ListItem","position":3,"name":"Mar\u00eda Paz Mart\u00ednez Molina"}]},{"@type":"WebSite","@id":"https:\/\/gobierno.udd.cl\/dccs\/#website","url":"https:\/\/gobierno.udd.cl\/dccs\/","name":"Doctorado en Ciencias de la Complejidad Social","description":"Centro de Investigaci\u00f3n en Complejidad Social | UDD","inLanguage":"es"}]}},"label":"Mar\u00eda Paz  Mart\u00ednez Molina","title":{"rendered":"Mar\u00eda Paz  Mart\u00ednez Molina"},"role":"CLASS OF 2016 - M.Sc in Substance Abuse, Universidad de Concepci\u00f3n","thumbnail_url":"https:\/\/gobierno.udd.cl\/dccs\/files\/2017\/11\/maria-paz-martinez.jpg","email":"","tel_job":"","content":{"rendered":"<div class=\"person-modal person-modal--scl\">\n\t<header class=\"person-modal__header\">\n\t\t<div class=\"person-modal__bg\"><\/div>\n\t\t<div class=\"modal-container\">\n\t\t\t\t\t\t<div class=\"person-modal__media\">\n\t\t\t\t<img width=\"125\" height=\"125\" src=\"https:\/\/gobierno.udd.cl\/dccs\/files\/2017\/11\/maria-paz-martinez-62x62.jpg\" class=\"person-modal__image wp-post-image lazyload\" alt=\"\" decoding=\"async\" loading=\"lazy\" sizes=\"auto, (max-width: 125px) 100vw, 125px\" data-src=\"https:\/\/gobierno.udd.cl\/dccs\/files\/2017\/11\/maria-paz-martinez.jpg\" data-srcset=\"https:\/\/gobierno.udd.cl\/dccs\/files\/2017\/11\/maria-paz-martinez.jpg 125w, https:\/\/gobierno.udd.cl\/dccs\/files\/2017\/11\/maria-paz-martinez-62x62.jpg 62w\" \/>\t\t\t<\/div>\n\t\t\t\t\t\t<div class=\"person-modal__data\">\n\t\t\t\t<h1 class=\"person-modal__name\">Mar\u00eda Paz  Mart\u00ednez Molina<\/h1>\n\t\t\t\t\t\t\t<span class=\"person-modal__description\">CLASS OF 2016 - M.Sc in Substance Abuse, Universidad de Concepci\u00f3n<\/span>\n\t\t\t\t\t\t\t\t\t\t\t\t\t\t\t<\/div>\n\t\t<\/div>\n\t<\/header>\n\t<div class=\"modal-container\">\n\t\t\t<div class=\"person-modal__content text\">\n\t\t\t\t\t<p>M.Sc in Substance Abuse, Universidad de Concepci\u00f3n, Chile.<br \/>\nB.Sc. In Bioengineering, Universidad de Concepci\u00f3n.<\/p>\n\t\t\t\t\t\t\t\t\t\t<p><strong>Research interests:<\/strong><br \/>\nNeuroscience and Behavior.<\/p>\n<p><strong>Contact:<\/strong><br \/>\nMail: mariamartinezmo@udd.cl<br \/>\nPhone: 56 (2) 2327 9701<br \/>\nAddress: Av. Las Condes 12461, Las Condes, Santiago de Chile.<\/p>\n<h3><span>PRODUCTS<\/span><\/h3>\n<table border=\"1\" width=\"531\" cellspacing=\"1\" cellpadding=\"1\">\n<tbody>\n<tr>\n<td>\n<h2>CONFERENCES<\/h2>\n<table border=\"1\" cellspacing=\"1\" cellpadding=\"1\">\n<tbody>\n<tr>\n<td>\n<ul>\n<li>Presentaci\u00f3n Poster \u201cTheta activity training in lateral prefrontal cortex increases proactive cognitive control\u201d. Congreso OHBM (Organization for Human Brain Mapping), Junio de 2018, Singapur<\/li>\n<\/ul>\n<\/td>\n<td bgcolor=\"#551A8B\"><\/td>\n<\/tr>\n<\/tbody>\n<\/table>\n<\/td>\n<\/tr>\n<tr>\n<td>\n<h2>PROJECTS<\/h2>\n<table border=\"1\" cellspacing=\"1\" cellpadding=\"1\">\n<tbody>\n<tr>\n<td>\n<ul>\n<li>Modulation of proactive cognitive control through prefrontal oscillatory training. CONICYT &#8211; FONDECYT REGULAR 2018<\/li>\n<\/ul>\n<\/td>\n<td bgcolor=\"#551A8B\"><\/td>\n<\/tr>\n<\/tbody>\n<\/table>\n<\/td>\n<\/tr>\n<\/tbody>\n<\/table>\n\t\t<\/div>\n\t<\/div>\n<\/div>\n"},"identifier":"796f69524cc55727e5c1506a95eb5a6be3eb3315","has_credential":[],"given_name":"Mar\u00eda Paz ","family_name":"Mart\u00ednez Molina","name":"Mar\u00eda Paz  Mart\u00ednez Molina","job_title":"CLASS OF 2016 - M.Sc in Substance Abuse, Universidad de Concepci\u00f3n","telephone":"","note":"M.Sc in Substance Abuse, Universidad de Concepci\u00f3n, Chile.\nB.Sc. In Bioengineering, Universidad de Concepci\u00f3n.\n","im":"","_self_schedule":null,"_links":{"self":[{"href":"https:\/\/gobierno.udd.cl\/dccs\/wp-json\/wp\/v2\/people\/602","targetHints":{"allow":["GET"]}}],"collection":[{"href":"https:\/\/gobierno.udd.cl\/dccs\/wp-json\/wp\/v2\/people"}],"about":[{"href":"https:\/\/gobierno.udd.cl\/dccs\/wp-json\/wp\/v2\/types\/person"}],"wp:featuredmedia":[{"embeddable":true,"href":"https:\/\/gobierno.udd.cl\/dccs\/wp-json\/wp\/v2\/media\/601"}],"wp:attachment":[{"href":"https:\/\/gobierno.udd.cl\/dccs\/wp-json\/wp\/v2\/media?parent=602"}],"wp:term":[{"taxonomy":"people_tax","embeddable":true,"href":"https:\/\/gobierno.udd.cl\/dccs\/wp-json\/wp\/v2\/people_tax?post=602"},{"taxonomy":"people_areas","embeddable":true,"href":"https:\/\/gobierno.udd.cl\/dccs\/wp-json\/wp\/v2\/people_areas?post=602"},{"taxonomy":"people_levels","embeddable":true,"href":"https:\/\/gobierno.udd.cl\/dccs\/wp-json\/wp\/v2\/people_levels?post=602"}],"curies":[{"name":"wp","href":"https:\/\/api.w.org\/{rel}","templated":true}]}}