{"id":514,"date":"2017-11-13T20:31:20","date_gmt":"2017-11-13T20:31:20","guid":{"rendered":"http:\/\/dccs.udd.cl\/?post_type=person&amp;p=514"},"modified":"2017-11-13T20:31:20","modified_gmt":"2017-11-13T20:31:20","slug":"ana-maria-fernandez-2","status":"publish","type":"person","link":"https:\/\/gobierno.udd.cl\/dccs\/persona\/ana-maria-fernandez-2\/","featured_media":117,"template":"","people_tax":[44],"people_areas":[45],"people_levels":[],"class_list":["post-514","person","type-person","status-publish","has-post-thumbnail","hentry","people_tax-colaboradores","people_areas-investigadores"],"yoast_head":"<!-- This site is optimized with the Yoast SEO plugin v26.9 - https:\/\/yoast.com\/product\/yoast-seo-wordpress\/ -->\n<title>Ana Mar\u00eda Fern\u00e1ndez - Doctorado en Ciencias de la Complejidad Social<\/title>\n<meta name=\"robots\" content=\"index, follow, max-snippet:-1, max-image-preview:large, max-video-preview:-1\" \/>\n<link rel=\"canonical\" href=\"https:\/\/gobierno.udd.cl\/dccs\/persona\/ana-maria-fernandez-2\/\" \/>\n<meta property=\"og:locale\" content=\"es_ES\" \/>\n<meta property=\"og:type\" content=\"article\" \/>\n<meta property=\"og:title\" content=\"Ana Mar\u00eda Fern\u00e1ndez - Doctorado en Ciencias de la Complejidad Social\" \/>\n<meta property=\"og:url\" content=\"https:\/\/gobierno.udd.cl\/dccs\/persona\/ana-maria-fernandez-2\/\" \/>\n<meta property=\"og:site_name\" content=\"Doctorado en Ciencias de la Complejidad Social\" \/>\n<meta property=\"og:image\" content=\"https:\/\/gobierno.udd.cl\/dccs\/files\/2017\/10\/anamaria-fernandez.jpg\" \/>\n\t<meta property=\"og:image:width\" content=\"125\" \/>\n\t<meta property=\"og:image:height\" content=\"125\" \/>\n\t<meta property=\"og:image:type\" content=\"image\/jpeg\" \/>\n<meta name=\"twitter:card\" content=\"summary_large_image\" \/>\n<script type=\"application\/ld+json\" class=\"yoast-schema-graph\">{\"@context\":\"https:\/\/schema.org\",\"@graph\":[{\"@type\":\"WebPage\",\"@id\":\"https:\/\/gobierno.udd.cl\/dccs\/persona\/ana-maria-fernandez-2\/\",\"url\":\"https:\/\/gobierno.udd.cl\/dccs\/persona\/ana-maria-fernandez-2\/\",\"name\":\"Ana Mar\u00eda Fern\u00e1ndez - Doctorado en Ciencias de la Complejidad Social\",\"isPartOf\":{\"@id\":\"https:\/\/gobierno.udd.cl\/dccs\/#website\"},\"primaryImageOfPage\":{\"@id\":\"https:\/\/gobierno.udd.cl\/dccs\/persona\/ana-maria-fernandez-2\/#primaryimage\"},\"image\":{\"@id\":\"https:\/\/gobierno.udd.cl\/dccs\/persona\/ana-maria-fernandez-2\/#primaryimage\"},\"thumbnailUrl\":\"https:\/\/gobierno.udd.cl\/dccs\/files\/2017\/10\/anamaria-fernandez.jpg\",\"datePublished\":\"2017-11-13T20:31:20+00:00\",\"breadcrumb\":{\"@id\":\"https:\/\/gobierno.udd.cl\/dccs\/persona\/ana-maria-fernandez-2\/#breadcrumb\"},\"inLanguage\":\"es\",\"potentialAction\":[{\"@type\":\"ReadAction\",\"target\":[\"https:\/\/gobierno.udd.cl\/dccs\/persona\/ana-maria-fernandez-2\/\"]}]},{\"@type\":\"ImageObject\",\"inLanguage\":\"es\",\"@id\":\"https:\/\/gobierno.udd.cl\/dccs\/persona\/ana-maria-fernandez-2\/#primaryimage\",\"url\":\"https:\/\/gobierno.udd.cl\/dccs\/files\/2017\/10\/anamaria-fernandez.jpg\",\"contentUrl\":\"https:\/\/gobierno.udd.cl\/dccs\/files\/2017\/10\/anamaria-fernandez.jpg\",\"width\":125,\"height\":125},{\"@type\":\"BreadcrumbList\",\"@id\":\"https:\/\/gobierno.udd.cl\/dccs\/persona\/ana-maria-fernandez-2\/#breadcrumb\",\"itemListElement\":[{\"@type\":\"ListItem\",\"position\":1,\"name\":\"Portada\",\"item\":\"https:\/\/gobierno.udd.cl\/dccs\/\"},{\"@type\":\"ListItem\",\"position\":2,\"name\":\"Personas\",\"item\":\"https:\/\/gobierno.udd.cl\/dccs\/persona\/\"},{\"@type\":\"ListItem\",\"position\":3,\"name\":\"Ana Mar\u00eda Fern\u00e1ndez\"}]},{\"@type\":\"WebSite\",\"@id\":\"https:\/\/gobierno.udd.cl\/dccs\/#website\",\"url\":\"https:\/\/gobierno.udd.cl\/dccs\/\",\"name\":\"Doctorado en Ciencias de la Complejidad Social\",\"description\":\"Centro de Investigaci\u00f3n en Complejidad Social | UDD\",\"inLanguage\":\"es\"}]}<\/script>\n<!-- \/ Yoast SEO plugin. -->","yoast_head_json":{"title":"Ana Mar\u00eda Fern\u00e1ndez - Doctorado en Ciencias de la Complejidad Social","robots":{"index":"index","follow":"follow","max-snippet":"max-snippet:-1","max-image-preview":"max-image-preview:large","max-video-preview":"max-video-preview:-1"},"canonical":"https:\/\/gobierno.udd.cl\/dccs\/persona\/ana-maria-fernandez-2\/","og_locale":"es_ES","og_type":"article","og_title":"Ana Mar\u00eda Fern\u00e1ndez - Doctorado en Ciencias de la Complejidad Social","og_url":"https:\/\/gobierno.udd.cl\/dccs\/persona\/ana-maria-fernandez-2\/","og_site_name":"Doctorado en Ciencias de la Complejidad Social","og_image":[{"width":125,"height":125,"url":"https:\/\/gobierno.udd.cl\/dccs\/files\/2017\/10\/anamaria-fernandez.jpg","type":"image\/jpeg"}],"twitter_card":"summary_large_image","schema":{"@context":"https:\/\/schema.org","@graph":[{"@type":"WebPage","@id":"https:\/\/gobierno.udd.cl\/dccs\/persona\/ana-maria-fernandez-2\/","url":"https:\/\/gobierno.udd.cl\/dccs\/persona\/ana-maria-fernandez-2\/","name":"Ana Mar\u00eda Fern\u00e1ndez - Doctorado en Ciencias de la Complejidad Social","isPartOf":{"@id":"https:\/\/gobierno.udd.cl\/dccs\/#website"},"primaryImageOfPage":{"@id":"https:\/\/gobierno.udd.cl\/dccs\/persona\/ana-maria-fernandez-2\/#primaryimage"},"image":{"@id":"https:\/\/gobierno.udd.cl\/dccs\/persona\/ana-maria-fernandez-2\/#primaryimage"},"thumbnailUrl":"https:\/\/gobierno.udd.cl\/dccs\/files\/2017\/10\/anamaria-fernandez.jpg","datePublished":"2017-11-13T20:31:20+00:00","breadcrumb":{"@id":"https:\/\/gobierno.udd.cl\/dccs\/persona\/ana-maria-fernandez-2\/#breadcrumb"},"inLanguage":"es","potentialAction":[{"@type":"ReadAction","target":["https:\/\/gobierno.udd.cl\/dccs\/persona\/ana-maria-fernandez-2\/"]}]},{"@type":"ImageObject","inLanguage":"es","@id":"https:\/\/gobierno.udd.cl\/dccs\/persona\/ana-maria-fernandez-2\/#primaryimage","url":"https:\/\/gobierno.udd.cl\/dccs\/files\/2017\/10\/anamaria-fernandez.jpg","contentUrl":"https:\/\/gobierno.udd.cl\/dccs\/files\/2017\/10\/anamaria-fernandez.jpg","width":125,"height":125},{"@type":"BreadcrumbList","@id":"https:\/\/gobierno.udd.cl\/dccs\/persona\/ana-maria-fernandez-2\/#breadcrumb","itemListElement":[{"@type":"ListItem","position":1,"name":"Portada","item":"https:\/\/gobierno.udd.cl\/dccs\/"},{"@type":"ListItem","position":2,"name":"Personas","item":"https:\/\/gobierno.udd.cl\/dccs\/persona\/"},{"@type":"ListItem","position":3,"name":"Ana Mar\u00eda Fern\u00e1ndez"}]},{"@type":"WebSite","@id":"https:\/\/gobierno.udd.cl\/dccs\/#website","url":"https:\/\/gobierno.udd.cl\/dccs\/","name":"Doctorado en Ciencias de la Complejidad Social","description":"Centro de Investigaci\u00f3n en Complejidad Social | UDD","inLanguage":"es"}]}},"label":"Ana Mar\u00eda Fern\u00e1ndez","title":{"rendered":"Ana Mar\u00eda Fern\u00e1ndez"},"role":"Ph.D. en Psicolog\u00eda, Universidad de Chile - Profesora Visitante DCCS","thumbnail_url":"https:\/\/gobierno.udd.cl\/dccs\/files\/2017\/10\/anamaria-fernandez.jpg","email":"","tel_job":"","content":{"rendered":"<div class=\"person-modal person-modal--scl\">\n\t<header class=\"person-modal__header\">\n\t\t<div class=\"person-modal__bg\"><\/div>\n\t\t<div class=\"modal-container\">\n\t\t\t\t\t\t<div class=\"person-modal__media\">\n\t\t\t\t<img width=\"125\" height=\"125\" src=\"https:\/\/gobierno.udd.cl\/dccs\/files\/2017\/10\/anamaria-fernandez-62x62.jpg\" class=\"person-modal__image wp-post-image lazyload\" alt=\"\" decoding=\"async\" loading=\"lazy\" sizes=\"auto, (max-width: 125px) 100vw, 125px\" data-src=\"https:\/\/gobierno.udd.cl\/dccs\/files\/2017\/10\/anamaria-fernandez.jpg\" data-srcset=\"https:\/\/gobierno.udd.cl\/dccs\/files\/2017\/10\/anamaria-fernandez.jpg 125w, https:\/\/gobierno.udd.cl\/dccs\/files\/2017\/10\/anamaria-fernandez-62x62.jpg 62w\" \/>\t\t\t<\/div>\n\t\t\t\t\t\t<div class=\"person-modal__data\">\n\t\t\t\t<h1 class=\"person-modal__name\">Ana Mar\u00eda Fern\u00e1ndez<\/h1>\n\t\t\t\t\t\t\t<span class=\"person-modal__description\">Ph.D. en Psicolog\u00eda, Universidad de Chile - Profesora Visitante DCCS<\/span>\n\t\t\t\t\t\t\t\t\t\t\t\t\t\t\t<\/div>\n\t\t<\/div>\n\t<\/header>\n\t<div class=\"modal-container\">\n\t\t\t<div class=\"person-modal__content text\">\n\t\t\t\t\t<p>Profesora Visitante DCCS<br \/>\nDirectora Laboratorio de Evoluci\u00f3n Relaciones Interpersonales (Leri), Facultad de Psicolog\u00eda, Universidad de Santiago.<\/p>\n<p>Ph.D. en Psicolog\u00eda, Universidad de Chile.<br \/>\nMaster en Psicolog\u00eda Experimental, Universidad Estado de California.<br \/>\nLicenciado en Psicolog\u00eda, Universidad de Texas.<br \/>\nEscuela de psicolog\u00eda. Universidad de Santiago.<\/p>\n\t\t\t\t\t\t\t\t\t\t<h3><span>L\u00cdNEA DE INVESTIGACI\u00d3N<\/span><\/h3>\n<p><strong>Fundamentos de la cognici\u00f3n y el comportamiento social<\/strong><\/p>\n<p><strong>\u00c1reas de investigaci\u00f3n:<\/strong><br \/>\nFoundations of Human Behavior, Evolutionary Psychology, Psychometrics, Social Psychology, Experimental Psychology. Cross Cultural Psychology.<\/p>\n<p><strong>Informaci\u00f3n de contacto:<\/strong><br \/>\nMail: ana.fernandez@usach.cl<br \/>\n<a href=\"https:\/\/www.researchgate.net\/profile\/Ana_Fernandez13\/info\">Sitio web<\/a><br \/>\nTel\u00e9fono: 2 2718 4371<br \/>\nDirecci\u00f3n: Av. Lib. Bernardo O&#8217;Higgins 3363<\/p>\n<h3><span>PRODUCTOS<\/span><\/h3>\n<table border=\"1\" width=\"531\" cellspacing=\"1\" cellpadding=\"1\">\n<tbody>\n<tr>\n<td>\n<h2>PAPERS<\/h2>\n<table border=\"1\" cellspacing=\"1\" cellpadding=\"1\">\n<tbody>\n<tr>\n<td>\n<ul>\n<li>Fernandez, A. M., Mu\u00f1oz-Reyes, J. A., Dufey, M., Buccioni, G. y Cid, V. (2015). Adaptaci\u00f3n del Cuestionario de Componentes del Valor de Pareja al contexto chileno. Revista Iberoamericana de Diagn\u00f3stico y Evaluaci\u00f3n-e Avalia\u00e7ao Psicol\u00f3gica, 40, 94 -102.<\/li>\n<li>Fernandez, A. M., &amp; Dufey, M. (2015). Adaptation of Collins\u00b4 dimensional adult attachment scale revised to the Chilean context. Psicologia Reflex\u00e3o e Cr\u00edtica, 28, 242-252. doi: 10.1590\/1678-7153.201528204<\/li>\n<li>Fernandez, A. M., Mu\u00f1oz-Reyes, A., Dufey, M., Pavez, P., Baeza, C. G., Kinkead, P. (2015). Sex differences in jealousy are not explained by attachment style in men and women from Chile. Human Ethology Bulletin, 30,139-151.<\/li>\n<li>Dufey, M., Hurtado, E., Fern\u00e1ndez, A., Manes, F. &amp; Ib\u00e1\u00f1ez, A. (2011). Exploring the relationship between vagal tone and event-related potentials in response to an affective picture task. Social Neuroscience, 6, 48-62. DOI:10.1080\/17470911003691402.<\/li>\n<li>Fern\u00e1ndez, A. M., Sierra, J. C., Vera-Villarroel, P. &amp; Zubeidat, I. (2007). Distress to Emotional or Sexual Infidelity: Evidence of<\/li>\n<\/ul>\n<\/td>\n<td bgcolor=\"#551A8B\"><\/td>\n<\/tr>\n<\/tbody>\n<\/table>\n<\/td>\n<\/tr>\n<\/tbody>\n<\/table>\n\t\t<\/div>\n\t<\/div>\n<\/div>\n"},"identifier":"77f6649690bdfb64576d53f2f220539835a21fd1","has_credential":[],"given_name":"Ana Mar\u00eda","family_name":"Fern\u00e1ndez","name":"Ana Mar\u00eda Fern\u00e1ndez","job_title":"Ph.D. en Psicolog\u00eda, Universidad de Chile - Profesora Visitante DCCS","telephone":"","note":"Profesora Visitante DCCS\nDirectora Laboratorio de Evoluci\u00f3n Relaciones Interpersonales (Leri), Facultad de Psicolog\u00eda, Universidad de Santiago.\n\nPh.D. en Psicolog\u00eda, Universidad de Chile.\nMaster en Psicolog\u00eda Experimental, Universidad Estado de California.\nLicenciado en Psicolog\u00eda, Universidad de Texas.\nEscuela de psicolog\u00eda. Universidad de Santiago.","im":"","_self_schedule":null,"_links":{"self":[{"href":"https:\/\/gobierno.udd.cl\/dccs\/wp-json\/wp\/v2\/people\/514","targetHints":{"allow":["GET"]}}],"collection":[{"href":"https:\/\/gobierno.udd.cl\/dccs\/wp-json\/wp\/v2\/people"}],"about":[{"href":"https:\/\/gobierno.udd.cl\/dccs\/wp-json\/wp\/v2\/types\/person"}],"wp:featuredmedia":[{"embeddable":true,"href":"https:\/\/gobierno.udd.cl\/dccs\/wp-json\/wp\/v2\/media\/117"}],"wp:attachment":[{"href":"https:\/\/gobierno.udd.cl\/dccs\/wp-json\/wp\/v2\/media?parent=514"}],"wp:term":[{"taxonomy":"people_tax","embeddable":true,"href":"https:\/\/gobierno.udd.cl\/dccs\/wp-json\/wp\/v2\/people_tax?post=514"},{"taxonomy":"people_areas","embeddable":true,"href":"https:\/\/gobierno.udd.cl\/dccs\/wp-json\/wp\/v2\/people_areas?post=514"},{"taxonomy":"people_levels","embeddable":true,"href":"https:\/\/gobierno.udd.cl\/dccs\/wp-json\/wp\/v2\/people_levels?post=514"}],"curies":[{"name":"wp","href":"https:\/\/api.w.org\/{rel}","templated":true}]}}