{"id":3618,"date":"2021-06-15T04:35:54","date_gmt":"2021-06-15T04:35:54","guid":{"rendered":"https:\/\/dccs.udd.cl\/?post_type=person&amp;p=3618"},"modified":"2021-06-15T04:35:54","modified_gmt":"2021-06-15T04:35:54","slug":"jose-francisco-zamorano-2","status":"publish","type":"person","link":"https:\/\/gobierno.udd.cl\/dccs\/persona\/jose-francisco-zamorano-2\/","featured_media":3721,"template":"","people_tax":[36],"people_areas":[],"people_levels":[],"class_list":["post-3618","person","type-person","status-publish","has-post-thumbnail","hentry","people_tax-associated"],"yoast_head":"<!-- This site is optimized with the Yoast SEO plugin v26.9 - https:\/\/yoast.com\/product\/yoast-seo-wordpress\/ -->\n<title>Jos\u00e9 Francisco Zamorano - Doctorado en Ciencias de la Complejidad Social<\/title>\n<meta name=\"robots\" content=\"index, follow, max-snippet:-1, max-image-preview:large, max-video-preview:-1\" \/>\n<link rel=\"canonical\" href=\"https:\/\/gobierno.udd.cl\/dccs\/persona\/jose-francisco-zamorano-2\/\" \/>\n<meta property=\"og:locale\" content=\"es_ES\" \/>\n<meta property=\"og:type\" content=\"article\" \/>\n<meta property=\"og:title\" content=\"Jos\u00e9 Francisco Zamorano - Doctorado en Ciencias de la Complejidad Social\" \/>\n<meta property=\"og:url\" content=\"https:\/\/gobierno.udd.cl\/dccs\/persona\/jose-francisco-zamorano-2\/\" \/>\n<meta property=\"og:site_name\" content=\"Doctorado en Ciencias de la Complejidad Social\" \/>\n<meta property=\"og:image\" content=\"https:\/\/gobierno.udd.cl\/dccs\/files\/2021\/06\/dr-jose-zamoranobn.jpg\" \/>\n\t<meta property=\"og:image:width\" content=\"200\" \/>\n\t<meta property=\"og:image:height\" content=\"208\" \/>\n\t<meta property=\"og:image:type\" content=\"image\/jpeg\" \/>\n<meta name=\"twitter:card\" content=\"summary_large_image\" \/>\n<script type=\"application\/ld+json\" class=\"yoast-schema-graph\">{\"@context\":\"https:\/\/schema.org\",\"@graph\":[{\"@type\":\"WebPage\",\"@id\":\"https:\/\/gobierno.udd.cl\/dccs\/persona\/jose-francisco-zamorano-2\/\",\"url\":\"https:\/\/gobierno.udd.cl\/dccs\/persona\/jose-francisco-zamorano-2\/\",\"name\":\"Jos\u00e9 Francisco Zamorano - Doctorado en Ciencias de la Complejidad Social\",\"isPartOf\":{\"@id\":\"https:\/\/gobierno.udd.cl\/dccs\/#website\"},\"primaryImageOfPage\":{\"@id\":\"https:\/\/gobierno.udd.cl\/dccs\/persona\/jose-francisco-zamorano-2\/#primaryimage\"},\"image\":{\"@id\":\"https:\/\/gobierno.udd.cl\/dccs\/persona\/jose-francisco-zamorano-2\/#primaryimage\"},\"thumbnailUrl\":\"https:\/\/gobierno.udd.cl\/dccs\/files\/2021\/06\/dr-jose-zamoranobn.jpg\",\"datePublished\":\"2021-06-15T04:35:54+00:00\",\"breadcrumb\":{\"@id\":\"https:\/\/gobierno.udd.cl\/dccs\/persona\/jose-francisco-zamorano-2\/#breadcrumb\"},\"inLanguage\":\"es\",\"potentialAction\":[{\"@type\":\"ReadAction\",\"target\":[\"https:\/\/gobierno.udd.cl\/dccs\/persona\/jose-francisco-zamorano-2\/\"]}]},{\"@type\":\"ImageObject\",\"inLanguage\":\"es\",\"@id\":\"https:\/\/gobierno.udd.cl\/dccs\/persona\/jose-francisco-zamorano-2\/#primaryimage\",\"url\":\"https:\/\/gobierno.udd.cl\/dccs\/files\/2021\/06\/dr-jose-zamoranobn.jpg\",\"contentUrl\":\"https:\/\/gobierno.udd.cl\/dccs\/files\/2021\/06\/dr-jose-zamoranobn.jpg\",\"width\":200,\"height\":208},{\"@type\":\"BreadcrumbList\",\"@id\":\"https:\/\/gobierno.udd.cl\/dccs\/persona\/jose-francisco-zamorano-2\/#breadcrumb\",\"itemListElement\":[{\"@type\":\"ListItem\",\"position\":1,\"name\":\"Portada\",\"item\":\"https:\/\/gobierno.udd.cl\/dccs\/\"},{\"@type\":\"ListItem\",\"position\":2,\"name\":\"Personas\",\"item\":\"https:\/\/gobierno.udd.cl\/dccs\/persona\/\"},{\"@type\":\"ListItem\",\"position\":3,\"name\":\"Jos\u00e9 Francisco Zamorano\"}]},{\"@type\":\"WebSite\",\"@id\":\"https:\/\/gobierno.udd.cl\/dccs\/#website\",\"url\":\"https:\/\/gobierno.udd.cl\/dccs\/\",\"name\":\"Doctorado en Ciencias de la Complejidad Social\",\"description\":\"Centro de Investigaci\u00f3n en Complejidad Social | UDD\",\"inLanguage\":\"es\"}]}<\/script>\n<!-- \/ Yoast SEO plugin. -->","yoast_head_json":{"title":"Jos\u00e9 Francisco Zamorano - Doctorado en Ciencias de la Complejidad Social","robots":{"index":"index","follow":"follow","max-snippet":"max-snippet:-1","max-image-preview":"max-image-preview:large","max-video-preview":"max-video-preview:-1"},"canonical":"https:\/\/gobierno.udd.cl\/dccs\/persona\/jose-francisco-zamorano-2\/","og_locale":"es_ES","og_type":"article","og_title":"Jos\u00e9 Francisco Zamorano - Doctorado en Ciencias de la Complejidad Social","og_url":"https:\/\/gobierno.udd.cl\/dccs\/persona\/jose-francisco-zamorano-2\/","og_site_name":"Doctorado en Ciencias de la Complejidad Social","og_image":[{"width":200,"height":208,"url":"https:\/\/gobierno.udd.cl\/dccs\/files\/2021\/06\/dr-jose-zamoranobn.jpg","type":"image\/jpeg"}],"twitter_card":"summary_large_image","schema":{"@context":"https:\/\/schema.org","@graph":[{"@type":"WebPage","@id":"https:\/\/gobierno.udd.cl\/dccs\/persona\/jose-francisco-zamorano-2\/","url":"https:\/\/gobierno.udd.cl\/dccs\/persona\/jose-francisco-zamorano-2\/","name":"Jos\u00e9 Francisco Zamorano - Doctorado en Ciencias de la Complejidad Social","isPartOf":{"@id":"https:\/\/gobierno.udd.cl\/dccs\/#website"},"primaryImageOfPage":{"@id":"https:\/\/gobierno.udd.cl\/dccs\/persona\/jose-francisco-zamorano-2\/#primaryimage"},"image":{"@id":"https:\/\/gobierno.udd.cl\/dccs\/persona\/jose-francisco-zamorano-2\/#primaryimage"},"thumbnailUrl":"https:\/\/gobierno.udd.cl\/dccs\/files\/2021\/06\/dr-jose-zamoranobn.jpg","datePublished":"2021-06-15T04:35:54+00:00","breadcrumb":{"@id":"https:\/\/gobierno.udd.cl\/dccs\/persona\/jose-francisco-zamorano-2\/#breadcrumb"},"inLanguage":"es","potentialAction":[{"@type":"ReadAction","target":["https:\/\/gobierno.udd.cl\/dccs\/persona\/jose-francisco-zamorano-2\/"]}]},{"@type":"ImageObject","inLanguage":"es","@id":"https:\/\/gobierno.udd.cl\/dccs\/persona\/jose-francisco-zamorano-2\/#primaryimage","url":"https:\/\/gobierno.udd.cl\/dccs\/files\/2021\/06\/dr-jose-zamoranobn.jpg","contentUrl":"https:\/\/gobierno.udd.cl\/dccs\/files\/2021\/06\/dr-jose-zamoranobn.jpg","width":200,"height":208},{"@type":"BreadcrumbList","@id":"https:\/\/gobierno.udd.cl\/dccs\/persona\/jose-francisco-zamorano-2\/#breadcrumb","itemListElement":[{"@type":"ListItem","position":1,"name":"Portada","item":"https:\/\/gobierno.udd.cl\/dccs\/"},{"@type":"ListItem","position":2,"name":"Personas","item":"https:\/\/gobierno.udd.cl\/dccs\/persona\/"},{"@type":"ListItem","position":3,"name":"Jos\u00e9 Francisco Zamorano"}]},{"@type":"WebSite","@id":"https:\/\/gobierno.udd.cl\/dccs\/#website","url":"https:\/\/gobierno.udd.cl\/dccs\/","name":"Doctorado en Ciencias de la Complejidad Social","description":"Centro de Investigaci\u00f3n en Complejidad Social | UDD","inLanguage":"es"}]}},"label":"Jos\u00e9 Francisco Zamorano","title":{"rendered":"Jos\u00e9 Francisco Zamorano"},"role":"PhD in Psychology, Universidad Complutense de Madrid - DCCS Adjunct Professor","thumbnail_url":"https:\/\/gobierno.udd.cl\/dccs\/files\/2021\/06\/dr-jose-zamoranobn.jpg","email":"","tel_job":"","content":{"rendered":"<div class=\"person-modal person-modal--scl\">\n\t<header class=\"person-modal__header\">\n\t\t<div class=\"person-modal__bg\"><\/div>\n\t\t<div class=\"modal-container\">\n\t\t\t\t\t\t<div class=\"person-modal__media\">\n\t\t\t\t<img width=\"200\" height=\"208\" src=\"https:\/\/gobierno.udd.cl\/dccs\/files\/2021\/06\/dr-jose-zamoranobn-62x62.jpg\" class=\"person-modal__image wp-post-image lazyload\" alt=\"\" decoding=\"async\" loading=\"lazy\" data-src=\"https:\/\/gobierno.udd.cl\/dccs\/files\/2021\/06\/dr-jose-zamoranobn.jpg\" \/>\t\t\t<\/div>\n\t\t\t\t\t\t<div class=\"person-modal__data\">\n\t\t\t\t<h1 class=\"person-modal__name\">Jos\u00e9 Francisco Zamorano<\/h1>\n\t\t\t\t\t\t\t<span class=\"person-modal__description\">PhD in Psychology, Universidad Complutense de Madrid - DCCS Adjunct Professor<\/span>\n\t\t\t\t\t\t\t\t\t\t\t\t\t\t\t<\/div>\n\t\t<\/div>\n\t<\/header>\n\t<div class=\"modal-container\">\n\t\t\t<div class=\"person-modal__content text\">\n\t\t\t\t\t<p>DCCS Adjunct Professor<\/p>\n<p>PhD in Psychology, Universidad Complutense de Madrid.<br \/>\nDiploma of Advanced Studies (D.E.A): \"in the Doctoral Program: \"Animal and Human Behavior: An Ethological Perspective\". Inter-faculty Program: Autonomous and Complutense Universities of Madrid.<br \/>\nDegree in Psychology. Faculty of Social Sciences. Central University of Chile.<br \/>\nPsychologist, Faculty of Social Sciences. Central University of Chile.<\/p>\n\t\t\t\t\t\t\t\t\t\t<h3><span>LINES OF RESEARCH<\/span><\/h3>\n<p><strong>Foundations of Social Cognition and Social Behavior<\/strong><\/p>\n<p><strong>Research areas:<\/strong><\/p>\n<p>Comparative Psychology, Animal Cognition, Cognitive Ethology<\/p>\n<p><strong>Contact Information:<\/strong><br \/>Mail: jfzabramson@gmail.cl\u00a0<br \/>Telephone: 56 (2) 2327 9385<br \/>Address: Av. Las Condes 12461, Las Condes, Santiago de Chile.<\/p>\n<h3><span>PRODUCTS<\/span><\/h3>\n<div class=\"table-responsive\">\n<table border=\"1\" width=\"531\" cellspacing=\"1\" cellpadding=\"1\">\n<tbody>\n<tr class=\"no-data\">\n<td>\n<h2>PAPERS<\/h2>\n<p class=\"MsoListParagraphCxSpFirst\"><span lang=\"EN-US\">\u00b7<span>\u00a0\u00a0\u00a0\u00a0\u00a0\u00a0 <\/span><\/span><span lang=\"ES\">ABRAMSON Z. J., Hern\u00e1ndez-Lloreda, M. V., Garc\u00eda, L., Colmenares, F., Aboitiz, F., &amp; Call, J. (2018). <\/span><span lang=\"EN-US\">Imitation of novel conspecific and human speech sounds in the killer whale (<i>Orcinus orca<\/i>). <\/span><i><span lang=\"EN-US\">Proceedings of the Royal Society B<\/span><\/i><span lang=\"EN-US\">, 285(1871), 20172171 <\/span><span lang=\"ES\">\u2028<\/span><\/p>\n<p class=\"MsoListParagraphCxSpMiddle\"><span lang=\"ES\">\u00b7<span>\u00a0\u00a0\u00a0\u00a0\u00a0\u00a0 <\/span><\/span><span lang=\"ES\">ABRAMSONZ.J.,Soto,D.P.,Zapata,S.B.,&amp;Lloreda,M.V.H. (2018). <\/span><span lang=\"EN-US\">Spatial perseveration error by alpacas (<i>Vicugna pacos<\/i>) in an A-not-B detour task. <\/span><i><span lang=\"ES\">Animal Cognition<\/span><\/i><span lang=\"ES\">, 1-7 <\/span><span lang=\"ES\">\u2028<\/span><\/p>\n<p class=\"MsoListParagraphCxSpMiddle\"><span lang=\"EN-US\">\u00b7<span>\u00a0\u00a0\u00a0\u00a0\u00a0\u00a0 <\/span><\/span><span lang=\"ES\">ABRAMSON Z. J., Hern\u00e1ndez-Lloreda, Jos\u00e9-Antonio Esteban, Colmenares F., Aboitiz, F., MV., y Call, J. <i>\u00a0<\/i><\/span><span lang=\"EN-US\">Contextual imitation of intransitive actions in a beluga whales (<i>Delphinapterus leucas<\/i>)<i> <\/i>a \u201cDo as I Do\u201d study (2017) <i>Plos One\u00a0<\/i><\/span><\/p>\n<p class=\"MsoListParagraphCxSpLast\"><span lang=\"EN-US\">\u00b7<span>\u00a0\u00a0\u00a0\u00a0\u00a0\u00a0 <\/span><\/span><span lang=\"EN-US\">Capella, J., J.Z. ABRAMSON, J. Gibbons and Y.A. Vilina. (2014) Observations of killer whales (<i>Orcinus orca<\/i>) in the fjords of Chilean Patagonia <i>Polar Biology.<\/i> POBI-D-12-00182. ISSN 0722-4060<\/span><\/p>\n<p class=\"Default\"><span lang=\"EN-US\">\u00b7<span>\u00a0\u00a0\u00a0\u00a0\u00a0\u00a0 <\/span><\/span><span lang=\"EN-US\">ABRAMSON Z. J., Hern\u00e1ndez-Lloreda, MV, Call, J. y Colmenares F. (2013)<i> <\/i>Relative quantitie judgment in beluga whales (<i>Delphinapterus leucas<\/i>)<i> <\/i>and bottlenose dolphins (<i>Tursiops truncatus<\/i>). <i>Behavioural Processes <\/i>96: 11-9.<i><\/i><\/span><\/p>\n<p class=\"Default\"><span lang=\"ES-TRAD\">\u00b7<span>\u00a0\u00a0\u00a0\u00a0\u00a0\u00a0 <\/span><\/span><span lang=\"EN-US\">ABRAMSON Z. J., Hern\u00e1ndez-Lloreda, MV, Call, J. y Colmenares F. (2013)<i> <\/i>Experimental evidence of action imitation in killer whales (<i>Orcinus orca<\/i>). <\/span><i><span lang=\"ES-TRAD\">Animal Cognition <\/span><\/i><span lang=\"ES-TRAD\">16:11-22.<\/span><\/p>\n<p class=\"MsoListParagraphCxSpFirst\"><span lang=\"EN-US\">\u00b7<span>\u00a0\u00a0 <\/span><\/span><span lang=\"ES\">ABRAMSON Z. J., Hern\u00e1ndez-Lloreda, MV, Call, J. y Colmenares F. (2011). <\/span><span lang=\"EN-US\">Relative quantitie judgment in Southamerican sea lions (<i>Otaria flavescens<\/i>). <i>Animal Cognition <\/i>14(5): 695-706<\/span><\/p>\n<p class=\"MsoListParagraphCxSpMiddle\"><span lang=\"EN-US\">\u00b7<span>\u00a0\u00a0 <\/span><\/span><span lang=\"ES\">Olavarr\u00eda, C., Acevedo, J., Gibbons, J., Capella, J. &amp; ZAMORANO-ABRAMSON J. (2010). <\/span><span lang=\"EN-US\">Southern distribution of bottlenose dolphins (<i>Tursiops truncatus<\/i>) in the Eastern South Pacific. <i>Aquatic Mammals<\/i> (2010), 36(3): 288-293<\/span><\/p>\n<p class=\"MsoListParagraphCxSpMiddle\"><span lang=\"EN-US\">\u00b7<span>\u00a0\u00a0\u00a0\u00a0\u00a0\u00a0 <\/span><\/span><span lang=\"EN-US\">ABRAMSON Z. J., Gibbons J. (2010). New records of blue whales (<i>Balaenoptera musculus<\/i> linnaeus, 1758) in winter season in the inlet waters of Chilo\u00e9 continental-Chile. <\/span><i><span lang=\"ES\">Anales Instituto Patagonia<\/span><\/i><span lang=\"ES\"> 38(2):105-108<\/span><i><\/i><\/p>\n<p class=\"MsoListParagraphCxSpLast\"><span lang=\"ES\">\u00b7<span>\u00a0\u00a0\u00a0\u00a0\u00a0\u00a0 <\/span><\/span><span lang=\"ES\">ZAMORANO-ABRAMSON, J., Gibbons J. &amp; Capella, J. (2010). <\/span><span lang=\"EN-US\">Diversity and summer distribution of cetaceans in inlet waters of northern Ays\u00e9n, Chile. <\/span><i><span lang=\"ES\">Anales Instituto Patagonia<\/span><\/i><span lang=\"ES\"> 38(1):151-157<\/span><\/p>\n<div class=\"table-responsive\"><\/div>\n<\/td>\n<\/tr>\n<\/tbody>\n<\/table>\n<\/div>\n\t\t<\/div>\n\t<\/div>\n<\/div>\n"},"identifier":"8a9dc7f413d0bf988e8aab60b501fdc4791b4cc9","has_credential":[],"given_name":"Jos\u00e9 Francisco","family_name":"Zamorano","name":"Jos\u00e9 Francisco Zamorano","job_title":"PhD in Psychology, Universidad Complutense de Madrid - DCCS Adjunct Professor","telephone":"","note":"DCCS Adjunct Professor\n\nPhD in Psychology, Universidad Complutense de Madrid.\nDiploma of Advanced Studies (D.E.A): \"in the Doctoral Program: \"Animal and Human Behavior: An Ethological Perspective\". Inter-faculty Program: Autonomous and Complutense Universities of Madrid.\nDegree in Psychology. Faculty of Social Sciences. Central University of Chile.\nPsychologist, Faculty of Social Sciences. Central University of Chile.","im":"","_self_schedule":null,"_links":{"self":[{"href":"https:\/\/gobierno.udd.cl\/dccs\/wp-json\/wp\/v2\/people\/3618","targetHints":{"allow":["GET"]}}],"collection":[{"href":"https:\/\/gobierno.udd.cl\/dccs\/wp-json\/wp\/v2\/people"}],"about":[{"href":"https:\/\/gobierno.udd.cl\/dccs\/wp-json\/wp\/v2\/types\/person"}],"wp:featuredmedia":[{"embeddable":true,"href":"https:\/\/gobierno.udd.cl\/dccs\/wp-json\/wp\/v2\/media\/3721"}],"wp:attachment":[{"href":"https:\/\/gobierno.udd.cl\/dccs\/wp-json\/wp\/v2\/media?parent=3618"}],"wp:term":[{"taxonomy":"people_tax","embeddable":true,"href":"https:\/\/gobierno.udd.cl\/dccs\/wp-json\/wp\/v2\/people_tax?post=3618"},{"taxonomy":"people_areas","embeddable":true,"href":"https:\/\/gobierno.udd.cl\/dccs\/wp-json\/wp\/v2\/people_areas?post=3618"},{"taxonomy":"people_levels","embeddable":true,"href":"https:\/\/gobierno.udd.cl\/dccs\/wp-json\/wp\/v2\/people_levels?post=3618"}],"curies":[{"name":"wp","href":"https:\/\/api.w.org\/{rel}","templated":true}]}}