{"id":3375,"date":"2020-09-24T17:15:40","date_gmt":"2020-09-24T17:15:40","guid":{"rendered":"http:\/\/dccs.udd.cl\/?post_type=person&amp;p=3375"},"modified":"2020-09-24T17:15:40","modified_gmt":"2020-09-24T17:15:40","slug":"monserrat-belinchon-ortiz","status":"publish","type":"person","link":"https:\/\/gobierno.udd.cl\/dccs\/persona\/monserrat-belinchon-ortiz\/","featured_media":3367,"template":"","people_tax":[33],"people_areas":[],"people_levels":[],"class_list":["post-3375","person","type-person","status-publish","has-post-thumbnail","hentry","people_tax-students"],"yoast_head":"<!-- This site is optimized with the Yoast SEO plugin v26.9 - https:\/\/yoast.com\/product\/yoast-seo-wordpress\/ -->\n<title>Montserrat Belinch\u00f3n Ortiz - Doctorado en Ciencias de la Complejidad Social<\/title>\n<meta name=\"robots\" content=\"index, follow, max-snippet:-1, max-image-preview:large, max-video-preview:-1\" \/>\n<link rel=\"canonical\" href=\"https:\/\/gobierno.udd.cl\/dccs\/persona\/monserrat-belinchon-ortiz\/\" \/>\n<meta property=\"og:locale\" content=\"es_ES\" \/>\n<meta property=\"og:type\" content=\"article\" \/>\n<meta property=\"og:title\" content=\"Montserrat Belinch\u00f3n Ortiz - Doctorado en Ciencias de la Complejidad Social\" \/>\n<meta property=\"og:url\" content=\"https:\/\/gobierno.udd.cl\/dccs\/persona\/monserrat-belinchon-ortiz\/\" \/>\n<meta property=\"og:site_name\" content=\"Doctorado en Ciencias de la Complejidad Social\" \/>\n<meta property=\"og:image\" content=\"https:\/\/gobierno.udd.cl\/dccs\/files\/2020\/09\/monserrat.png\" \/>\n\t<meta property=\"og:image:width\" content=\"170\" \/>\n\t<meta property=\"og:image:height\" content=\"150\" \/>\n\t<meta property=\"og:image:type\" content=\"image\/png\" \/>\n<meta name=\"twitter:card\" content=\"summary_large_image\" \/>\n<script type=\"application\/ld+json\" class=\"yoast-schema-graph\">{\"@context\":\"https:\/\/schema.org\",\"@graph\":[{\"@type\":\"WebPage\",\"@id\":\"https:\/\/gobierno.udd.cl\/dccs\/persona\/monserrat-belinchon-ortiz\/\",\"url\":\"https:\/\/gobierno.udd.cl\/dccs\/persona\/monserrat-belinchon-ortiz\/\",\"name\":\"Montserrat Belinch\u00f3n Ortiz - Doctorado en Ciencias de la Complejidad Social\",\"isPartOf\":{\"@id\":\"https:\/\/gobierno.udd.cl\/dccs\/#website\"},\"primaryImageOfPage\":{\"@id\":\"https:\/\/gobierno.udd.cl\/dccs\/persona\/monserrat-belinchon-ortiz\/#primaryimage\"},\"image\":{\"@id\":\"https:\/\/gobierno.udd.cl\/dccs\/persona\/monserrat-belinchon-ortiz\/#primaryimage\"},\"thumbnailUrl\":\"https:\/\/gobierno.udd.cl\/dccs\/files\/2020\/09\/monserrat.png\",\"datePublished\":\"2020-09-24T17:15:40+00:00\",\"breadcrumb\":{\"@id\":\"https:\/\/gobierno.udd.cl\/dccs\/persona\/monserrat-belinchon-ortiz\/#breadcrumb\"},\"inLanguage\":\"es\",\"potentialAction\":[{\"@type\":\"ReadAction\",\"target\":[\"https:\/\/gobierno.udd.cl\/dccs\/persona\/monserrat-belinchon-ortiz\/\"]}]},{\"@type\":\"ImageObject\",\"inLanguage\":\"es\",\"@id\":\"https:\/\/gobierno.udd.cl\/dccs\/persona\/monserrat-belinchon-ortiz\/#primaryimage\",\"url\":\"https:\/\/gobierno.udd.cl\/dccs\/files\/2020\/09\/monserrat.png\",\"contentUrl\":\"https:\/\/gobierno.udd.cl\/dccs\/files\/2020\/09\/monserrat.png\",\"width\":170,\"height\":150},{\"@type\":\"BreadcrumbList\",\"@id\":\"https:\/\/gobierno.udd.cl\/dccs\/persona\/monserrat-belinchon-ortiz\/#breadcrumb\",\"itemListElement\":[{\"@type\":\"ListItem\",\"position\":1,\"name\":\"Portada\",\"item\":\"https:\/\/gobierno.udd.cl\/dccs\/\"},{\"@type\":\"ListItem\",\"position\":2,\"name\":\"Personas\",\"item\":\"https:\/\/gobierno.udd.cl\/dccs\/persona\/\"},{\"@type\":\"ListItem\",\"position\":3,\"name\":\"Montserrat Belinch\u00f3n Ortiz\"}]},{\"@type\":\"WebSite\",\"@id\":\"https:\/\/gobierno.udd.cl\/dccs\/#website\",\"url\":\"https:\/\/gobierno.udd.cl\/dccs\/\",\"name\":\"Doctorado en Ciencias de la Complejidad Social\",\"description\":\"Centro de Investigaci\u00f3n en Complejidad Social | UDD\",\"inLanguage\":\"es\"}]}<\/script>\n<!-- \/ Yoast SEO plugin. -->","yoast_head_json":{"title":"Montserrat Belinch\u00f3n Ortiz - Doctorado en Ciencias de la Complejidad Social","robots":{"index":"index","follow":"follow","max-snippet":"max-snippet:-1","max-image-preview":"max-image-preview:large","max-video-preview":"max-video-preview:-1"},"canonical":"https:\/\/gobierno.udd.cl\/dccs\/persona\/monserrat-belinchon-ortiz\/","og_locale":"es_ES","og_type":"article","og_title":"Montserrat Belinch\u00f3n Ortiz - Doctorado en Ciencias de la Complejidad Social","og_url":"https:\/\/gobierno.udd.cl\/dccs\/persona\/monserrat-belinchon-ortiz\/","og_site_name":"Doctorado en Ciencias de la Complejidad Social","og_image":[{"width":170,"height":150,"url":"https:\/\/gobierno.udd.cl\/dccs\/files\/2020\/09\/monserrat.png","type":"image\/png"}],"twitter_card":"summary_large_image","schema":{"@context":"https:\/\/schema.org","@graph":[{"@type":"WebPage","@id":"https:\/\/gobierno.udd.cl\/dccs\/persona\/monserrat-belinchon-ortiz\/","url":"https:\/\/gobierno.udd.cl\/dccs\/persona\/monserrat-belinchon-ortiz\/","name":"Montserrat Belinch\u00f3n Ortiz - Doctorado en Ciencias de la Complejidad Social","isPartOf":{"@id":"https:\/\/gobierno.udd.cl\/dccs\/#website"},"primaryImageOfPage":{"@id":"https:\/\/gobierno.udd.cl\/dccs\/persona\/monserrat-belinchon-ortiz\/#primaryimage"},"image":{"@id":"https:\/\/gobierno.udd.cl\/dccs\/persona\/monserrat-belinchon-ortiz\/#primaryimage"},"thumbnailUrl":"https:\/\/gobierno.udd.cl\/dccs\/files\/2020\/09\/monserrat.png","datePublished":"2020-09-24T17:15:40+00:00","breadcrumb":{"@id":"https:\/\/gobierno.udd.cl\/dccs\/persona\/monserrat-belinchon-ortiz\/#breadcrumb"},"inLanguage":"es","potentialAction":[{"@type":"ReadAction","target":["https:\/\/gobierno.udd.cl\/dccs\/persona\/monserrat-belinchon-ortiz\/"]}]},{"@type":"ImageObject","inLanguage":"es","@id":"https:\/\/gobierno.udd.cl\/dccs\/persona\/monserrat-belinchon-ortiz\/#primaryimage","url":"https:\/\/gobierno.udd.cl\/dccs\/files\/2020\/09\/monserrat.png","contentUrl":"https:\/\/gobierno.udd.cl\/dccs\/files\/2020\/09\/monserrat.png","width":170,"height":150},{"@type":"BreadcrumbList","@id":"https:\/\/gobierno.udd.cl\/dccs\/persona\/monserrat-belinchon-ortiz\/#breadcrumb","itemListElement":[{"@type":"ListItem","position":1,"name":"Portada","item":"https:\/\/gobierno.udd.cl\/dccs\/"},{"@type":"ListItem","position":2,"name":"Personas","item":"https:\/\/gobierno.udd.cl\/dccs\/persona\/"},{"@type":"ListItem","position":3,"name":"Montserrat Belinch\u00f3n Ortiz"}]},{"@type":"WebSite","@id":"https:\/\/gobierno.udd.cl\/dccs\/#website","url":"https:\/\/gobierno.udd.cl\/dccs\/","name":"Doctorado en Ciencias de la Complejidad Social","description":"Centro de Investigaci\u00f3n en Complejidad Social | UDD","inLanguage":"es"}]}},"label":"Montserrat  Belinch\u00f3n Ortiz","title":{"rendered":"Montserrat  Belinch\u00f3n Ortiz"},"role":"CLASS OF 2020 - Master in Methodology of Behaviour and Health Sciences, Universidad Aut\u00f3noma de Madrid, Spain.","thumbnail_url":"https:\/\/gobierno.udd.cl\/dccs\/files\/2020\/09\/monserrat.png","email":"","tel_job":"","content":{"rendered":"<div class=\"person-modal person-modal--scl\">\n\t<header class=\"person-modal__header\">\n\t\t<div class=\"person-modal__bg\"><\/div>\n\t\t<div class=\"modal-container\">\n\t\t\t\t\t\t<div class=\"person-modal__media\">\n\t\t\t\t<img width=\"170\" height=\"150\" src=\"https:\/\/gobierno.udd.cl\/dccs\/files\/2020\/09\/monserrat-62x62.png\" class=\"person-modal__image wp-post-image lazyload\" alt=\"\" decoding=\"async\" loading=\"lazy\" data-src=\"https:\/\/gobierno.udd.cl\/dccs\/files\/2020\/09\/monserrat.png\" \/>\t\t\t<\/div>\n\t\t\t\t\t\t<div class=\"person-modal__data\">\n\t\t\t\t<h1 class=\"person-modal__name\">Montserrat  Belinch\u00f3n Ortiz<\/h1>\n\t\t\t\t\t\t\t<span class=\"person-modal__description\">CLASS OF 2020 - Master in Methodology of Behaviour and Health Sciences, Universidad Aut\u00f3noma de Madrid, Spain.<\/span>\n\t\t\t\t\t\t\t\t\t\t\t\t\t\t\t<\/div>\n\t\t<\/div>\n\t<\/header>\n\t<div class=\"modal-container\">\n\t\t\t<div class=\"person-modal__content text\">\n\t\t\t\t\t\t\t\t\t\t<p>Master in Methodology of Behaviour and Health Sciences, University of Madrid, Spain.<br \/>\nMaster in Research in Behavior and Cognition, University of Barcelona, Spain.<br \/>\nB.A., Psychology, Universidad Aut\u00f3noma de Madrid, Spain.<\/p>\n<p><strong>Research areas<\/strong><\/p>\n<p>Primatology, Ethology, Big Data.<\/p>\n<p><strong>Contact:<\/strong><\/p>\n<p>Mail: mbelinchono@udd.cl<br \/>\nPhone: 56 (2) 2327 9701<br \/>\nAddress: 12461 Las Condes Avenue, Las Condes, Santiago de Chile.<\/p>\n\t\t<\/div>\n\t<\/div>\n<\/div>\n"},"identifier":"2d2a9635a5a4ce66d8bfcdb16f8f98442cb524bd","has_credential":[],"given_name":"Montserrat ","family_name":"Belinch\u00f3n Ortiz","name":"Montserrat  Belinch\u00f3n Ortiz","job_title":"CLASS OF 2020 - Master in Methodology of Behaviour and Health Sciences, Universidad Aut\u00f3noma de Madrid, Spain.","telephone":"","note":"","im":"","_self_schedule":null,"_links":{"self":[{"href":"https:\/\/gobierno.udd.cl\/dccs\/wp-json\/wp\/v2\/people\/3375","targetHints":{"allow":["GET"]}}],"collection":[{"href":"https:\/\/gobierno.udd.cl\/dccs\/wp-json\/wp\/v2\/people"}],"about":[{"href":"https:\/\/gobierno.udd.cl\/dccs\/wp-json\/wp\/v2\/types\/person"}],"wp:featuredmedia":[{"embeddable":true,"href":"https:\/\/gobierno.udd.cl\/dccs\/wp-json\/wp\/v2\/media\/3367"}],"wp:attachment":[{"href":"https:\/\/gobierno.udd.cl\/dccs\/wp-json\/wp\/v2\/media?parent=3375"}],"wp:term":[{"taxonomy":"people_tax","embeddable":true,"href":"https:\/\/gobierno.udd.cl\/dccs\/wp-json\/wp\/v2\/people_tax?post=3375"},{"taxonomy":"people_areas","embeddable":true,"href":"https:\/\/gobierno.udd.cl\/dccs\/wp-json\/wp\/v2\/people_areas?post=3375"},{"taxonomy":"people_levels","embeddable":true,"href":"https:\/\/gobierno.udd.cl\/dccs\/wp-json\/wp\/v2\/people_levels?post=3375"}],"curies":[{"name":"wp","href":"https:\/\/api.w.org\/{rel}","templated":true}]}}