{"version":"1.0","provider_name":"Centro de Pol\u00edticas P\u00fablicas","provider_url":"https:\/\/gobierno.udd.cl\/cpp","author_name":"reelchile","author_url":"https:\/\/gobierno.udd.cl\/cpp\/noticias\/author\/reelchile\/","title":"Programa Directo al Grano - Radio Agricultura - Centro de Pol\u00edticas P\u00fablicas","type":"rich","width":600,"height":338,"html":"<blockquote class=\"wp-embedded-content\" data-secret=\"EIb1V5KwoN\"><a href=\"https:\/\/gobierno.udd.cl\/cpp\/noticias\/2019\/07\/31\/programa-directo-al-grano-radio-agricultura-4\/\">Programa Directo al Grano &#8211; Radio Agricultura<\/a><\/blockquote><iframe sandbox=\"allow-scripts\" security=\"restricted\" src=\"https:\/\/gobierno.udd.cl\/cpp\/noticias\/2019\/07\/31\/programa-directo-al-grano-radio-agricultura-4\/embed\/#?secret=EIb1V5KwoN\" width=\"600\" height=\"338\" title=\"\u00abPrograma Directo al Grano &#8211; Radio Agricultura\u00bb \u2014 Centro de Pol\u00edticas P\u00fablicas\" data-secret=\"EIb1V5KwoN\" frameborder=\"0\" marginwidth=\"0\" marginheight=\"0\" scrolling=\"no\" class=\"wp-embedded-content\"><\/iframe><script type=\"text\/javascript\">\n\/* <![CDATA[ *\/\n\/*! This file is auto-generated *\/\n!function(d,l){\"use strict\";l.querySelector&&d.addEventListener&&\"undefined\"!=typeof URL&&(d.wp=d.wp||{},d.wp.receiveEmbedMessage||(d.wp.receiveEmbedMessage=function(e){var t=e.data;if((t||t.secret||t.message||t.value)&&!\/[^a-zA-Z0-9]\/.test(t.secret)){for(var s,r,n,a=l.querySelectorAll('iframe[data-secret=\"'+t.secret+'\"]'),o=l.querySelectorAll('blockquote[data-secret=\"'+t.secret+'\"]'),c=new RegExp(\"^https?:$\",\"i\"),i=0;i<o.length;i++)o[i].style.display=\"none\";for(i=0;i<a.length;i++)s=a[i],e.source===s.contentWindow&&(s.removeAttribute(\"style\"),\"height\"===t.message?(1e3<(r=parseInt(t.value,10))?r=1e3:~~r<200&&(r=200),s.height=r):\"link\"===t.message&&(r=new URL(s.getAttribute(\"src\")),n=new URL(t.value),c.test(n.protocol))&&n.host===r.host&&l.activeElement===s&&(d.top.location.href=t.value))}},d.addEventListener(\"message\",d.wp.receiveEmbedMessage,!1),l.addEventListener(\"DOMContentLoaded\",function(){for(var e,t,s=l.querySelectorAll(\"iframe.wp-embedded-content\"),r=0;r<s.length;r++)(t=(e=s[r]).getAttribute(\"data-secret\"))||(t=Math.random().toString(36).substring(2,12),e.src+=\"#?secret=\"+t,e.setAttribute(\"data-secret\",t)),e.contentWindow.postMessage({message:\"ready\",secret:t},\"*\")},!1)))}(window,document);\n\/\/# sourceURL=https:\/\/gobierno.udd.cl\/cpp\/wp-includes\/js\/wp-embed.min.js\n\/* ]]> *\/\n<\/script>\n","thumbnail_url":"https:\/\/gobierno.udd.cl\/cpp\/files\/2019\/05\/Graficas_PoliticasPublicas-03.jpg","thumbnail_width":809,"thumbnail_height":523,"description":"Habla:\u00a0Rosario Moreno, Periodista y Escritora; Francisco Undurraga, Diputado de Ev\u00f3poli; Gonzalo M\u00fcller, director Centro de Pol\u00edticas P\u00fablicas, Facultad de Gobierno de la Universidad del Desarrollo. El nuevo director del INDH Conversaci\u00f3n sobre el nombramiento del nuevo Director del Instituto Nacional de Derechos Humanos, Sergio Mico, ex Dem\u00f3crata Cristiano y el debate de por qu\u00e9 la [&hellip;]"}