{"version":"1.0","provider_name":"Centro de Pol\u00edticas P\u00fablicas","provider_url":"https:\/\/gobierno.udd.cl\/cpp","author_name":"reelchile","author_url":"https:\/\/gobierno.udd.cl\/cpp\/noticias\/author\/reelchile\/","title":"Reacciones a la cuenta P\u00fablica presidencial - La Red - Centro de Pol\u00edticas P\u00fablicas","type":"rich","width":600,"height":338,"html":"<blockquote class=\"wp-embedded-content\" data-secret=\"hyKMVLLe1B\"><a href=\"https:\/\/gobierno.udd.cl\/cpp\/noticias\/2019\/06\/01\/reacciones-a-la-cuenta-publica-presidencial-la-red\/\">Reacciones a la cuenta P\u00fablica presidencial &#8211; La Red<\/a><\/blockquote><iframe sandbox=\"allow-scripts\" security=\"restricted\" src=\"https:\/\/gobierno.udd.cl\/cpp\/noticias\/2019\/06\/01\/reacciones-a-la-cuenta-publica-presidencial-la-red\/embed\/#?secret=hyKMVLLe1B\" width=\"600\" height=\"338\" title=\"\u00abReacciones a la cuenta P\u00fablica presidencial &#8211; La Red\u00bb \u2014 Centro de Pol\u00edticas P\u00fablicas\" data-secret=\"hyKMVLLe1B\" frameborder=\"0\" marginwidth=\"0\" marginheight=\"0\" scrolling=\"no\" class=\"wp-embedded-content\"><\/iframe><script type=\"text\/javascript\">\n\/* <![CDATA[ *\/\n\/*! This file is auto-generated *\/\n!function(d,l){\"use strict\";l.querySelector&&d.addEventListener&&\"undefined\"!=typeof URL&&(d.wp=d.wp||{},d.wp.receiveEmbedMessage||(d.wp.receiveEmbedMessage=function(e){var t=e.data;if((t||t.secret||t.message||t.value)&&!\/[^a-zA-Z0-9]\/.test(t.secret)){for(var s,r,n,a=l.querySelectorAll('iframe[data-secret=\"'+t.secret+'\"]'),o=l.querySelectorAll('blockquote[data-secret=\"'+t.secret+'\"]'),c=new RegExp(\"^https?:$\",\"i\"),i=0;i<o.length;i++)o[i].style.display=\"none\";for(i=0;i<a.length;i++)s=a[i],e.source===s.contentWindow&&(s.removeAttribute(\"style\"),\"height\"===t.message?(1e3<(r=parseInt(t.value,10))?r=1e3:~~r<200&&(r=200),s.height=r):\"link\"===t.message&&(r=new URL(s.getAttribute(\"src\")),n=new URL(t.value),c.test(n.protocol))&&n.host===r.host&&l.activeElement===s&&(d.top.location.href=t.value))}},d.addEventListener(\"message\",d.wp.receiveEmbedMessage,!1),l.addEventListener(\"DOMContentLoaded\",function(){for(var e,t,s=l.querySelectorAll(\"iframe.wp-embedded-content\"),r=0;r<s.length;r++)(t=(e=s[r]).getAttribute(\"data-secret\"))||(t=Math.random().toString(36).substring(2,12),e.src+=\"#?secret=\"+t,e.setAttribute(\"data-secret\",t)),e.contentWindow.postMessage({message:\"ready\",secret:t},\"*\")},!1)))}(window,document);\n\/\/# sourceURL=https:\/\/gobierno.udd.cl\/cpp\/wp-includes\/js\/wp-embed.min.js\n\/* ]]> *\/\n<\/script>\n","thumbnail_url":"https:\/\/gobierno.udd.cl\/cpp\/files\/2019\/06\/Graficas_PoliticasPublicas-03.jpg","thumbnail_width":809,"thumbnail_height":523,"description":"An\u00e1lisis punto a punto de la cuenta p\u00fablica presidencial. Habla:\u00a0Rodrigo Arellano, Vicedecano de la facultad de Gobierno de la Universidad del Desarrollo; Nicol\u00e1s Freire Cientista Politico, Acad\u00e9mico de la Universidad Central; Sebasti\u00e1n Vergara, Secretario general del PPD; Camila Flores, Diputada RN; Andres Allamand, Senador RN; Marcela Cubillos, Ministra de educaci\u00f3n; Flor Motuda, Diputado; Heraldo Mu\u00f1oz; [&hellip;]"}