{"version":"1.0","provider_name":"Centro de Pol\u00edticas P\u00fablicas","provider_url":"https:\/\/gobierno.udd.cl\/cpp","author_name":"reelchile","author_url":"https:\/\/gobierno.udd.cl\/cpp\/noticias\/author\/reelchile\/","title":"Panel de actualidad pol\u00edtica \"El primer Caf\u00e9\" en radio Cooperativa con Eugenio Guzm\u00e1n - Centro de Pol\u00edticas P\u00fablicas","type":"rich","width":600,"height":338,"html":"<blockquote class=\"wp-embedded-content\" data-secret=\"gGVw4SF6JJ\"><a href=\"https:\/\/gobierno.udd.cl\/cpp\/noticias\/2016\/04\/14\/panel-de-actualidad-politica-en-radio-cooperativa\/\">Panel de actualidad pol\u00edtica \u00abEl primer Caf\u00e9\u00bb en radio Cooperativa con Eugenio Guzm\u00e1n<\/a><\/blockquote><iframe sandbox=\"allow-scripts\" security=\"restricted\" src=\"https:\/\/gobierno.udd.cl\/cpp\/noticias\/2016\/04\/14\/panel-de-actualidad-politica-en-radio-cooperativa\/embed\/#?secret=gGVw4SF6JJ\" width=\"600\" height=\"338\" title=\"\u00abPanel de actualidad pol\u00edtica \u00abEl primer Caf\u00e9\u00bb en radio Cooperativa con Eugenio Guzm\u00e1n\u00bb \u2014 Centro de Pol\u00edticas P\u00fablicas\" data-secret=\"gGVw4SF6JJ\" frameborder=\"0\" marginwidth=\"0\" marginheight=\"0\" scrolling=\"no\" class=\"wp-embedded-content\"><\/iframe><script type=\"text\/javascript\">\n\/* <![CDATA[ *\/\n\/*! This file is auto-generated *\/\n!function(d,l){\"use strict\";l.querySelector&&d.addEventListener&&\"undefined\"!=typeof URL&&(d.wp=d.wp||{},d.wp.receiveEmbedMessage||(d.wp.receiveEmbedMessage=function(e){var t=e.data;if((t||t.secret||t.message||t.value)&&!\/[^a-zA-Z0-9]\/.test(t.secret)){for(var s,r,n,a=l.querySelectorAll('iframe[data-secret=\"'+t.secret+'\"]'),o=l.querySelectorAll('blockquote[data-secret=\"'+t.secret+'\"]'),c=new RegExp(\"^https?:$\",\"i\"),i=0;i<o.length;i++)o[i].style.display=\"none\";for(i=0;i<a.length;i++)s=a[i],e.source===s.contentWindow&&(s.removeAttribute(\"style\"),\"height\"===t.message?(1e3<(r=parseInt(t.value,10))?r=1e3:~~r<200&&(r=200),s.height=r):\"link\"===t.message&&(r=new URL(s.getAttribute(\"src\")),n=new URL(t.value),c.test(n.protocol))&&n.host===r.host&&l.activeElement===s&&(d.top.location.href=t.value))}},d.addEventListener(\"message\",d.wp.receiveEmbedMessage,!1),l.addEventListener(\"DOMContentLoaded\",function(){for(var e,t,s=l.querySelectorAll(\"iframe.wp-embedded-content\"),r=0;r<s.length;r++)(t=(e=s[r]).getAttribute(\"data-secret\"))||(t=Math.random().toString(36).substring(2,12),e.src+=\"#?secret=\"+t,e.setAttribute(\"data-secret\",t)),e.contentWindow.postMessage({message:\"ready\",secret:t},\"*\")},!1)))}(window,document);\n\/\/# sourceURL=https:\/\/gobierno.udd.cl\/cpp\/wp-includes\/js\/wp-embed.min.js\n\/* ]]> *\/\n<\/script>\n","thumbnail_url":"https:\/\/gobierno.udd.cl\/cpp\/files\/2015\/05\/udd_cpp_prensa_340.png","thumbnail_width":704,"thumbnail_height":455,"description":"Panelistas Eugenio Guzm\u00e1n, soci\u00f3logo Facultad de Gobierno Universidad del Desarrollo y consejero de pol\u00edticas p\u00fablicas Libertad y Desarrollo, Juan Andr\u00e9s Lagos, miembro de la comisi\u00f3n pol\u00edtica del Partido Comunista y Gonzalo Duarte, secretario nacional de la Democracia Cristiana. Temas: -Pol\u00e9mica por dineros en para\u00edsos fiscales, tras revelarse 11 millones de documentos en Panam\u00e1. -La informaci\u00f3n [&hellip;]"}