{"version":"1.0","provider_name":"Centro de Pol\u00edticas P\u00fablicas","provider_url":"https:\/\/gobierno.udd.cl\/cpp","author_name":"reelchile","author_url":"https:\/\/gobierno.udd.cl\/cpp\/noticias\/author\/reelchile\/","title":"Video del Desayuno CPP con Jos\u00e9 Ram\u00f3n Montero \u201cFragmentaci\u00f3n pol\u00edtica en Espa\u00f1a: Lecciones para Chile\u201d - Centro de Pol\u00edticas P\u00fablicas","type":"rich","width":600,"height":338,"html":"<blockquote class=\"wp-embedded-content\" data-secret=\"Eun675xsZu\"><a href=\"https:\/\/gobierno.udd.cl\/cpp\/noticias\/2016\/03\/11\/video-del-desayuno-cpp-con-jose-ramon-montero\/\">Video del Desayuno CPP con Jos\u00e9 Ram\u00f3n Montero \u201cFragmentaci\u00f3n pol\u00edtica en Espa\u00f1a: Lecciones para Chile\u201d<\/a><\/blockquote><iframe sandbox=\"allow-scripts\" security=\"restricted\" src=\"https:\/\/gobierno.udd.cl\/cpp\/noticias\/2016\/03\/11\/video-del-desayuno-cpp-con-jose-ramon-montero\/embed\/#?secret=Eun675xsZu\" width=\"600\" height=\"338\" title=\"\u00abVideo del Desayuno CPP con Jos\u00e9 Ram\u00f3n Montero \u201cFragmentaci\u00f3n pol\u00edtica en Espa\u00f1a: Lecciones para Chile\u201d\u00bb \u2014 Centro de Pol\u00edticas P\u00fablicas\" data-secret=\"Eun675xsZu\" frameborder=\"0\" marginwidth=\"0\" marginheight=\"0\" scrolling=\"no\" class=\"wp-embedded-content\"><\/iframe><script type=\"text\/javascript\">\n\/* <![CDATA[ *\/\n\/*! This file is auto-generated *\/\n!function(d,l){\"use strict\";l.querySelector&&d.addEventListener&&\"undefined\"!=typeof URL&&(d.wp=d.wp||{},d.wp.receiveEmbedMessage||(d.wp.receiveEmbedMessage=function(e){var t=e.data;if((t||t.secret||t.message||t.value)&&!\/[^a-zA-Z0-9]\/.test(t.secret)){for(var s,r,n,a=l.querySelectorAll('iframe[data-secret=\"'+t.secret+'\"]'),o=l.querySelectorAll('blockquote[data-secret=\"'+t.secret+'\"]'),c=new RegExp(\"^https?:$\",\"i\"),i=0;i<o.length;i++)o[i].style.display=\"none\";for(i=0;i<a.length;i++)s=a[i],e.source===s.contentWindow&&(s.removeAttribute(\"style\"),\"height\"===t.message?(1e3<(r=parseInt(t.value,10))?r=1e3:~~r<200&&(r=200),s.height=r):\"link\"===t.message&&(r=new URL(s.getAttribute(\"src\")),n=new URL(t.value),c.test(n.protocol))&&n.host===r.host&&l.activeElement===s&&(d.top.location.href=t.value))}},d.addEventListener(\"message\",d.wp.receiveEmbedMessage,!1),l.addEventListener(\"DOMContentLoaded\",function(){for(var e,t,s=l.querySelectorAll(\"iframe.wp-embedded-content\"),r=0;r<s.length;r++)(t=(e=s[r]).getAttribute(\"data-secret\"))||(t=Math.random().toString(36).substring(2,12),e.src+=\"#?secret=\"+t,e.setAttribute(\"data-secret\",t)),e.contentWindow.postMessage({message:\"ready\",secret:t},\"*\")},!1)))}(window,document);\n\/\/# sourceURL=https:\/\/gobierno.udd.cl\/cpp\/wp-includes\/js\/wp-embed.min.js\n\/* ]]> *\/\n<\/script>\n","thumbnail_url":"https:\/\/gobierno.udd.cl\/cpp\/files\/2016\/03\/Montero-desayuno-copy.jpg","thumbnail_width":961,"thumbnail_height":629,"description":"El Centro de Pol\u00edticas P\u00fablicas de la UDD organiz\u00f3 la conferencia \u201cFragmentaci\u00f3n pol\u00edtica en Espa\u00f1a: Lecciones para Chile\u201d dictada por el catedr\u00e1tico Jos\u00e9 Ram\u00f3n Montero, Doctor en Derecho por la Universidad de Santiago de Compostela, catedr\u00e1tico de Ciencia Pol\u00edtica en prestigiosas universidades del mundo tales como: la Universidad Aut\u00f3noma de Madrid (UAM), Harvard University, University [&hellip;]"}